{"id":1645,"date":"2024-03-04T10:36:25","date_gmt":"2024-03-04T09:36:25","guid":{"rendered":"https:\/\/www.tandemparagliding.eu\/?page_id=1645"},"modified":"2024-07-10T15:02:48","modified_gmt":"2024-07-10T13:02:48","slug":"come-funziona","status":"publish","type":"page","link":"https:\/\/www.tandemparagliding.eu\/de\/come-funziona\/","title":{"rendered":"So funktioniert Tandem-Gleitschirmfliegen am Gardasee in Malcesine"},"content":{"rendered":"\t\t<div data-elementor-type=\"wp-page\" data-elementor-id=\"1645\" class=\"elementor elementor-1645\" data-elementor-post-type=\"page\">\n\t\t\t\t<div class=\"elementor-element elementor-element-3a78e10 e-con-full e-flex e-con e-parent\" data-id=\"3a78e10\" data-element_type=\"container\" data-e-type=\"container\" data-settings=\"{&quot;background_background&quot;:&quot;slideshow&quot;,&quot;background_slideshow_gallery&quot;:[{&quot;id&quot;:1953,&quot;url&quot;:&quot;https:\\\/\\\/www.tandemparagliding.eu\\\/wp-content\\\/uploads\\\/2024\\\/03\\\/Fly2Fun-Come-Funziona-cover-1-Parapendio-Biposto-Lago-di-Garda-Monte-Baldo-Malcesine.jpg&quot;},{&quot;id&quot;:1954,&quot;url&quot;:&quot;https:\\\/\\\/www.tandemparagliding.eu\\\/wp-content\\\/uploads\\\/2024\\\/03\\\/Fly2Fun-Come-Funziona-cover-2-Parapendio-Biposto-Lago-di-Garda-Monte-Baldo-Malcesine.jpg.jpg&quot;}],&quot;background_slideshow_lazyload&quot;:&quot;yes&quot;,&quot;background_slideshow_ken_burns&quot;:&quot;yes&quot;,&quot;background_slideshow_ken_burns_zoom_direction&quot;:&quot;out&quot;,&quot;shape_divider_bottom&quot;:&quot;curve-asymmetrical&quot;,&quot;background_slideshow_loop&quot;:&quot;yes&quot;,&quot;background_slideshow_slide_duration&quot;:5000,&quot;background_slideshow_slide_transition&quot;:&quot;fade&quot;,&quot;background_slideshow_transition_duration&quot;:500}\">\n\t\t\t\t<div class=\"elementor-shape elementor-shape-bottom\" aria-hidden=\"true\" data-negative=\"false\">\n\t\t\t<svg xmlns=\"http:\/\/www.w3.org\/2000\/svg\" viewBox=\"0 0 1000 100\" preserveAspectRatio=\"none\">\n\t<path class=\"elementor-shape-fill\" d=\"M0,0c0,0,0,6,0,6.7c0,18,240.2,93.6,615.2,92.6C989.8,98.5,1000,25,1000,6.7c0-0.7,0-6.7,0-6.7H0z\"\/>\n<\/svg>\t\t<\/div>\n\t\t\t\t<\/div>\n\t\t<div class=\"elementor-element elementor-element-49a33e7 e-flex e-con-boxed e-con e-parent\" data-id=\"49a33e7\" data-element_type=\"container\" data-e-type=\"container\">\n\t\t\t\t\t<div class=\"e-con-inner\">\n\t\t<div class=\"elementor-element elementor-element-465e390 e-flex e-con-boxed e-con e-child\" data-id=\"465e390\" data-element_type=\"container\" data-e-type=\"container\">\n\t\t\t\t\t<div class=\"e-con-inner\">\n\t\t\t\t<div class=\"elementor-element elementor-element-27bcfa8 elementor-widget elementor-widget-heading\" data-id=\"27bcfa8\" data-element_type=\"widget\" data-e-type=\"widget\" data-widget_type=\"heading.default\">\n\t\t\t\t<div class=\"elementor-widget-container\">\n\t\t\t\t\t<h2 class=\"elementor-heading-title elementor-size-default\">Il tuo volo in parapendio biposto sul lago di Garda: un\u2019esperienza unica e indimenticabile.<\/h2>\t\t\t\t<\/div>\n\t\t\t\t<\/div>\n\t\t\t\t<div class=\"elementor-element elementor-element-edfdf68 elementor-widget elementor-widget-text-editor\" data-id=\"edfdf68\" data-element_type=\"widget\" data-e-type=\"widget\" data-widget_type=\"text-editor.default\">\n\t\t\t\t<div class=\"elementor-widget-container\">\n\t\t\t\t\t\t\t\t\t<p>Volare in biposto significa proprio volare in due. Accanto a te ci sar\u00e0 un pilota esperto e qualificato.<\/p>\t\t\t\t\t\t\t\t<\/div>\n\t\t\t\t<\/div>\n\t\t\t\t<div class=\"elementor-element elementor-element-e082d93 elementor-widget elementor-widget-text-editor\" data-id=\"e082d93\" data-element_type=\"widget\" data-e-type=\"widget\" data-widget_type=\"text-editor.default\">\n\t\t\t\t<div class=\"elementor-widget-container\">\n\t\t\t\t\t\t\t\t\t<p>Il pilota istruttore, che gestir\u00e0 la fase decollo, indicandoti con precisione cosa fare, sar\u00e0 posizionato alle tue spalle. A te \u00e8 riservato il posto nel comodo imbrago, dove puoi assumere una gradevole posizione seduta, che ti permette di godere di tutto il paesaggio e del volo libero, come fossi un pilota in solitaria.<\/p>\t\t\t\t\t\t\t\t<\/div>\n\t\t\t\t<\/div>\n\t\t\t\t<div class=\"elementor-element elementor-element-0abc453 elementor-widget elementor-widget-text-editor\" data-id=\"0abc453\" data-element_type=\"widget\" data-e-type=\"widget\" data-widget_type=\"text-editor.default\">\n\t\t\t\t<div class=\"elementor-widget-container\">\n\t\t\t\t\t\t\t\t\t<p>Il parapendio biposto \u00e8 un\u2019attivit\u00e0 adatta a tutti. Non sono richieste esperienza pregressa o particolari doti fisiche. Chiunque pu\u00f2 farlo. Anche in caso di disabilit\u00e0, rivolgiti a noi, valuteremo con attenzione e professionalit\u00e0 la fattibilit\u00e0 del singola situazione.<\/p>\t\t\t\t\t\t\t\t<\/div>\n\t\t\t\t<\/div>\n\t\t\t\t\t<\/div>\n\t\t\t\t<\/div>\n\t\t\t\t\t<\/div>\n\t\t\t\t<\/div>\n\t\t<div class=\"elementor-element elementor-element-112c4f3 e-con-full e-flex e-con e-parent\" data-id=\"112c4f3\" data-element_type=\"container\" data-e-type=\"container\">\n\t\t<div class=\"elementor-element elementor-element-c1abb27 e-flex e-con-boxed e-con e-child\" data-id=\"c1abb27\" data-element_type=\"container\" data-e-type=\"container\">\n\t\t\t\t\t<div class=\"e-con-inner\">\n\t\t<div class=\"elementor-element elementor-element-76a0fd9 e-con-full e-flex elementor-invisible e-con e-child\" data-id=\"76a0fd9\" data-element_type=\"container\" data-e-type=\"container\" data-settings=\"{&quot;animation&quot;:&quot;fadeIn&quot;,&quot;animation_delay&quot;:0}\">\n\t\t\t\t<div class=\"elementor-element elementor-element-57eb7fd elementor-widget elementor-widget-image\" data-id=\"57eb7fd\" data-element_type=\"widget\" data-e-type=\"widget\" data-widget_type=\"image.default\">\n\t\t\t\t<div class=\"elementor-widget-container\">\n\t\t\t\t\t\t\t\t\t\t\t\t\t\t\t<img decoding=\"async\" width=\"96\" height=\"96\" src=\"https:\/\/www.tandemparagliding.eu\/wp-content\/uploads\/2024\/03\/Fly2Fun-Come-Funziona-1-metting-Parapendio-Biposto-Lago-di-Garda-Monte-Baldo-Malcesine.png\" class=\"attachment-large size-large wp-image-1968\" alt=\"Fly2Fun Come Funziona 1 - metting - Parapendio Biposto Lago di Garda Monte Baldo Malcesine\" srcset=\"https:\/\/www.tandemparagliding.eu\/wp-content\/uploads\/2024\/03\/Fly2Fun-Come-Funziona-1-metting-Parapendio-Biposto-Lago-di-Garda-Monte-Baldo-Malcesine.png 96w, https:\/\/www.tandemparagliding.eu\/wp-content\/uploads\/2024\/03\/Fly2Fun-Come-Funziona-1-metting-Parapendio-Biposto-Lago-di-Garda-Monte-Baldo-Malcesine-12x12.png 12w\" sizes=\"(max-width: 96px) 100vw, 96px\" \/>\t\t\t\t\t\t\t\t\t\t\t\t\t\t\t<\/div>\n\t\t\t\t<\/div>\n\t\t\t\t<div class=\"elementor-element elementor-element-4516683 elementor-widget elementor-widget-text-editor\" data-id=\"4516683\" data-element_type=\"widget\" data-e-type=\"widget\" data-widget_type=\"text-editor.default\">\n\t\t\t\t<div class=\"elementor-widget-container\">\n\t\t\t\t\t\t\t\t\t<p>Il giorno del tuo volo \u00e8 arrivato. Il punto di incontro \u00e8 presso <strong>Xtreme Caff\u00e8 via Navene Vecchia 10, 37018 Malcesine<\/strong>, vicino alla stazione di valle Funivia Malcesine-Monte Baldo.<\/p>\t\t\t\t\t\t\t\t<\/div>\n\t\t\t\t<\/div>\n\t\t\t\t<div class=\"elementor-element elementor-element-3e178d9 elementor-widget elementor-widget-text-editor\" data-id=\"3e178d9\" data-element_type=\"widget\" data-e-type=\"widget\" data-widget_type=\"text-editor.default\">\n\t\t\t\t<div class=\"elementor-widget-container\">\n\t\t\t\t\t\t\t\t\t<p>Troverai i nostri piloti ad accoglierti e ad accompagnarti nella salita, di circa 20 minuti, con la funivia. Ricorda che il <strong>biglietto di risalita \u00e8 incluso nel prezzo<\/strong> del volo in parapendio biposto.<\/p><p>Raggiunta la cima, il punto di decollo si trova a pochi minuti di cammino.<\/p>\t\t\t\t\t\t\t\t<\/div>\n\t\t\t\t<\/div>\n\t\t\t\t<\/div>\n\t\t<div class=\"elementor-element elementor-element-38bb5e2 e-con-full e-flex elementor-invisible e-con e-child\" data-id=\"38bb5e2\" data-element_type=\"container\" data-e-type=\"container\" data-settings=\"{&quot;animation&quot;:&quot;fadeIn&quot;,&quot;animation_delay&quot;:250}\">\n\t\t\t\t<div class=\"elementor-element elementor-element-3d798d9 elementor-widget elementor-widget-image\" data-id=\"3d798d9\" data-element_type=\"widget\" data-e-type=\"widget\" data-widget_type=\"image.default\">\n\t\t\t\t<div class=\"elementor-widget-container\">\n\t\t\t\t\t\t\t\t\t\t\t\t\t\t\t<img decoding=\"async\" width=\"96\" height=\"96\" src=\"https:\/\/www.tandemparagliding.eu\/wp-content\/uploads\/2024\/03\/Fly2Fun-Come-Funziona-2-briefing-Parapendio-Biposto-Lago-di-Garda-Monte-Baldo-Malcesine.png\" class=\"attachment-large size-large wp-image-1969\" alt=\"Fly2Fun Come Funziona 2 - briefing - Parapendio Biposto Lago di Garda Monte Baldo Malcesine\" srcset=\"https:\/\/www.tandemparagliding.eu\/wp-content\/uploads\/2024\/03\/Fly2Fun-Come-Funziona-2-briefing-Parapendio-Biposto-Lago-di-Garda-Monte-Baldo-Malcesine.png 96w, https:\/\/www.tandemparagliding.eu\/wp-content\/uploads\/2024\/03\/Fly2Fun-Come-Funziona-2-briefing-Parapendio-Biposto-Lago-di-Garda-Monte-Baldo-Malcesine-12x12.png 12w\" sizes=\"(max-width: 96px) 100vw, 96px\" \/>\t\t\t\t\t\t\t\t\t\t\t\t\t\t\t<\/div>\n\t\t\t\t<\/div>\n\t\t\t\t<div class=\"elementor-element elementor-element-e8c573f elementor-widget elementor-widget-text-editor\" data-id=\"e8c573f\" data-element_type=\"widget\" data-e-type=\"widget\" data-widget_type=\"text-editor.default\">\n\t\t\t\t<div class=\"elementor-widget-container\">\n\t\t\t\t\t\t\t\t\t<p>Una volta preparata e verificata tutta l\u2019attrezzatura, con il tuo pilota effettuerai un breve e semplice briefing sulle azioni da compiere per il decollo, il volo e l\u2019atterraggio.<\/p><p>A questo punto non ti resta che fare qualche passo di camminata\/corsa in discesa lungo il pendio \u2013 a cui dovrai contribuire attivamente \u2013 e in un attimo ti ritroverai gi\u00e0 in volo, a godere del suono del vento, seduti come in poltrona, nei nostri imbraghi.<\/p>\t\t\t\t\t\t\t\t<\/div>\n\t\t\t\t<\/div>\n\t\t\t\t<\/div>\n\t\t\t\t\t<\/div>\n\t\t\t\t<\/div>\n\t\t<div class=\"elementor-element elementor-element-bd08b84 e-flex e-con-boxed e-con e-child\" data-id=\"bd08b84\" data-element_type=\"container\" data-e-type=\"container\">\n\t\t\t\t\t<div class=\"e-con-inner\">\n\t\t<div class=\"elementor-element elementor-element-f9b34fc e-con-full e-flex elementor-invisible e-con e-child\" data-id=\"f9b34fc\" data-element_type=\"container\" data-e-type=\"container\" data-settings=\"{&quot;animation&quot;:&quot;fadeIn&quot;,&quot;animation_delay&quot;:500}\">\n\t\t\t\t<div class=\"elementor-element elementor-element-44a608c elementor-widget elementor-widget-image\" data-id=\"44a608c\" data-element_type=\"widget\" data-e-type=\"widget\" data-widget_type=\"image.default\">\n\t\t\t\t<div class=\"elementor-widget-container\">\n\t\t\t\t\t\t\t\t\t\t\t\t\t\t\t<img decoding=\"async\" width=\"96\" height=\"96\" src=\"https:\/\/www.tandemparagliding.eu\/wp-content\/uploads\/2024\/03\/Fly2Fun-Come-Funziona-3-flight-Parapendio-Biposto-Lago-di-Garda-Monte-Baldo-Malcesine.png\" class=\"attachment-large size-large wp-image-1971\" alt=\"Fly2Fun Come Funziona 3 - flight - Parapendio Biposto Lago di Garda Monte Baldo Malcesine\" srcset=\"https:\/\/www.tandemparagliding.eu\/wp-content\/uploads\/2024\/03\/Fly2Fun-Come-Funziona-3-flight-Parapendio-Biposto-Lago-di-Garda-Monte-Baldo-Malcesine.png 96w, https:\/\/www.tandemparagliding.eu\/wp-content\/uploads\/2024\/03\/Fly2Fun-Come-Funziona-3-flight-Parapendio-Biposto-Lago-di-Garda-Monte-Baldo-Malcesine-12x12.png 12w\" sizes=\"(max-width: 96px) 100vw, 96px\" \/>\t\t\t\t\t\t\t\t\t\t\t\t\t\t\t<\/div>\n\t\t\t\t<\/div>\n\t\t\t\t<div class=\"elementor-element elementor-element-db9407f elementor-widget elementor-widget-text-editor\" data-id=\"db9407f\" data-element_type=\"widget\" data-e-type=\"widget\" data-widget_type=\"text-editor.default\">\n\t\t\t\t<div class=\"elementor-widget-container\">\n\t\t\t\t\t\t\t\t\t<p><strong>Volerai costeggiando il Monte Baldo<\/strong>, fino a raggiungere la verticale <strong>sopra le acque del Lago di Garda<\/strong>.<\/p><p>Dopo 20-30 minuti di volo e, se vorrai, qualche evoluzione acrobatica, per regalarti una dose aggiuntiva di adrenalina, ti poserai dolcemente sul nostro campo di atterraggio, con una facilit\u00e0 che lascia sempre sorpresi.<\/p>\t\t\t\t\t\t\t\t<\/div>\n\t\t\t\t<\/div>\n\t\t\t\t<\/div>\n\t\t<div class=\"elementor-element elementor-element-e437574 e-con-full e-flex elementor-invisible e-con e-child\" data-id=\"e437574\" data-element_type=\"container\" data-e-type=\"container\" data-settings=\"{&quot;animation&quot;:&quot;fadeIn&quot;,&quot;animation_delay&quot;:750}\">\n\t\t\t\t<div class=\"elementor-element elementor-element-09ebed4 elementor-widget elementor-widget-image\" data-id=\"09ebed4\" data-element_type=\"widget\" data-e-type=\"widget\" data-widget_type=\"image.default\">\n\t\t\t\t<div class=\"elementor-widget-container\">\n\t\t\t\t\t\t\t\t\t\t\t\t\t\t\t<img loading=\"lazy\" decoding=\"async\" width=\"96\" height=\"96\" src=\"https:\/\/www.tandemparagliding.eu\/wp-content\/uploads\/2024\/03\/Fly2Fun-Come-Funziona-4-end-Parapendio-Biposto-Lago-di-Garda-Monte-Baldo-Malcesine.png\" class=\"attachment-large size-large wp-image-1972\" alt=\"Fly2Fun Come Funziona 4 - end - Parapendio Biposto Lago di Garda Monte Baldo Malcesine\" srcset=\"https:\/\/www.tandemparagliding.eu\/wp-content\/uploads\/2024\/03\/Fly2Fun-Come-Funziona-4-end-Parapendio-Biposto-Lago-di-Garda-Monte-Baldo-Malcesine.png 96w, https:\/\/www.tandemparagliding.eu\/wp-content\/uploads\/2024\/03\/Fly2Fun-Come-Funziona-4-end-Parapendio-Biposto-Lago-di-Garda-Monte-Baldo-Malcesine-12x12.png 12w\" sizes=\"(max-width: 96px) 100vw, 96px\" \/>\t\t\t\t\t\t\t\t\t\t\t\t\t\t\t<\/div>\n\t\t\t\t<\/div>\n\t\t\t\t<div class=\"elementor-element elementor-element-fd99e6e elementor-widget elementor-widget-text-editor\" data-id=\"fd99e6e\" data-element_type=\"widget\" data-e-type=\"widget\" data-widget_type=\"text-editor.default\">\n\t\t\t\t<div class=\"elementor-widget-container\">\n\t\t\t\t\t\t\t\t\t<p>Al termine del volo <strong>riceverai i video e le foto dell\u2019attivit\u00e0, anche questi inclusi nel prezzo<\/strong>. Potrai, quindi, tornare alla funivia <strong>con una passeggiata lungo il lago<\/strong> di circa 20 minuti o prendendo il <strong>Tourist Bus<\/strong>, un servizio di collegamento pubblico all\u2019interno del comune di Malcesine.<\/p>\t\t\t\t\t\t\t\t<\/div>\n\t\t\t\t<\/div>\n\t\t\t\t<div class=\"elementor-element elementor-element-de439b9 elementor-align-center elementor-widget elementor-widget-button\" data-id=\"de439b9\" data-element_type=\"widget\" data-e-type=\"widget\" data-widget_type=\"button.default\">\n\t\t\t\t<div class=\"elementor-widget-container\">\n\t\t\t\t\t\t\t\t\t<div class=\"elementor-button-wrapper\">\n\t\t\t\t\t<a class=\"elementor-button elementor-button-link elementor-size-xl elementor-animation-grow\" href=\"https:\/\/www.visitmalcesine.com\/it\/muoversi-malcesine-tourist-bus-orario-fermate\/75\" target=\"_blank\">\n\t\t\t\t\t\t<span class=\"elementor-button-content-wrapper\">\n\t\t\t\t\t\t<span class=\"elementor-button-icon\">\n\t\t\t\t<svg aria-hidden=\"true\" class=\"e-font-icon-svg e-fas-bus\" viewBox=\"0 0 512 512\" xmlns=\"http:\/\/www.w3.org\/2000\/svg\"><path d=\"M488 128h-8V80c0-44.8-99.2-80-224-80S32 35.2 32 80v48h-8c-13.25 0-24 10.74-24 24v80c0 13.25 10.75 24 24 24h8v160c0 17.67 14.33 32 32 32v32c0 17.67 14.33 32 32 32h32c17.67 0 32-14.33 32-32v-32h192v32c0 17.67 14.33 32 32 32h32c17.67 0 32-14.33 32-32v-32h6.4c16 0 25.6-12.8 25.6-25.6V256h8c13.25 0 24-10.75 24-24v-80c0-13.26-10.75-24-24-24zM112 400c-17.67 0-32-14.33-32-32s14.33-32 32-32 32 14.33 32 32-14.33 32-32 32zm16-112c-17.67 0-32-14.33-32-32V128c0-17.67 14.33-32 32-32h256c17.67 0 32 14.33 32 32v128c0 17.67-14.33 32-32 32H128zm272 112c-17.67 0-32-14.33-32-32s14.33-32 32-32 32 14.33 32 32-14.33 32-32 32z\"><\/path><\/svg>\t\t\t<\/span>\n\t\t\t\t\t\t\t\t\t<span class=\"elementor-button-text\">Tourist Bus<\/span>\n\t\t\t\t\t<\/span>\n\t\t\t\t\t<\/a>\n\t\t\t\t<\/div>\n\t\t\t\t\t\t\t\t<\/div>\n\t\t\t\t<\/div>\n\t\t\t\t<\/div>\n\t\t\t\t\t<\/div>\n\t\t\t\t<\/div>\n\t\t\t\t<\/div>\n\t\t<div class=\"elementor-element elementor-element-6846a6a e-con-full e-flex e-con e-parent\" data-id=\"6846a6a\" data-element_type=\"container\" data-e-type=\"container\" data-settings=\"{&quot;background_background&quot;:&quot;classic&quot;,&quot;shape_divider_top&quot;:&quot;opacity-fan&quot;,&quot;shape_divider_bottom&quot;:&quot;opacity-fan&quot;}\">\n\t\t\t\t<div class=\"elementor-shape elementor-shape-top\" aria-hidden=\"true\" data-negative=\"false\">\n\t\t\t<svg xmlns=\"http:\/\/www.w3.org\/2000\/svg\" viewBox=\"0 0 283.5 19.6\" preserveAspectRatio=\"none\">\n\t<path class=\"elementor-shape-fill\" style=\"opacity:0.33\" d=\"M0 0L0 18.8 141.8 4.1 283.5 18.8 283.5 0z\"\/>\n\t<path class=\"elementor-shape-fill\" style=\"opacity:0.33\" d=\"M0 0L0 12.6 141.8 4 283.5 12.6 283.5 0z\"\/>\n\t<path class=\"elementor-shape-fill\" style=\"opacity:0.33\" d=\"M0 0L0 6.4 141.8 4 283.5 6.4 283.5 0z\"\/>\n\t<path class=\"elementor-shape-fill\" d=\"M0 0L0 1.2 141.8 4 283.5 1.2 283.5 0z\"\/>\n<\/svg>\t\t<\/div>\n\t\t\t\t<div class=\"elementor-shape elementor-shape-bottom\" aria-hidden=\"true\" data-negative=\"false\">\n\t\t\t<svg xmlns=\"http:\/\/www.w3.org\/2000\/svg\" viewBox=\"0 0 283.5 19.6\" preserveAspectRatio=\"none\">\n\t<path class=\"elementor-shape-fill\" style=\"opacity:0.33\" d=\"M0 0L0 18.8 141.8 4.1 283.5 18.8 283.5 0z\"\/>\n\t<path class=\"elementor-shape-fill\" style=\"opacity:0.33\" d=\"M0 0L0 12.6 141.8 4 283.5 12.6 283.5 0z\"\/>\n\t<path class=\"elementor-shape-fill\" style=\"opacity:0.33\" d=\"M0 0L0 6.4 141.8 4 283.5 6.4 283.5 0z\"\/>\n\t<path class=\"elementor-shape-fill\" d=\"M0 0L0 1.2 141.8 4 283.5 1.2 283.5 0z\"\/>\n<\/svg>\t\t<\/div>\n\t\t<div class=\"elementor-element elementor-element-fad5957 e-flex e-con-boxed e-con e-child\" data-id=\"fad5957\" data-element_type=\"container\" data-e-type=\"container\">\n\t\t\t\t\t<div class=\"e-con-inner\">\n\t\t\t\t<div class=\"elementor-element elementor-element-e91d98a elementor-widget elementor-widget-text-editor\" data-id=\"e91d98a\" data-element_type=\"widget\" data-e-type=\"widget\" data-widget_type=\"text-editor.default\">\n\t\t\t\t<div class=\"elementor-widget-container\">\n\t\t\t\t\t\t\t\t\t<p>Raccomandiamo di <span style=\"text-decoration: underline;\">partire con largo anticipo<\/span> nei mesi di <span style=\"text-decoration: underline;\">giugno, luglio, agosto e settembre<\/span> per il molto traffico che si sviluppa per la stagione estiva e nei weekend.<\/p>\t\t\t\t\t\t\t\t<\/div>\n\t\t\t\t<\/div>\n\t\t\t\t<div class=\"elementor-element elementor-element-889d064 elementor-widget elementor-widget-image\" data-id=\"889d064\" data-element_type=\"widget\" data-e-type=\"widget\" data-widget_type=\"image.default\">\n\t\t\t\t<div class=\"elementor-widget-container\">\n\t\t\t\t\t\t\t\t\t\t\t\t<figure class=\"wp-caption\">\n\t\t\t\t\t\t\t\t\t\t\t<a href=\"https:\/\/www.tandemparagliding.eu\/wp-content\/uploads\/2024\/03\/Fly2Fun-Come-Funziona-5-map-Parapendio-Biposto-Lago-di-Garda-Monte-Baldo-Malcesine.jpg\" data-elementor-open-lightbox=\"yes\" data-elementor-lightbox-title=\"Fly2Fun Meeting Point - Parapendio Biposto Lago di Garda Monte Baldo Malcesine\" data-e-action-hash=\"#elementor-action%3Aaction%3Dlightbox%26settings%3DeyJpZCI6MjAxNSwidXJsIjoiaHR0cHM6XC9cL3d3dy50YW5kZW1wYXJhZ2xpZGluZy5ldVwvd3AtY29udGVudFwvdXBsb2Fkc1wvMjAyNFwvMDNcL0ZseTJGdW4tQ29tZS1GdW56aW9uYS01LW1hcC1QYXJhcGVuZGlvLUJpcG9zdG8tTGFnby1kaS1HYXJkYS1Nb250ZS1CYWxkby1NYWxjZXNpbmUuanBnIn0%3D\">\n\t\t\t\t\t\t\t<img loading=\"lazy\" decoding=\"async\" width=\"768\" height=\"309\" src=\"https:\/\/www.tandemparagliding.eu\/wp-content\/uploads\/2024\/03\/Fly2Fun-Come-Funziona-5-map-Parapendio-Biposto-Lago-di-Garda-Monte-Baldo-Malcesine-768x309.jpg\" class=\"attachment-medium_large size-medium_large wp-image-2015\" alt=\"Fly2Fun Meeting Point - Parapendio Biposto Lago di Garda Monte Baldo Malcesine\" srcset=\"https:\/\/www.tandemparagliding.eu\/wp-content\/uploads\/2024\/03\/Fly2Fun-Come-Funziona-5-map-Parapendio-Biposto-Lago-di-Garda-Monte-Baldo-Malcesine-768x309.jpg 768w, https:\/\/www.tandemparagliding.eu\/wp-content\/uploads\/2024\/03\/Fly2Fun-Come-Funziona-5-map-Parapendio-Biposto-Lago-di-Garda-Monte-Baldo-Malcesine-600x241.jpg 600w, https:\/\/www.tandemparagliding.eu\/wp-content\/uploads\/2024\/03\/Fly2Fun-Come-Funziona-5-map-Parapendio-Biposto-Lago-di-Garda-Monte-Baldo-Malcesine-300x121.jpg 300w, https:\/\/www.tandemparagliding.eu\/wp-content\/uploads\/2024\/03\/Fly2Fun-Come-Funziona-5-map-Parapendio-Biposto-Lago-di-Garda-Monte-Baldo-Malcesine-1024x412.jpg 1024w, https:\/\/www.tandemparagliding.eu\/wp-content\/uploads\/2024\/03\/Fly2Fun-Come-Funziona-5-map-Parapendio-Biposto-Lago-di-Garda-Monte-Baldo-Malcesine-18x7.jpg 18w, https:\/\/www.tandemparagliding.eu\/wp-content\/uploads\/2024\/03\/Fly2Fun-Come-Funziona-5-map-Parapendio-Biposto-Lago-di-Garda-Monte-Baldo-Malcesine.jpg 1243w\" sizes=\"(max-width: 768px) 100vw, 768px\" \/>\t\t\t\t\t\t\t\t<\/a>\n\t\t\t\t\t\t\t\t\t\t\t<figcaption class=\"widget-image-caption wp-caption-text\">Meeting Point<\/figcaption>\n\t\t\t\t\t\t\t\t\t\t<\/figure>\n\t\t\t\t\t\t\t\t\t<\/div>\n\t\t\t\t<\/div>\n\t\t\t\t\t<\/div>\n\t\t\t\t<\/div>\n\t\t\t\t<\/div>\n\t\t<div class=\"elementor-element elementor-element-4076654 e-con-full e-flex e-con e-parent\" data-id=\"4076654\" data-element_type=\"container\" data-e-type=\"container\">\n\t\t<div class=\"elementor-element elementor-element-2141b6b e-flex e-con-boxed e-con e-child\" data-id=\"2141b6b\" data-element_type=\"container\" data-e-type=\"container\">\n\t\t\t\t\t<div class=\"e-con-inner\">\n\t\t\t\t<div class=\"elementor-element elementor-element-0f1e877 elementor-widget elementor-widget-heading\" data-id=\"0f1e877\" data-element_type=\"widget\" data-e-type=\"widget\" data-widget_type=\"heading.default\">\n\t\t\t\t<div class=\"elementor-widget-container\">\n\t\t\t\t\t<h2 class=\"elementor-heading-title elementor-size-default\">Il tuo volo in parapendio biposto sul lago di Garda: un\u2019esperienza unica e indimenticabile.<\/h2>\t\t\t\t<\/div>\n\t\t\t\t<\/div>\n\t\t\t\t<div class=\"elementor-element elementor-element-8004ea3 elementor-widget elementor-widget-text-editor\" data-id=\"8004ea3\" data-element_type=\"widget\" data-e-type=\"widget\" data-widget_type=\"text-editor.default\">\n\t\t\t\t<div class=\"elementor-widget-container\">\n\t\t\t\t\t\t\t\t\t<p>Vivi un\u2019avventura sorvolando il lago di Garda.<\/p><p>Circondato dalle cime delle Dolomiti, il lago di Garda sotto i tuoi piedi, con 1800 metri di dislivello. Una delle viste pi\u00f9 belle d\u2019Italia si aprir\u00e0 al tuo sguardo, da una nuova prospettiva.<\/p><p>Volando dal versante veneto del <strong>Monte Baldo, verso Malcesine<\/strong>, potrai godere di un vasto panorama offerto dai territori di Veneto, Lombardia e Trentino.<\/p><p>Una lunga emozione, che assaporerai <strong>dai 20 ai 40 minuti<\/strong>, ma che, anche una volta finita, rester\u00e0 per sempre nei tuoi ricordi.<\/p>\t\t\t\t\t\t\t\t<\/div>\n\t\t\t\t<\/div>\n\t\t\t\t\t<\/div>\n\t\t\t\t<\/div>\n\t\t<div class=\"elementor-element elementor-element-128560f e-flex e-con-boxed e-con e-child\" data-id=\"128560f\" data-element_type=\"container\" data-e-type=\"container\">\n\t\t\t\t\t<div class=\"e-con-inner\">\n\t\t\t\t<div class=\"elementor-element elementor-element-af4985e elementor-widget-divider--view-line_icon elementor-view-default elementor-widget-divider--element-align-center elementor-widget elementor-widget-divider\" data-id=\"af4985e\" data-element_type=\"widget\" data-e-type=\"widget\" data-widget_type=\"divider.default\">\n\t\t\t\t<div class=\"elementor-widget-container\">\n\t\t\t\t\t\t\t<div class=\"elementor-divider\">\n\t\t\t<span class=\"elementor-divider-separator\">\n\t\t\t\t\t\t\t<div class=\"elementor-icon elementor-divider__element\">\n\t\t\t\t\t<svg aria-hidden=\"true\" class=\"e-font-icon-svg e-fas-star\" viewBox=\"0 0 576 512\" xmlns=\"http:\/\/www.w3.org\/2000\/svg\"><path d=\"M259.3 17.8L194 150.2 47.9 171.5c-26.2 3.8-36.7 36.1-17.7 54.6l105.7 103-25 145.5c-4.5 26.3 23.2 46 46.4 33.7L288 439.6l130.7 68.7c23.2 12.2 50.9-7.4 46.4-33.7l-25-145.5 105.7-103c19-18.5 8.5-50.8-17.7-54.6L382 150.2 316.7 17.8c-11.7-23.6-45.6-23.9-57.4 0z\"><\/path><\/svg><\/div>\n\t\t\t\t\t\t<\/span>\n\t\t<\/div>\n\t\t\t\t\t\t<\/div>\n\t\t\t\t<\/div>\n\t\t\t\t<div class=\"elementor-element elementor-element-04195ac elementor-widget elementor-widget-heading\" data-id=\"04195ac\" data-element_type=\"widget\" data-e-type=\"widget\" data-widget_type=\"heading.default\">\n\t\t\t\t<div class=\"elementor-widget-container\">\n\t\t\t\t\t<h2 class=\"elementor-heading-title elementor-size-default\">Non vuoi volare da solo?<\/h2>\t\t\t\t<\/div>\n\t\t\t\t<\/div>\n\t\t\t\t<div class=\"elementor-element elementor-element-2a7dfcd elementor-widget elementor-widget-text-editor\" data-id=\"2a7dfcd\" data-element_type=\"widget\" data-e-type=\"widget\" data-widget_type=\"text-editor.default\">\n\t\t\t\t<div class=\"elementor-widget-container\">\n\t\t\t\t\t\t\t\t\t<p>Se vuoi condividere l\u2019esperienza con amici, familiari o con il partner, organizziamo voli di gruppi sia per privati che per aziende. Vi faremo volare nello stesso momento, per sperimentare le emozioni del volo e costruire uno dei ricordi pi\u00f9 incredibili e intensi della vostra vita.<\/p>\t\t\t\t\t\t\t\t<\/div>\n\t\t\t\t<\/div>\n\t\t\t\t\t<\/div>\n\t\t\t\t<\/div>\n\t\t<div class=\"elementor-element elementor-element-3c05400 e-flex e-con-boxed e-con e-child\" data-id=\"3c05400\" data-element_type=\"container\" data-e-type=\"container\">\n\t\t\t\t\t<div class=\"e-con-inner\">\n\t\t\t\t<div class=\"elementor-element elementor-element-fc780b1 elementor-widget elementor-widget-shortcode\" data-id=\"fc780b1\" data-element_type=\"widget\" data-e-type=\"widget\" data-widget_type=\"shortcode.default\">\n\t\t\t\t<div class=\"elementor-widget-container\">\n\t\t\t\t\t\t\t<div class=\"elementor-shortcode\">[wpr-template id=\"2229\"]<\/div>\n\t\t\t\t\t\t<\/div>\n\t\t\t\t<\/div>\n\t\t\t\t\t<\/div>\n\t\t\t\t<\/div>\n\t\t\t\t<\/div>\n\t\t<div class=\"elementor-element elementor-element-94db531 e-con-full e-flex e-con e-parent\" data-id=\"94db531\" data-element_type=\"container\" data-e-type=\"container\" data-settings=\"{&quot;background_background&quot;:&quot;classic&quot;}\">\n\t\t<div class=\"elementor-element elementor-element-4d6f100 e-flex e-con-boxed e-con e-child\" data-id=\"4d6f100\" data-element_type=\"container\" data-e-type=\"container\">\n\t\t\t\t\t<div class=\"e-con-inner\">\n\t\t<div class=\"elementor-element elementor-element-5627284 e-flex e-con-boxed e-con e-child\" data-id=\"5627284\" data-element_type=\"container\" data-e-type=\"container\">\n\t\t\t\t\t<div class=\"e-con-inner\">\n\t\t\t\t<div class=\"elementor-element elementor-element-80bc961 elementor-widget elementor-widget-template\" data-id=\"80bc961\" data-element_type=\"widget\" data-e-type=\"widget\" data-widget_type=\"template.default\">\n\t\t\t\t<div class=\"elementor-widget-container\">\n\t\t\t\t\t\t\t<div class=\"elementor-template\">\n\t\t\t\t\t<div data-elementor-type=\"container\" data-elementor-id=\"2919\" class=\"elementor elementor-2919\" data-elementor-post-type=\"elementor_library\">\n\t\t\t\t<div class=\"elementor-element elementor-element-6a2f97a2 e-flex e-con-boxed e-con e-child\" data-id=\"6a2f97a2\" data-element_type=\"container\" data-e-type=\"container\">\n\t\t\t\t\t<div class=\"e-con-inner\">\n\t\t\t\t<div class=\"elementor-element elementor-element-3c793523 elementor-widget elementor-widget-heading\" data-id=\"3c793523\" data-element_type=\"widget\" data-e-type=\"widget\" data-widget_type=\"heading.default\">\n\t\t\t\t<div class=\"elementor-widget-container\">\n\t\t\t\t\t<h2 class=\"elementor-heading-title elementor-size-default\">F.A.Q.<\/h2>\t\t\t\t<\/div>\n\t\t\t\t<\/div>\n\t\t\t\t<div class=\"elementor-element elementor-element-65fa43af elementor-widget elementor-widget-text-editor\" data-id=\"65fa43af\" data-element_type=\"widget\" data-e-type=\"widget\" data-widget_type=\"text-editor.default\">\n\t\t\t\t<div class=\"elementor-widget-container\">\n\t\t\t\t\t\t\t\t\t<p><strong>Domande frequenti<\/strong><\/p>\t\t\t\t\t\t\t\t<\/div>\n\t\t\t\t<\/div>\n\t\t\t\t<div class=\"elementor-element elementor-element-24049b3f elementor-widget elementor-widget-eael-adv-accordion\" data-id=\"24049b3f\" data-element_type=\"widget\" data-e-type=\"widget\" data-widget_type=\"eael-adv-accordion.default\">\n\t\t\t\t<div class=\"elementor-widget-container\">\n\t\t\t\t\t            <div class=\"eael-adv-accordion\" id=\"eael-adv-accordion-24049b3f\" data-scroll-on-click=\"no\" data-scroll-speed=\"300\" data-accordion-id=\"24049b3f\" data-accordion-type=\"accordion\" data-toogle-speed=\"300\">\n            <div class=\"eael-accordion-list\">\n\t\t\t\t\t<div id=\"quanto-costa-un-volo-e-quali-servizi-sono-compresi\" class=\"elementor-tab-title eael-accordion-header active-default\" tabindex=\"0\" data-tab=\"1\" aria-controls=\"elementor-tab-content-6041\"><span class=\"eael-advanced-accordion-icon-closed\"><svg aria-hidden=\"true\" class=\"fa-accordion-icon e-font-icon-svg e-fas-plus\" viewBox=\"0 0 448 512\" xmlns=\"http:\/\/www.w3.org\/2000\/svg\"><path d=\"M416 208H272V64c0-17.67-14.33-32-32-32h-32c-17.67 0-32 14.33-32 32v144H32c-17.67 0-32 14.33-32 32v32c0 17.67 14.33 32 32 32h144v144c0 17.67 14.33 32 32 32h32c17.67 0 32-14.33 32-32V304h144c17.67 0 32-14.33 32-32v-32c0-17.67-14.33-32-32-32z\"><\/path><\/svg><\/span><span class=\"eael-advanced-accordion-icon-opened\"><svg aria-hidden=\"true\" class=\"fa-accordion-icon e-font-icon-svg e-fas-minus\" viewBox=\"0 0 448 512\" xmlns=\"http:\/\/www.w3.org\/2000\/svg\"><path d=\"M416 208H32c-17.67 0-32 14.33-32 32v32c0 17.67 14.33 32 32 32h384c17.67 0 32-14.33 32-32v-32c0-17.67-14.33-32-32-32z\"><\/path><\/svg><\/span><span class=\"eael-accordion-tab-title\">QUANTO COSTA UN VOLO E QUALI SERVIZI SONO COMPRESI?<\/span><\/div><div id=\"elementor-tab-content-6041\" class=\"eael-accordion-content clearfix active-default\" data-tab=\"1\" aria-labelledby=\"quanto-costa-un-volo-e-quali-servizi-sono-compresi\"><p>Il costo di un volo in parapendio biposto \u00e8 di 210\u20ac (+8\u20ac di commissioni PayPal) e la nostra politica \u00e8 zero sorprese. Il prezzo include tutto il necessario per lo svolgimento dell\u2019attivit\u00e0 e cio\u00e8 il biglietto di risalita in funivia, l\u2019assicurazione e l\u2019utilizzo dell\u2019attrezzatura tecnica quale casco, imbragatura, guanti e giacca se necessari, il video del volo.<\/p><\/div>\n\t\t\t\t\t<\/div><div class=\"eael-accordion-list\">\n\t\t\t\t\t<div id=\"quanto-dura-un-volo\" class=\"elementor-tab-title eael-accordion-header\" tabindex=\"0\" data-tab=\"2\" aria-controls=\"elementor-tab-content-6042\"><span class=\"eael-advanced-accordion-icon-closed\"><svg aria-hidden=\"true\" class=\"fa-accordion-icon e-font-icon-svg e-fas-plus\" viewBox=\"0 0 448 512\" xmlns=\"http:\/\/www.w3.org\/2000\/svg\"><path d=\"M416 208H272V64c0-17.67-14.33-32-32-32h-32c-17.67 0-32 14.33-32 32v144H32c-17.67 0-32 14.33-32 32v32c0 17.67 14.33 32 32 32h144v144c0 17.67 14.33 32 32 32h32c17.67 0 32-14.33 32-32V304h144c17.67 0 32-14.33 32-32v-32c0-17.67-14.33-32-32-32z\"><\/path><\/svg><\/span><span class=\"eael-advanced-accordion-icon-opened\"><svg aria-hidden=\"true\" class=\"fa-accordion-icon e-font-icon-svg e-fas-minus\" viewBox=\"0 0 448 512\" xmlns=\"http:\/\/www.w3.org\/2000\/svg\"><path d=\"M416 208H32c-17.67 0-32 14.33-32 32v32c0 17.67 14.33 32 32 32h384c17.67 0 32-14.33 32-32v-32c0-17.67-14.33-32-32-32z\"><\/path><\/svg><\/span><span class=\"eael-accordion-tab-title\">QUANTO DURA UN VOLO?<\/span><\/div><div id=\"elementor-tab-content-6042\" class=\"eael-accordion-content clearfix\" data-tab=\"2\" aria-labelledby=\"quanto-dura-un-volo\"><p>Grazie al dislivello di 1700 m \u2013 uno dei pi\u00f9 alti d\u2019Europa \u2013 possiamo garantire una durata minima di circa 20 minuti. Se le condizioni di vento e insolazione lo permettono, cerchiamo sempre di sfruttare le correnti ascensionali per prolungare il volo biposto il pi\u00f9 possibile, anche fino a 35-40 minuti. La durata pi\u00f9 comune \u00e8 di 25-30 minuti.<\/p><\/div>\n\t\t\t\t\t<\/div><div class=\"eael-accordion-list\">\n\t\t\t\t\t<div id=\"soffro-di-vertigini-un-problema\" class=\"elementor-tab-title eael-accordion-header\" tabindex=\"0\" data-tab=\"3\" aria-controls=\"elementor-tab-content-6043\"><span class=\"eael-advanced-accordion-icon-closed\"><svg aria-hidden=\"true\" class=\"fa-accordion-icon e-font-icon-svg e-fas-plus\" viewBox=\"0 0 448 512\" xmlns=\"http:\/\/www.w3.org\/2000\/svg\"><path d=\"M416 208H272V64c0-17.67-14.33-32-32-32h-32c-17.67 0-32 14.33-32 32v144H32c-17.67 0-32 14.33-32 32v32c0 17.67 14.33 32 32 32h144v144c0 17.67 14.33 32 32 32h32c17.67 0 32-14.33 32-32V304h144c17.67 0 32-14.33 32-32v-32c0-17.67-14.33-32-32-32z\"><\/path><\/svg><\/span><span class=\"eael-advanced-accordion-icon-opened\"><svg aria-hidden=\"true\" class=\"fa-accordion-icon e-font-icon-svg e-fas-minus\" viewBox=\"0 0 448 512\" xmlns=\"http:\/\/www.w3.org\/2000\/svg\"><path d=\"M416 208H32c-17.67 0-32 14.33-32 32v32c0 17.67 14.33 32 32 32h384c17.67 0 32-14.33 32-32v-32c0-17.67-14.33-32-32-32z\"><\/path><\/svg><\/span><span class=\"eael-accordion-tab-title\">SOFFRO DI VERTIGINI. \u00c8 UN PROBLEMA?<\/span><\/div><div id=\"elementor-tab-content-6043\" class=\"eael-accordion-content clearfix\" data-tab=\"3\" aria-labelledby=\"soffro-di-vertigini-un-problema\"><p>In volo non \u00e8 possibile soffrire di vertigini. La posizione durante un volo in parapendio biposto, infatti, \u00e8 seduta e leggermente reclinata all\u2019indietro. Ci\u00f2 la rende molto comoda e stabile. La vertigine origina da una combinazione di messaggi contrastanti tra il senso della vista e quello dell\u2019equilibrio, situato nell\u2019orecchio. Tale errore di segnali non pu\u00f2 avvenire durante il volo biposto, poich\u00e9 la posizione seduta \u00e8 molto stabile e, inoltre, si tende a guardare in avanti piuttosto che verso il basso.<\/p><\/div>\n\t\t\t\t\t<\/div><div class=\"eael-accordion-list\">\n\t\t\t\t\t<div id=\"quale-abbigliamento-necessario\" class=\"elementor-tab-title eael-accordion-header\" tabindex=\"0\" data-tab=\"4\" aria-controls=\"elementor-tab-content-6044\"><span class=\"eael-advanced-accordion-icon-closed\"><svg aria-hidden=\"true\" class=\"fa-accordion-icon e-font-icon-svg e-fas-plus\" viewBox=\"0 0 448 512\" xmlns=\"http:\/\/www.w3.org\/2000\/svg\"><path d=\"M416 208H272V64c0-17.67-14.33-32-32-32h-32c-17.67 0-32 14.33-32 32v144H32c-17.67 0-32 14.33-32 32v32c0 17.67 14.33 32 32 32h144v144c0 17.67 14.33 32 32 32h32c17.67 0 32-14.33 32-32V304h144c17.67 0 32-14.33 32-32v-32c0-17.67-14.33-32-32-32z\"><\/path><\/svg><\/span><span class=\"eael-advanced-accordion-icon-opened\"><svg aria-hidden=\"true\" class=\"fa-accordion-icon e-font-icon-svg e-fas-minus\" viewBox=\"0 0 448 512\" xmlns=\"http:\/\/www.w3.org\/2000\/svg\"><path d=\"M416 208H32c-17.67 0-32 14.33-32 32v32c0 17.67 14.33 32 32 32h384c17.67 0 32-14.33 32-32v-32c0-17.67-14.33-32-32-32z\"><\/path><\/svg><\/span><span class=\"eael-accordion-tab-title\">QUALE ABBIGLIAMENTO \u00c8 NECESSARIO?<\/span><\/div><div id=\"elementor-tab-content-6044\" class=\"eael-accordion-content clearfix\" data-tab=\"4\" aria-labelledby=\"quale-abbigliamento-necessario\"><p>Per effettuare un volo biposto in parapendio \u00e8 richiesto un abbigliamento comodo e sportivo, con scarpe da ginnastica o scarponcini da montagna. Non \u00e8 consentito l\u2019uso di sandali o infradito. Tieni presente che il decollo avviene a circa 1750 metri di quota, dove pu\u00f2 essere significativamente pi\u00f9 freddo rispetto a Malcesine, anche nei mesi estivi. Consigliamo, quindi, di utilizzare un abbigliamento un po\u2019 pi\u00f9 caldo del normale. Non \u00e8 possibile portare in volo oggetti ingombranti quali zaini da trekking o grosse borse, ma \u00e8 consentito stivare in apposite tasche una piccola borsa, marsupio o zainetto morbido. Purtroppo, non disponiamo di un deposito bagagli.<\/p><\/div>\n\t\t\t\t\t<\/div><div class=\"eael-accordion-list\">\n\t\t\t\t\t<div id=\"cosa-succede-in-caso-di-maltempo\" class=\"elementor-tab-title eael-accordion-header\" tabindex=\"0\" data-tab=\"5\" aria-controls=\"elementor-tab-content-6045\"><span class=\"eael-advanced-accordion-icon-closed\"><svg aria-hidden=\"true\" class=\"fa-accordion-icon e-font-icon-svg e-fas-plus\" viewBox=\"0 0 448 512\" xmlns=\"http:\/\/www.w3.org\/2000\/svg\"><path d=\"M416 208H272V64c0-17.67-14.33-32-32-32h-32c-17.67 0-32 14.33-32 32v144H32c-17.67 0-32 14.33-32 32v32c0 17.67 14.33 32 32 32h144v144c0 17.67 14.33 32 32 32h32c17.67 0 32-14.33 32-32V304h144c17.67 0 32-14.33 32-32v-32c0-17.67-14.33-32-32-32z\"><\/path><\/svg><\/span><span class=\"eael-advanced-accordion-icon-opened\"><svg aria-hidden=\"true\" class=\"fa-accordion-icon e-font-icon-svg e-fas-minus\" viewBox=\"0 0 448 512\" xmlns=\"http:\/\/www.w3.org\/2000\/svg\"><path d=\"M416 208H32c-17.67 0-32 14.33-32 32v32c0 17.67 14.33 32 32 32h384c17.67 0 32-14.33 32-32v-32c0-17.67-14.33-32-32-32z\"><\/path><\/svg><\/span><span class=\"eael-accordion-tab-title\">COSA SUCCEDE IN CASO DI MALTEMPO?<\/span><\/div><div id=\"elementor-tab-content-6045\" class=\"eael-accordion-content clearfix\" data-tab=\"5\" aria-labelledby=\"cosa-succede-in-caso-di-maltempo\"><p>Nel caso in cui i piloti giudichino le condizioni meteorologiche non adeguate allo svolgimento dell\u2019attivit\u00e0, il volo verr\u00e0 cancellato. In tal caso potrai riprogrammare il tuo volo nel primo slot disponibile. Di solito cerchiamo di informarti sulle condizioni meteo il prima possibile (alcune ore prima dell\u2019appuntamento), ma, in alcuni rari casi, pu\u00f2 capitare che il volo venga cancellato anche al meeting point, o addirittura una volta gi\u00e0 arrivati alla zona di decollo.<\/p><\/div>\n\t\t\t\t\t<\/div><\/div>\t\t\t\t<\/div>\n\t\t\t\t<\/div>\n\t\t\t\t<div class=\"elementor-element elementor-element-216d0c4 elementor-widget elementor-widget-text-editor\" data-id=\"216d0c4\" data-element_type=\"widget\" data-e-type=\"widget\" data-widget_type=\"text-editor.default\">\n\t\t\t\t<div class=\"elementor-widget-container\">\n\t\t\t\t\t\t\t\t\t<p><strong>Altre domande?<br \/>Prova a vedere se le trovi qui<\/strong><\/p>\t\t\t\t\t\t\t\t<\/div>\n\t\t\t\t<\/div>\n\t\t\t\t<div class=\"elementor-element elementor-element-788fe91d elementor-align-center elementor-widget elementor-widget-button\" data-id=\"788fe91d\" data-element_type=\"widget\" data-e-type=\"widget\" data-widget_type=\"button.default\">\n\t\t\t\t<div class=\"elementor-widget-container\">\n\t\t\t\t\t\t\t\t\t<div class=\"elementor-button-wrapper\">\n\t\t\t\t\t<a class=\"elementor-button elementor-button-link elementor-size-lg\" href=\"https:\/\/www.tandemparagliding.eu\/de\/f-a-q\/\">\n\t\t\t\t\t\t<span class=\"elementor-button-content-wrapper\">\n\t\t\t\t\t\t\t\t\t<span class=\"elementor-button-text\">Tutte le F.A.Q.<\/span>\n\t\t\t\t\t<\/span>\n\t\t\t\t\t<\/a>\n\t\t\t\t<\/div>\n\t\t\t\t\t\t\t\t<\/div>\n\t\t\t\t<\/div>\n\t\t\t\t\t<\/div>\n\t\t\t\t<\/div>\n\t\t\t\t<\/div>\n\t\t\t\t<\/div>\n\t\t\t\t\t\t<\/div>\n\t\t\t\t<\/div>\n\t\t\t\t\t<\/div>\n\t\t\t\t<\/div>\n\t\t<div class=\"elementor-element elementor-element-2fa0210 e-flex e-con-boxed e-con e-child\" data-id=\"2fa0210\" data-element_type=\"container\" data-e-type=\"container\">\n\t\t\t\t\t<div class=\"e-con-inner\">\n\t\t\t\t<div class=\"elementor-element elementor-element-95b75f1 elementor-widget elementor-widget-template\" data-id=\"95b75f1\" data-element_type=\"widget\" data-e-type=\"widget\" data-widget_type=\"template.default\">\n\t\t\t\t<div class=\"elementor-widget-container\">\n\t\t\t\t\t\t\t<div class=\"elementor-template\">\n\t\t\t\t\t<div data-elementor-type=\"container\" data-elementor-id=\"2927\" class=\"elementor elementor-2927\" data-elementor-post-type=\"elementor_library\">\n\t\t\t\t<div class=\"elementor-element elementor-element-7d18b7e e-flex e-con-boxed e-con e-child\" data-id=\"7d18b7e\" data-element_type=\"container\" data-e-type=\"container\">\n\t\t\t\t\t<div class=\"e-con-inner\">\n\t\t\t\t<div class=\"elementor-element elementor-element-2ecea6ab elementor-widget elementor-widget-heading\" data-id=\"2ecea6ab\" data-element_type=\"widget\" data-e-type=\"widget\" data-widget_type=\"heading.default\">\n\t\t\t\t<div class=\"elementor-widget-container\">\n\t\t\t\t\t<h2 class=\"elementor-heading-title elementor-size-default\">Seguici sui social<\/h2>\t\t\t\t<\/div>\n\t\t\t\t<\/div>\n\t\t\t\t<div class=\"elementor-element elementor-element-eec8fd3 elementor-widget elementor-widget-template\" data-id=\"eec8fd3\" data-element_type=\"widget\" data-e-type=\"widget\" data-widget_type=\"template.default\">\n\t\t\t\t<div class=\"elementor-widget-container\">\n\t\t\t\t\t\t\t<div class=\"elementor-template\">\n\t\t\t\t\t<div data-elementor-type=\"page\" data-elementor-id=\"3403\" class=\"elementor elementor-3403\" data-elementor-post-type=\"elementor_library\">\n\t\t\t\t<div class=\"elementor-element elementor-element-7d18b7e e-con-full e-flex e-con e-child\" data-id=\"7d18b7e\" data-element_type=\"container\" data-e-type=\"container\">\n\t\t\t\t<div class=\"elementor-element elementor-element-60561b66 elementor-shape-circle elementor-grid-0 e-grid-align-center elementor-invisible elementor-widget elementor-widget-social-icons\" data-id=\"60561b66\" data-element_type=\"widget\" data-e-type=\"widget\" data-settings=\"{&quot;_animation&quot;:&quot;lightSpeedIn&quot;}\" data-widget_type=\"social-icons.default\">\n\t\t\t\t<div class=\"elementor-widget-container\">\n\t\t\t\t\t\t\t<div class=\"elementor-social-icons-wrapper elementor-grid\" role=\"list\">\n\t\t\t\t\t\t\t<span class=\"elementor-grid-item\" role=\"listitem\">\n\t\t\t\t\t<a class=\"elementor-icon elementor-social-icon elementor-social-icon-whatsapp elementor-animation-grow elementor-repeater-item-7d48a17\" href=\"https:\/\/wa.me\/+393349469757\" target=\"_blank\">\n\t\t\t\t\t\t<span class=\"elementor-screen-only\">Whatsapp<\/span>\n\t\t\t\t\t\t<svg aria-hidden=\"true\" class=\"e-font-icon-svg e-fab-whatsapp\" viewBox=\"0 0 448 512\" xmlns=\"http:\/\/www.w3.org\/2000\/svg\"><path d=\"M380.9 97.1C339 55.1 283.2 32 223.9 32c-122.4 0-222 99.6-222 222 0 39.1 10.2 77.3 29.6 111L0 480l117.7-30.9c32.4 17.7 68.9 27 106.1 27h.1c122.3 0 224.1-99.6 224.1-222 0-59.3-25.2-115-67.1-157zm-157 341.6c-33.2 0-65.7-8.9-94-25.7l-6.7-4-69.8 18.3L72 359.2l-4.4-7c-18.5-29.4-28.2-63.3-28.2-98.2 0-101.7 82.8-184.5 184.6-184.5 49.3 0 95.6 19.2 130.4 54.1 34.8 34.9 56.2 81.2 56.1 130.5 0 101.8-84.9 184.6-186.6 184.6zm101.2-138.2c-5.5-2.8-32.8-16.2-37.9-18-5.1-1.9-8.8-2.8-12.5 2.8-3.7 5.6-14.3 18-17.6 21.8-3.2 3.7-6.5 4.2-12 1.4-32.6-16.3-54-29.1-75.5-66-5.7-9.8 5.7-9.1 16.3-30.3 1.8-3.7.9-6.9-.5-9.7-1.4-2.8-12.5-30.1-17.1-41.2-4.5-10.8-9.1-9.3-12.5-9.5-3.2-.2-6.9-.2-10.6-.2-3.7 0-9.7 1.4-14.8 6.9-5.1 5.6-19.4 19-19.4 46.3 0 27.3 19.9 53.7 22.6 57.4 2.8 3.7 39.1 59.7 94.8 83.8 35.2 15.2 49 16.5 66.6 13.9 10.7-1.6 32.8-13.4 37.4-26.4 4.6-13 4.6-24.1 3.2-26.4-1.3-2.5-5-3.9-10.5-6.6z\"><\/path><\/svg>\t\t\t\t\t<\/a>\n\t\t\t\t<\/span>\n\t\t\t\t\t\t\t<span class=\"elementor-grid-item\" role=\"listitem\">\n\t\t\t\t\t<a class=\"elementor-icon elementor-social-icon elementor-social-icon-instagram elementor-animation-grow elementor-repeater-item-2fe2185\" href=\"https:\/\/www.instagram.com\/fly2fun_tandemparagliding.eu\/\" target=\"_blank\">\n\t\t\t\t\t\t<span class=\"elementor-screen-only\">Instagram<\/span>\n\t\t\t\t\t\t<svg aria-hidden=\"true\" class=\"e-font-icon-svg e-fab-instagram\" viewBox=\"0 0 448 512\" xmlns=\"http:\/\/www.w3.org\/2000\/svg\"><path d=\"M224.1 141c-63.6 0-114.9 51.3-114.9 114.9s51.3 114.9 114.9 114.9S339 319.5 339 255.9 287.7 141 224.1 141zm0 189.6c-41.1 0-74.7-33.5-74.7-74.7s33.5-74.7 74.7-74.7 74.7 33.5 74.7 74.7-33.6 74.7-74.7 74.7zm146.4-194.3c0 14.9-12 26.8-26.8 26.8-14.9 0-26.8-12-26.8-26.8s12-26.8 26.8-26.8 26.8 12 26.8 26.8zm76.1 27.2c-1.7-35.9-9.9-67.7-36.2-93.9-26.2-26.2-58-34.4-93.9-36.2-37-2.1-147.9-2.1-184.9 0-35.8 1.7-67.6 9.9-93.9 36.1s-34.4 58-36.2 93.9c-2.1 37-2.1 147.9 0 184.9 1.7 35.9 9.9 67.7 36.2 93.9s58 34.4 93.9 36.2c37 2.1 147.9 2.1 184.9 0 35.9-1.7 67.7-9.9 93.9-36.2 26.2-26.2 34.4-58 36.2-93.9 2.1-37 2.1-147.8 0-184.8zM398.8 388c-7.8 19.6-22.9 34.7-42.6 42.6-29.5 11.7-99.5 9-132.1 9s-102.7 2.6-132.1-9c-19.6-7.8-34.7-22.9-42.6-42.6-11.7-29.5-9-99.5-9-132.1s-2.6-102.7 9-132.1c7.8-19.6 22.9-34.7 42.6-42.6 29.5-11.7 99.5-9 132.1-9s102.7-2.6 132.1 9c19.6 7.8 34.7 22.9 42.6 42.6 11.7 29.5 9 99.5 9 132.1s2.7 102.7-9 132.1z\"><\/path><\/svg>\t\t\t\t\t<\/a>\n\t\t\t\t<\/span>\n\t\t\t\t\t\t\t<span class=\"elementor-grid-item\" role=\"listitem\">\n\t\t\t\t\t<a class=\"elementor-icon elementor-social-icon elementor-social-icon-facebook elementor-animation-grow elementor-repeater-item-dfcee6d\" href=\"https:\/\/www.facebook.com\/fly2funtandemparagliding\/\" target=\"_blank\">\n\t\t\t\t\t\t<span class=\"elementor-screen-only\">Facebook<\/span>\n\t\t\t\t\t\t<svg aria-hidden=\"true\" class=\"e-font-icon-svg e-fab-facebook\" viewBox=\"0 0 512 512\" xmlns=\"http:\/\/www.w3.org\/2000\/svg\"><path d=\"M504 256C504 119 393 8 256 8S8 119 8 256c0 123.78 90.69 226.38 209.25 245V327.69h-63V256h63v-54.64c0-62.15 37-96.48 93.67-96.48 27.14 0 55.52 4.84 55.52 4.84v61h-31.28c-30.8 0-40.41 19.12-40.41 38.73V256h68.78l-11 71.69h-57.78V501C413.31 482.38 504 379.78 504 256z\"><\/path><\/svg>\t\t\t\t\t<\/a>\n\t\t\t\t<\/span>\n\t\t\t\t\t\t\t<span class=\"elementor-grid-item\" role=\"listitem\">\n\t\t\t\t\t<a class=\"elementor-icon elementor-social-icon elementor-social-icon-tripadvisor elementor-animation-grow elementor-repeater-item-69c197a\" href=\"https:\/\/www.tripadvisor.it\/Attraction_Review-g194807-d4442924-Reviews-Fly_2_Fun-Malcesine_Province_of_Verona_Veneto.html\" target=\"_blank\">\n\t\t\t\t\t\t<span class=\"elementor-screen-only\">Tripadvisor<\/span>\n\t\t\t\t\t\t<svg aria-hidden=\"true\" class=\"e-font-icon-svg e-fab-tripadvisor\" viewBox=\"0 0 576 512\" xmlns=\"http:\/\/www.w3.org\/2000\/svg\"><path d=\"M528.91,178.82,576,127.58H471.66a326.11,326.11,0,0,0-367,0H0l47.09,51.24A143.911,143.911,0,0,0,241.86,390.73L288,440.93l46.11-50.17A143.94,143.94,0,0,0,575.88,285.18h-.03A143.56,143.56,0,0,0,528.91,178.82ZM144.06,382.57a97.39,97.39,0,1,1,97.39-97.39A97.39,97.39,0,0,1,144.06,382.57ZM288,282.37c0-64.09-46.62-119.08-108.09-142.59a281,281,0,0,1,216.17,0C334.61,163.3,288,218.29,288,282.37Zm143.88,100.2h-.01a97.405,97.405,0,1,1,.01,0ZM144.06,234.12h-.01a51.06,51.06,0,1,0,51.06,51.06v-.11A51,51,0,0,0,144.06,234.12Zm287.82,0a51.06,51.06,0,1,0,51.06,51.06A51.06,51.06,0,0,0,431.88,234.12Z\"><\/path><\/svg>\t\t\t\t\t<\/a>\n\t\t\t\t<\/span>\n\t\t\t\t\t<\/div>\n\t\t\t\t\t\t<\/div>\n\t\t\t\t<\/div>\n\t\t\t\t<\/div>\n\t\t\t\t<\/div>\n\t\t\t\t<\/div>\n\t\t\t\t\t\t<\/div>\n\t\t\t\t<\/div>\n\t\t\t\t<div class=\"elementor-element elementor-element-f592e28 elementor-widget elementor-widget-heading\" data-id=\"f592e28\" data-element_type=\"widget\" data-e-type=\"widget\" data-widget_type=\"heading.default\">\n\t\t\t\t<div class=\"elementor-widget-container\">\n\t\t\t\t\t<h2 class=\"elementor-heading-title elementor-size-default\">Tandem Paragliding Fly2fun<\/h2>\t\t\t\t<\/div>\n\t\t\t\t<\/div>\n\t\t\t\t\t<\/div>\n\t\t\t\t<\/div>\n\t\t\t\t<\/div>\n\t\t\t\t<\/div>\n\t\t\t\t\t\t<\/div>\n\t\t\t\t<\/div>\n\t\t\t\t\t<\/div>\n\t\t\t\t<\/div>\n\t\t\t\t\t<\/div>\n\t\t\t\t<\/div>\n\t\t\t\t<\/div>\n\t\t<div class=\"elementor-element elementor-element-c3310ea e-flex e-con-boxed e-con e-parent\" data-id=\"c3310ea\" data-element_type=\"container\" data-e-type=\"container\">\n\t\t\t\t\t<div class=\"e-con-inner\">\n\t\t<div class=\"elementor-element elementor-element-0f4e2e5 e-flex e-con-boxed e-con e-child\" data-id=\"0f4e2e5\" data-element_type=\"container\" data-e-type=\"container\">\n\t\t\t\t\t<div class=\"e-con-inner\">\n\t\t<div class=\"elementor-element elementor-element-be9b07b e-flex e-con-boxed e-con e-child\" data-id=\"be9b07b\" data-element_type=\"container\" data-e-type=\"container\">\n\t\t\t\t\t<div class=\"e-con-inner\">\n\t\t\t\t<div class=\"elementor-element elementor-element-cbfc386 elementor-widget elementor-widget-heading\" data-id=\"cbfc386\" data-element_type=\"widget\" data-e-type=\"widget\" data-widget_type=\"heading.default\">\n\t\t\t\t<div class=\"elementor-widget-container\">\n\t\t\t\t\t<h2 class=\"elementor-heading-title elementor-size-default\">Recensioni di Fly2Fun su<\/h2>\t\t\t\t<\/div>\n\t\t\t\t<\/div>\n\t\t\t\t<div class=\"elementor-element elementor-element-d921c3e elementor-widget elementor-widget-image\" data-id=\"d921c3e\" data-element_type=\"widget\" data-e-type=\"widget\" data-widget_type=\"image.default\">\n\t\t\t\t<div class=\"elementor-widget-container\">\n\t\t\t\t\t\t\t\t\t\t\t\t\t\t\t\t<a href=\"https:\/\/www.tripadvisor.it\/Attraction_Review-g194807-d4442924-Reviews-Fly_2_Fun-Malcesine_Province_of_Verona_Veneto.html\" target=\"_blank\">\n\t\t\t\t\t\t\t<img loading=\"lazy\" decoding=\"async\" width=\"254\" height=\"54\" src=\"https:\/\/www.tandemparagliding.eu\/wp-content\/uploads\/2024\/03\/tripadvisor-review-fly2fun-tandem-paragliding-gardasee.png\" class=\"attachment-large size-large wp-image-2553\" alt=\"tripadvisor-review-fly2fun-tandem-paragliding-gardasee\" srcset=\"https:\/\/www.tandemparagliding.eu\/wp-content\/uploads\/2024\/03\/tripadvisor-review-fly2fun-tandem-paragliding-gardasee.png 254w, https:\/\/www.tandemparagliding.eu\/wp-content\/uploads\/2024\/03\/tripadvisor-review-fly2fun-tandem-paragliding-gardasee-18x4.png 18w\" sizes=\"(max-width: 254px) 100vw, 254px\" \/>\t\t\t\t\t\t\t\t<\/a>\n\t\t\t\t\t\t\t\t\t\t\t\t\t\t\t<\/div>\n\t\t\t\t<\/div>\n\t\t\t\t\t<\/div>\n\t\t\t\t<\/div>\n\t\t<div class=\"elementor-element elementor-element-e38772a e-flex e-con-boxed e-con e-child\" data-id=\"e38772a\" data-element_type=\"container\" data-e-type=\"container\">\n\t\t\t\t\t<div class=\"e-con-inner\">\n\t\t\t\t<div class=\"elementor-element elementor-element-56d58d7 elementor-widget elementor-widget-image\" data-id=\"56d58d7\" data-element_type=\"widget\" data-e-type=\"widget\" data-widget_type=\"image.default\">\n\t\t\t\t<div class=\"elementor-widget-container\">\n\t\t\t\t\t\t\t\t\t\t\t\t\t\t\t<img decoding=\"async\" src=\"https:\/\/www.tripadvisor.it\/img\/cdsi\/img2\/awards\/v2\/tchotel_2020_LL-14348-2.png\" title=\"\" alt=\"\" loading=\"lazy\" \/>\t\t\t\t\t\t\t\t\t\t\t\t\t\t\t<\/div>\n\t\t\t\t<\/div>\n\t\t\t\t\t<\/div>\n\t\t\t\t<\/div>\n\t\t\t\t\t<\/div>\n\t\t\t\t<\/div>\n\t\t<div class=\"elementor-element elementor-element-61b62e9 e-flex e-con-boxed e-con e-child\" data-id=\"61b62e9\" data-element_type=\"container\" data-e-type=\"container\">\n\t\t\t\t\t<div class=\"e-con-inner\">\n\t\t\t\t<div class=\"elementor-element elementor-element-c78cc25 elementor-widget elementor-widget-shortcode\" data-id=\"c78cc25\" data-element_type=\"widget\" data-e-type=\"widget\" data-widget_type=\"shortcode.default\">\n\t\t\t\t<div class=\"elementor-widget-container\">\n\t\t\t\t\t\t\t<div class=\"elementor-shortcode\"><div class=\"wprevpro-shortcode-wrapper\"><div class=\"wprevpro wprev-slick-slider \" id=\"wprev-slider-1\"><div id=\"wprevgoslickid_1\"  style=\"display:none;\" class=\"wprevgoslick w3_wprs-row\" data-avatartemplate=\"0\" data-totalreviewsnum=\"9\" data-revsperrow=\"3\" data-wprevmasonry=\"no\" data-loadmore=\"no\" data-avatarnav=\"no\" data-revsameheight=\"yes\" data-slickwprev='{\"slidesToShow\": 3,\"slidesToScroll\": 3,\"dots\": true,\"arrows\": false,\"infinite\": false,\"speed\": 750,\"adaptiveHeight\": false,\"centerMode\": false,\"fade\":false,\"centerPadding\": \"60px\", \"rows\":1,\"autoplay\": true,\"autoplaySpeed\": 7000}'><div class=\" wprevpro_t6_DIV_1 w3_wprs-col l4 outerrevdiv\">\r\n<div class=\"wpproslider_t6_DIV_1a\">\r\n\t<div class=\"indrevdiv wpproslider_t6_DIV_2 wprev_preview_bg1_T6 wprev_preview_bradius_T6\">\r\n\t<div class=\"wpproslider_t6_DIV_2_top\">\r\n\t\t<div class=\"wpproslider_t6_DIV_3L\" ><img decoding=\"async\" loading=\"lazy\" src=\"https:\/\/media-cdn.tripadvisor.com\/media\/photo-o\/1a\/f6\/f3\/e4\/default-avatar-2020-30.jpg\" alt=\"Alessandra P Avatar\" class=\"wpproslider_t6_IMG_2 wprevpro_avatarimg\" \/><\/div>\r\n\t\t<div class=\"wpproslider_t6_DIV_3\">\r\n\t\t\t<div class=\"t6displayname wpproslider_t6_STRONG_5 wprev_preview_tcolor2_T6\">Alessandra P<\/div>\r\n\t\t\t<div class=\"wpproslider_t6_star_DIV\"><span class=\"wprevpro_star_imgs_T6\"><img decoding=\"async\" src=\"https:\/\/www.tandemparagliding.eu\/wp-content\/plugins\/wp-review-slider-pro\/public\/partials\/imgs\/tripadvisor_stars_5.png\" alt=\"5 star rating\" class=\"wprevpro_t6_star_img_file\"><\/span><\/div>\r\n\t\t\t<div class=\"wpproslider_t6_SPAN_6 wprev_preview_tcolor2_T6\"><span class=\"wprev_showdate_T6\">29\/07\/2025<\/span><\/div>\r\n\t\t<\/div>\r\n\t<\/div>\r\n\t<div class=\" wpproslider_t6_DIV_4\">\r\n\t\t\t<div class=\"indrevtxt wpproslider_t6_P_4 wprev_preview_tcolor1_T6\"><div class='readmoretextdiv indrevlineclamp' data-lines='5' data-revid='143'>\t\t\t\t<span class=\"wprevpro_t6_DIV_title wprevreviewtitle\">Volare senza motore!! <\/span>Il paesaggio dall\u2019alto \u00e8 qualcosa di mozzafiato: montagne, lago e natura a perdita d\u2019occhio. Un mix perfetto tra adrenalina e meraviglia.Un\u2019esperienza che consiglio assolutamente a chiunque voglia provare qualcosa di diverso e unico. I piloti sono stati fantastici: simpatici, disponibili e soprattutto molto competenti, ci hanno fatto sentire sempre al sicuro e ci hanno trasmesso serenit\u00e0 fin dal decollo.<\/div><div class='divwprsrdmore' style='opacity:0;'><span class='wprs_rd_more'>Leggi di pi\u00f9...<\/span><span class='wprs_rd_less' style='display:none;'>Leggi di meno...<\/span><\/div>\t\t\t<\/div>\r\n\t\t\t\t\t<\/div>\r\n\r\n\t<div class=\"wpproslider_t6_DIV_3_logo\"><a href=\"https:\/\/www.tripadvisor.it\/Attraction_Review-g194807-d4442924-Reviews-Fly_2_Fun-Malcesine_Province_of_Verona_Veneto.html\" target=\"_blank\" rel=\"nofollow noreferrer\" class=\"wprevpro_t6_site_logo_a\"><img decoding=\"async\" width=32 height=32 src=\"https:\/\/www.tandemparagliding.eu\/wp-content\/plugins\/wp-review-slider-pro\/public\/partials\/imgs\/tripadvisor_small_icon.svg\" alt=\"TripAdvisor Logo\" class=\"wprevpro_t6_site_logo wprevsiteicon \"><\/a><\/div>\r\n\t<\/div>\r\n\t\r\n<\/div>\r\n\t\r\n<\/div>\r\n<div class=\" wprevpro_t6_DIV_1 w3_wprs-col l4 outerrevdiv\">\r\n<div class=\"wpproslider_t6_DIV_1a\">\r\n\t<div class=\"indrevdiv wpproslider_t6_DIV_2 wprev_preview_bg1_T6 wprev_preview_bradius_T6\">\r\n\t<div class=\"wpproslider_t6_DIV_2_top\">\r\n\t\t<div class=\"wpproslider_t6_DIV_3L\" style=\"display:none;\"><\/div>\r\n\t\t<div class=\"wpproslider_t6_DIV_3\">\r\n\t\t\t<div class=\"t6displayname wpproslider_t6_STRONG_5 wprev_preview_tcolor2_T6\">Ali D<\/div>\r\n\t\t\t<div class=\"wpproslider_t6_star_DIV\"><span class=\"wprevpro_star_imgs_T6\"><img decoding=\"async\" src=\"https:\/\/www.tandemparagliding.eu\/wp-content\/plugins\/wp-review-slider-pro\/public\/partials\/imgs\/tripadvisor_stars_5.png\" alt=\"5 star rating\" class=\"wprevpro_t6_star_img_file\"><\/span><\/div>\r\n\t\t\t<div class=\"wpproslider_t6_SPAN_6 wprev_preview_tcolor2_T6\"><span class=\"wprev_showdate_T6\">29\/07\/2025<\/span><\/div>\r\n\t\t<\/div>\r\n\t<\/div>\r\n\t<div class=\" wpproslider_t6_DIV_4\">\r\n\t\t\t<div class=\"indrevtxt wpproslider_t6_P_4 wprev_preview_tcolor1_T6\"><div class='readmoretextdiv indrevlineclamp' data-lines='5' data-revid='144'>\t\t\t\t<span class=\"wprevpro_t6_DIV_title wprevreviewtitle\">Amazing experience <\/span>Amazing experience, the views were incredible. Simone was very friendly, great at flying and did cool acrobatics if you wanted. The photos included at the end are high quality and a great reminder of the flight.<\/div><div class='divwprsrdmore' style='opacity:0;'><span class='wprs_rd_more'>Leggi di pi\u00f9...<\/span><span class='wprs_rd_less' style='display:none;'>Leggi di meno...<\/span><\/div>\t\t\t<\/div>\r\n\t\t\t\t\t<\/div>\r\n\r\n\t<div class=\"wpproslider_t6_DIV_3_logo\"><a href=\"https:\/\/www.tripadvisor.it\/Attraction_Review-g194807-d4442924-Reviews-Fly_2_Fun-Malcesine_Province_of_Verona_Veneto.html\" target=\"_blank\" rel=\"nofollow noreferrer\" class=\"wprevpro_t6_site_logo_a\"><img decoding=\"async\" width=32 height=32 src=\"https:\/\/www.tandemparagliding.eu\/wp-content\/plugins\/wp-review-slider-pro\/public\/partials\/imgs\/tripadvisor_small_icon.svg\" alt=\"TripAdvisor Logo\" class=\"wprevpro_t6_site_logo wprevsiteicon \"><\/a><\/div>\r\n\t<\/div>\r\n\t\r\n<\/div>\r\n\t\r\n<\/div>\r\n<div class=\" wprevpro_t6_DIV_1 w3_wprs-col l4 outerrevdiv\">\r\n<div class=\"wpproslider_t6_DIV_1a\">\r\n\t<div class=\"indrevdiv wpproslider_t6_DIV_2 wprev_preview_bg1_T6 wprev_preview_bradius_T6\">\r\n\t<div class=\"wpproslider_t6_DIV_2_top\">\r\n\t\t<div class=\"wpproslider_t6_DIV_3L\" ><img decoding=\"async\" loading=\"lazy\" src=\"https:\/\/media-cdn.tripadvisor.com\/media\/photo-o\/1a\/f6\/f3\/23\/default-avatar-2020-28.jpg\" alt=\"Jyri E Avatar\" class=\"wpproslider_t6_IMG_2 wprevpro_avatarimg\" \/><\/div>\r\n\t\t<div class=\"wpproslider_t6_DIV_3\">\r\n\t\t\t<div class=\"t6displayname wpproslider_t6_STRONG_5 wprev_preview_tcolor2_T6\">Jyri E<\/div>\r\n\t\t\t<div class=\"wpproslider_t6_star_DIV\"><span class=\"wprevpro_star_imgs_T6\"><img decoding=\"async\" src=\"https:\/\/www.tandemparagliding.eu\/wp-content\/plugins\/wp-review-slider-pro\/public\/partials\/imgs\/tripadvisor_stars_5.png\" alt=\"5 star rating\" class=\"wprevpro_t6_star_img_file\"><\/span><\/div>\r\n\t\t\t<div class=\"wpproslider_t6_SPAN_6 wprev_preview_tcolor2_T6\"><span class=\"wprev_showdate_T6\">22\/07\/2025<\/span><\/div>\r\n\t\t<\/div>\r\n\t<\/div>\r\n\t<div class=\" wpproslider_t6_DIV_4\">\r\n\t\t\t<div class=\"indrevtxt wpproslider_t6_P_4 wprev_preview_tcolor1_T6\"><div class='readmoretextdiv indrevlineclamp' data-lines='5' data-revid='145'>\t\t\t\t<span class=\"wprevpro_t6_DIV_title wprevreviewtitle\">I sogni diventano realt\u00e0 <\/span>Ottima esperienza, i sogni si sono avverati. I piloti rendono tutto facile e rilassante. Posso raccomandare per tutti. Grazie. Grazie.<\/div><div class='divwprsrdmore' style='opacity:0;'><span class='wprs_rd_more'>Leggi di pi\u00f9...<\/span><span class='wprs_rd_less' style='display:none;'>Leggi di meno...<\/span><\/div>\t\t\t<\/div>\r\n\t\t\t\t\t<\/div>\r\n\r\n\t<div class=\"wpproslider_t6_DIV_3_logo\"><a href=\"https:\/\/www.tripadvisor.it\/Attraction_Review-g194807-d4442924-Reviews-Fly_2_Fun-Malcesine_Province_of_Verona_Veneto.html\" target=\"_blank\" rel=\"nofollow noreferrer\" class=\"wprevpro_t6_site_logo_a\"><img decoding=\"async\" width=32 height=32 src=\"https:\/\/www.tandemparagliding.eu\/wp-content\/plugins\/wp-review-slider-pro\/public\/partials\/imgs\/tripadvisor_small_icon.svg\" alt=\"TripAdvisor Logo\" class=\"wprevpro_t6_site_logo wprevsiteicon \"><\/a><\/div>\r\n\t<\/div>\r\n\t\r\n<\/div>\r\n\t\r\n<\/div>\r\n<div class=\" wprevpro_t6_DIV_1 w3_wprs-col l4 outerrevdiv\">\r\n<div class=\"wpproslider_t6_DIV_1a\">\r\n\t<div class=\"indrevdiv wpproslider_t6_DIV_2 wprev_preview_bg1_T6 wprev_preview_bradius_T6\">\r\n\t<div class=\"wpproslider_t6_DIV_2_top\">\r\n\t\t<div class=\"wpproslider_t6_DIV_3L\" ><img decoding=\"async\" loading=\"lazy\" src=\"https:\/\/media-cdn.tripadvisor.com\/media\/photo-o\/1a\/f6\/e4\/2d\/default-avatar-2020-48.jpg\" alt=\"Marina H Avatar\" class=\"wpproslider_t6_IMG_2 wprevpro_avatarimg\" \/><\/div>\r\n\t\t<div class=\"wpproslider_t6_DIV_3\">\r\n\t\t\t<div class=\"t6displayname wpproslider_t6_STRONG_5 wprev_preview_tcolor2_T6\">Marina H<\/div>\r\n\t\t\t<div class=\"wpproslider_t6_star_DIV\"><span class=\"wprevpro_star_imgs_T6\"><img decoding=\"async\" src=\"https:\/\/www.tandemparagliding.eu\/wp-content\/plugins\/wp-review-slider-pro\/public\/partials\/imgs\/tripadvisor_stars_5.png\" alt=\"5 star rating\" class=\"wprevpro_t6_star_img_file\"><\/span><\/div>\r\n\t\t\t<div class=\"wpproslider_t6_SPAN_6 wprev_preview_tcolor2_T6\"><span class=\"wprev_showdate_T6\">04\/07\/2025<\/span><\/div>\r\n\t\t<\/div>\r\n\t<\/div>\r\n\t<div class=\" wpproslider_t6_DIV_4\">\r\n\t\t\t<div class=\"indrevtxt wpproslider_t6_P_4 wprev_preview_tcolor1_T6\"><div class='readmoretextdiv indrevlineclamp' data-lines='5' data-revid='134'>\t\t\t\t<span class=\"wprevpro_t6_DIV_title wprevreviewtitle\">Immer wieder w\u00fcrde ich es nochmal machen! <\/span>Heute war einer der sch\u00f6nsten Tage meines Lebens. Ich h\u00e4tte erst nicht gedacht, dass ich mich das trauen w\u00fcrde\u2026 aber einmal entschieden, hatte ich nur noch Lust auf den Tandemflug. Es ist \u00fcberhaupt nicht schlimm! Kein Schwindel, kein komisches Gef\u00fchl. Simone ist ein sicherer und toller Pilot, wir haben uns viel unterhalten. Wenn jemand etwas Besonderes erleben m\u00f6chte: macht es! Man f\u00fchlt sich eine Zeitlang vogelfrei \u2764\ufe0f<\/div><div class='divwprsrdmore' style='opacity:0;'><span class='wprs_rd_more'>Leggi di pi\u00f9...<\/span><span class='wprs_rd_less' style='display:none;'>Leggi di meno...<\/span><\/div>\t\t\t<\/div>\r\n\t\t\t\t\t<\/div>\r\n\r\n\t<div class=\"wpproslider_t6_DIV_3_logo\"><a href=\"https:\/\/www.tripadvisor.it\/Attraction_Review-g194807-d4442924-Reviews-Fly_2_Fun-Malcesine_Province_of_Verona_Veneto.html\" target=\"_blank\" rel=\"nofollow noreferrer\" class=\"wprevpro_t6_site_logo_a\"><img decoding=\"async\" width=32 height=32 src=\"https:\/\/www.tandemparagliding.eu\/wp-content\/plugins\/wp-review-slider-pro\/public\/partials\/imgs\/tripadvisor_small_icon.svg\" alt=\"TripAdvisor Logo\" class=\"wprevpro_t6_site_logo wprevsiteicon \"><\/a><\/div>\r\n\t<\/div>\r\n\t\r\n<\/div>\r\n\t\r\n<\/div>\r\n<div class=\" wprevpro_t6_DIV_1 w3_wprs-col l4 outerrevdiv\">\r\n<div class=\"wpproslider_t6_DIV_1a\">\r\n\t<div class=\"indrevdiv wpproslider_t6_DIV_2 wprev_preview_bg1_T6 wprev_preview_bradius_T6\">\r\n\t<div class=\"wpproslider_t6_DIV_2_top\">\r\n\t\t<div class=\"wpproslider_t6_DIV_3L\" ><img decoding=\"async\" loading=\"lazy\" src=\"https:\/\/media-cdn.tripadvisor.com\/media\/photo-o\/1a\/f6\/e9\/60\/default-avatar-2020-64.jpg\" alt=\"Francesco G Avatar\" class=\"wpproslider_t6_IMG_2 wprevpro_avatarimg\" \/><\/div>\r\n\t\t<div class=\"wpproslider_t6_DIV_3\">\r\n\t\t\t<div class=\"t6displayname wpproslider_t6_STRONG_5 wprev_preview_tcolor2_T6\">Francesco G<\/div>\r\n\t\t\t<div class=\"wpproslider_t6_star_DIV\"><span class=\"wprevpro_star_imgs_T6\"><img decoding=\"async\" src=\"https:\/\/www.tandemparagliding.eu\/wp-content\/plugins\/wp-review-slider-pro\/public\/partials\/imgs\/tripadvisor_stars_5.png\" alt=\"5 star rating\" class=\"wprevpro_t6_star_img_file\"><\/span><\/div>\r\n\t\t\t<div class=\"wpproslider_t6_SPAN_6 wprev_preview_tcolor2_T6\"><span class=\"wprev_showdate_T6\">29\/06\/2025<\/span><\/div>\r\n\t\t<\/div>\r\n\t<\/div>\r\n\t<div class=\" wpproslider_t6_DIV_4\">\r\n\t\t\t<div class=\"indrevtxt wpproslider_t6_P_4 wprev_preview_tcolor1_T6\"><div class='readmoretextdiv indrevlineclamp' data-lines='5' data-revid='135'>\t\t\t\t<span class=\"wprevpro_t6_DIV_title wprevreviewtitle\">Esperienza unica sul lago di garda <\/span>Esperienza unica nel suo genere! Il panorama e il personale esperto hanno reso il nostro volo indimenticabile \ud83e\udd29 super consigliato<\/div><div class='divwprsrdmore' style='opacity:0;'><span class='wprs_rd_more'>Leggi di pi\u00f9...<\/span><span class='wprs_rd_less' style='display:none;'>Leggi di meno...<\/span><\/div>\t\t\t<\/div>\r\n\t\t\t\t\t<\/div>\r\n\r\n\t<div class=\"wpproslider_t6_DIV_3_logo\"><a href=\"https:\/\/www.tripadvisor.it\/Attraction_Review-g194807-d4442924-Reviews-Fly_2_Fun-Malcesine_Province_of_Verona_Veneto.html\" target=\"_blank\" rel=\"nofollow noreferrer\" class=\"wprevpro_t6_site_logo_a\"><img decoding=\"async\" width=32 height=32 src=\"https:\/\/www.tandemparagliding.eu\/wp-content\/plugins\/wp-review-slider-pro\/public\/partials\/imgs\/tripadvisor_small_icon.svg\" alt=\"TripAdvisor Logo\" class=\"wprevpro_t6_site_logo wprevsiteicon \"><\/a><\/div>\r\n\t<\/div>\r\n\t\r\n<\/div>\r\n\t\r\n<\/div>\r\n<div class=\" wprevpro_t6_DIV_1 w3_wprs-col l4 outerrevdiv\">\r\n<div class=\"wpproslider_t6_DIV_1a\">\r\n\t<div class=\"indrevdiv wpproslider_t6_DIV_2 wprev_preview_bg1_T6 wprev_preview_bradius_T6\">\r\n\t<div class=\"wpproslider_t6_DIV_2_top\">\r\n\t\t<div class=\"wpproslider_t6_DIV_3L\" ><img decoding=\"async\" loading=\"lazy\" src=\"https:\/\/media-cdn.tripadvisor.com\/media\/photo-o\/1a\/f6\/e7\/99\/default-avatar-2020-57.jpg\" alt=\"Jessica B Avatar\" class=\"wpproslider_t6_IMG_2 wprevpro_avatarimg\" \/><\/div>\r\n\t\t<div class=\"wpproslider_t6_DIV_3\">\r\n\t\t\t<div class=\"t6displayname wpproslider_t6_STRONG_5 wprev_preview_tcolor2_T6\">Jessica B<\/div>\r\n\t\t\t<div class=\"wpproslider_t6_star_DIV\"><span class=\"wprevpro_star_imgs_T6\"><img decoding=\"async\" src=\"https:\/\/www.tandemparagliding.eu\/wp-content\/plugins\/wp-review-slider-pro\/public\/partials\/imgs\/tripadvisor_stars_5.png\" alt=\"5 star rating\" class=\"wprevpro_t6_star_img_file\"><\/span><\/div>\r\n\t\t\t<div class=\"wpproslider_t6_SPAN_6 wprev_preview_tcolor2_T6\"><span class=\"wprev_showdate_T6\">23\/06\/2025<\/span><\/div>\r\n\t\t<\/div>\r\n\t<\/div>\r\n\t<div class=\" wpproslider_t6_DIV_4\">\r\n\t\t\t<div class=\"indrevtxt wpproslider_t6_P_4 wprev_preview_tcolor1_T6\"><div class='readmoretextdiv indrevlineclamp' data-lines='5' data-revid='136'>\t\t\t\t<span class=\"wprevpro_t6_DIV_title wprevreviewtitle\">Esperienza bellissima <\/span>Grazie a Fabio per la bellissima esperienza, consiglio a tutti di provare il brivido dell'alta quota e godere di un panorama mozzafiato. Fabio \u00e8 stato molto gentile e pronto a metterti a tuo agio. Grazie ancora<\/div><div class='divwprsrdmore' style='opacity:0;'><span class='wprs_rd_more'>Leggi di pi\u00f9...<\/span><span class='wprs_rd_less' style='display:none;'>Leggi di meno...<\/span><\/div>\t\t\t<\/div>\r\n\t\t\t\t\t<\/div>\r\n\r\n\t<div class=\"wpproslider_t6_DIV_3_logo\"><a href=\"https:\/\/www.tripadvisor.it\/Attraction_Review-g194807-d4442924-Reviews-Fly_2_Fun-Malcesine_Province_of_Verona_Veneto.html\" target=\"_blank\" rel=\"nofollow noreferrer\" class=\"wprevpro_t6_site_logo_a\"><img decoding=\"async\" width=32 height=32 src=\"https:\/\/www.tandemparagliding.eu\/wp-content\/plugins\/wp-review-slider-pro\/public\/partials\/imgs\/tripadvisor_small_icon.svg\" alt=\"TripAdvisor Logo\" class=\"wprevpro_t6_site_logo wprevsiteicon \"><\/a><\/div>\r\n\t<\/div>\r\n\t\r\n<\/div>\r\n\t\r\n<\/div>\r\n<div class=\" wprevpro_t6_DIV_1 w3_wprs-col l4 outerrevdiv\">\r\n<div class=\"wpproslider_t6_DIV_1a\">\r\n\t<div class=\"indrevdiv wpproslider_t6_DIV_2 wprev_preview_bg1_T6 wprev_preview_bradius_T6\">\r\n\t<div class=\"wpproslider_t6_DIV_2_top\">\r\n\t\t<div class=\"wpproslider_t6_DIV_3L\" ><img decoding=\"async\" loading=\"lazy\" src=\"https:\/\/media-cdn.tripadvisor.com\/media\/photo-o\/1a\/f6\/e9\/bb\/default-avatar-2020-65.jpg\" alt=\"Joachim L Avatar\" class=\"wpproslider_t6_IMG_2 wprevpro_avatarimg\" \/><\/div>\r\n\t\t<div class=\"wpproslider_t6_DIV_3\">\r\n\t\t\t<div class=\"t6displayname wpproslider_t6_STRONG_5 wprev_preview_tcolor2_T6\">Joachim L<\/div>\r\n\t\t\t<div class=\"wpproslider_t6_star_DIV\"><span class=\"wprevpro_star_imgs_T6\"><img decoding=\"async\" src=\"https:\/\/www.tandemparagliding.eu\/wp-content\/plugins\/wp-review-slider-pro\/public\/partials\/imgs\/tripadvisor_stars_5.png\" alt=\"5 star rating\" class=\"wprevpro_t6_star_img_file\"><\/span><\/div>\r\n\t\t\t<div class=\"wpproslider_t6_SPAN_6 wprev_preview_tcolor2_T6\"><span class=\"wprev_showdate_T6\">19\/06\/2025<\/span><\/div>\r\n\t\t<\/div>\r\n\t<\/div>\r\n\t<div class=\" wpproslider_t6_DIV_4\">\r\n\t\t\t<div class=\"indrevtxt wpproslider_t6_P_4 wprev_preview_tcolor1_T6\"><div class='readmoretextdiv indrevlineclamp' data-lines='5' data-revid='137'>\t\t\t\t<span class=\"wprevpro_t6_DIV_title wprevreviewtitle\">Wieder ein toller Flug <\/span>Habe heute ein Super Erlebnisse gehabt. Mit meinem Pilot Fabio war der Flug vom und am Monte Baldo und \u00fcber dem Gardasee ein beeindruckendes Erlebnis. DANKE!!! Kann ich jedem nur empfehlen. Das war mein dritter Flug mit Fly2Fun in Malcesine und werde wieder fliegen.<\/div><div class='divwprsrdmore' style='opacity:0;'><span class='wprs_rd_more'>Leggi di pi\u00f9...<\/span><span class='wprs_rd_less' style='display:none;'>Leggi di meno...<\/span><\/div>\t\t\t<\/div>\r\n\t\t\t\t\t<\/div>\r\n\r\n\t<div class=\"wpproslider_t6_DIV_3_logo\"><a href=\"https:\/\/www.tripadvisor.it\/Attraction_Review-g194807-d4442924-Reviews-Fly_2_Fun-Malcesine_Province_of_Verona_Veneto.html\" target=\"_blank\" rel=\"nofollow noreferrer\" class=\"wprevpro_t6_site_logo_a\"><img decoding=\"async\" width=32 height=32 src=\"https:\/\/www.tandemparagliding.eu\/wp-content\/plugins\/wp-review-slider-pro\/public\/partials\/imgs\/tripadvisor_small_icon.svg\" alt=\"TripAdvisor Logo\" class=\"wprevpro_t6_site_logo wprevsiteicon \"><\/a><\/div>\r\n\t<\/div>\r\n\t\r\n<\/div>\r\n\t\r\n<\/div>\r\n<div class=\" wprevpro_t6_DIV_1 w3_wprs-col l4 outerrevdiv\">\r\n<div class=\"wpproslider_t6_DIV_1a\">\r\n\t<div class=\"indrevdiv wpproslider_t6_DIV_2 wprev_preview_bg1_T6 wprev_preview_bradius_T6\">\r\n\t<div class=\"wpproslider_t6_DIV_2_top\">\r\n\t\t<div class=\"wpproslider_t6_DIV_3L\" ><img decoding=\"async\" loading=\"lazy\" src=\"https:\/\/media-cdn.tripadvisor.com\/media\/photo-s\/15\/c2\/a6\/c0\/caption.jpg\" alt=\"PHANYC2011 Avatar\" class=\"wpproslider_t6_IMG_2 wprevpro_avatarimg\" \/><\/div>\r\n\t\t<div class=\"wpproslider_t6_DIV_3\">\r\n\t\t\t<div class=\"t6displayname wpproslider_t6_STRONG_5 wprev_preview_tcolor2_T6\">PHANYC2011<\/div>\r\n\t\t\t<div class=\"wpproslider_t6_star_DIV\"><span class=\"wprevpro_star_imgs_T6\"><img decoding=\"async\" src=\"https:\/\/www.tandemparagliding.eu\/wp-content\/plugins\/wp-review-slider-pro\/public\/partials\/imgs\/tripadvisor_stars_5.png\" alt=\"5 star rating\" class=\"wprevpro_t6_star_img_file\"><\/span><\/div>\r\n\t\t\t<div class=\"wpproslider_t6_SPAN_6 wprev_preview_tcolor2_T6\"><span class=\"wprev_showdate_T6\">13\/06\/2025<\/span><\/div>\r\n\t\t<\/div>\r\n\t<\/div>\r\n\t<div class=\" wpproslider_t6_DIV_4\">\r\n\t\t\t<div class=\"indrevtxt wpproslider_t6_P_4 wprev_preview_tcolor1_T6\"><div class='readmoretextdiv indrevlineclamp' data-lines='5' data-revid='138'>\t\t\t\t<span class=\"wprevpro_t6_DIV_title wprevreviewtitle\">Un modo favoloso per vivere Malcesine e vedere il Lago di Garda <\/span>Ho sempre voluto farlo e sono felice di averlo fatto qui. Dall'indagine, prenotazione al volo, hanno reso tutto cos\u00ec facile e senza soluzione di continuit\u00e0. Professionale con vibrazioni casual e divertenti. La corsa \u00e8 molto confortevole chiunque potrebbe godere. Grazie mille a Martino & al team!<\/div><div class='divwprsrdmore' style='opacity:0;'><span class='wprs_rd_more'>Leggi di pi\u00f9...<\/span><span class='wprs_rd_less' style='display:none;'>Leggi di meno...<\/span><\/div>\t\t\t<\/div>\r\n\t\t\t\t\t<\/div>\r\n\r\n\t<div class=\"wpproslider_t6_DIV_3_logo\"><a href=\"https:\/\/www.tripadvisor.it\/Attraction_Review-g194807-d4442924-Reviews-Fly_2_Fun-Malcesine_Province_of_Verona_Veneto.html\" target=\"_blank\" rel=\"nofollow noreferrer\" class=\"wprevpro_t6_site_logo_a\"><img decoding=\"async\" width=32 height=32 src=\"https:\/\/www.tandemparagliding.eu\/wp-content\/plugins\/wp-review-slider-pro\/public\/partials\/imgs\/tripadvisor_small_icon.svg\" alt=\"TripAdvisor Logo\" class=\"wprevpro_t6_site_logo wprevsiteicon \"><\/a><\/div>\r\n\t<\/div>\r\n\t\r\n<\/div>\r\n\t\r\n<\/div>\r\n<div class=\" wprevpro_t6_DIV_1 w3_wprs-col l4 outerrevdiv\">\r\n<div class=\"wpproslider_t6_DIV_1a\">\r\n\t<div class=\"indrevdiv wpproslider_t6_DIV_2 wprev_preview_bg1_T6 wprev_preview_bradius_T6\">\r\n\t<div class=\"wpproslider_t6_DIV_2_top\">\r\n\t\t<div class=\"wpproslider_t6_DIV_3L\" style=\"display:none;\"><\/div>\r\n\t\t<div class=\"wpproslider_t6_DIV_3\">\r\n\t\t\t<div class=\"t6displayname wpproslider_t6_STRONG_5 wprev_preview_tcolor2_T6\">Beatrice D<\/div>\r\n\t\t\t<div class=\"wpproslider_t6_star_DIV\"><span class=\"wprevpro_star_imgs_T6\"><img decoding=\"async\" src=\"https:\/\/www.tandemparagliding.eu\/wp-content\/plugins\/wp-review-slider-pro\/public\/partials\/imgs\/tripadvisor_stars_5.png\" alt=\"5 star rating\" class=\"wprevpro_t6_star_img_file\"><\/span><\/div>\r\n\t\t\t<div class=\"wpproslider_t6_SPAN_6 wprev_preview_tcolor2_T6\"><span class=\"wprev_showdate_T6\">09\/06\/2025<\/span><\/div>\r\n\t\t<\/div>\r\n\t<\/div>\r\n\t<div class=\" wpproslider_t6_DIV_4\">\r\n\t\t\t<div class=\"indrevtxt wpproslider_t6_P_4 wprev_preview_tcolor1_T6\"><div class='readmoretextdiv indrevlineclamp' data-lines='5' data-revid='140'>\t\t\t\t<span class=\"wprevpro_t6_DIV_title wprevreviewtitle\">Esperienza Wao! <\/span>Esperienza Wao!Ringrazio tutto lo staff, ragazzi fantastici!Attenti ,molto alla mano \u2026scherzosi e chi pi\u00f9 ne ha , ne metta.Sanno il fatto loro e ci tengono a condividere con il passeggero un briciolo di follia , sicuramente molto brillanti nel loro lavoro.Per una botta di vita lo consiglio vivamente\u2026una di quelle cose che nella vita,devi voler provare altrimenti,non puoi dire di aver vissuto davvero a pieno!Adrenalina allo stato puro !<\/div><div class='divwprsrdmore' style='opacity:0;'><span class='wprs_rd_more'>Leggi di pi\u00f9...<\/span><span class='wprs_rd_less' style='display:none;'>Leggi di meno...<\/span><\/div>\t\t\t<\/div>\r\n\t\t\t\t\t<\/div>\r\n\r\n\t<div class=\"wpproslider_t6_DIV_3_logo\"><a href=\"https:\/\/www.tripadvisor.it\/Attraction_Review-g194807-d4442924-Reviews-Fly_2_Fun-Malcesine_Province_of_Verona_Veneto.html\" target=\"_blank\" rel=\"nofollow noreferrer\" class=\"wprevpro_t6_site_logo_a\"><img decoding=\"async\" width=32 height=32 src=\"https:\/\/www.tandemparagliding.eu\/wp-content\/plugins\/wp-review-slider-pro\/public\/partials\/imgs\/tripadvisor_small_icon.svg\" alt=\"TripAdvisor Logo\" class=\"wprevpro_t6_site_logo wprevsiteicon \"><\/a><\/div>\r\n\t<\/div>\r\n\t\r\n<\/div>\r\n\t\r\n<\/div>\r\n<\/div><\/div><\/div>\n<\/div>\n\t\t\t\t\t\t<\/div>\n\t\t\t\t<\/div>\n\t\t\t\t\t<\/div>\n\t\t\t\t<\/div>\n\t\t\t\t\t<\/div>\n\t\t\t\t<\/div>\n\t\t\t\t<\/div>\n\t\t","protected":false},"excerpt":{"rendered":"<p>Il tuo volo in parapendio biposto sul lago di Garda: un\u2019esperienza unica e indimenticabile. Volare in biposto significa proprio volare in due. Accanto a te ci sar\u00e0 un pilota esperto e qualificato. Il pilota istruttore, che gestir\u00e0 la fase decollo, indicandoti con precisione cosa fare, sar\u00e0 posizionato alle tue spalle. A te \u00e8 riservato il [&hellip;]<\/p>\n","protected":false},"author":1,"featured_media":4073,"parent":0,"menu_order":0,"comment_status":"closed","ping_status":"closed","template":"elementor_header_footer","meta":{"footnotes":""},"class_list":["post-1645","page","type-page","status-publish","has-post-thumbnail","hentry"],"pp_statuses_selecting_workflow":false,"pp_workflow_action":"current","pp_status_selection":"publish","yoast_head":"<!-- This site is optimized with the Yoast SEO plugin v27.3 - https:\/\/yoast.com\/product\/yoast-seo-wordpress\/ -->\n<title>Come funziona il parapendio biposto sul lago di Garda a Malcesine - Tandem Paragliding Fly2fun - Malcesine - Lake Garda - Gardasee<\/title>\n<meta name=\"description\" content=\"Tandem Paragliding Fly2fun - Malcesine - Lake Garda - Gardasee offre voli turistici in Parapendio Biposto a Malcesine, Lago di Garda.\" \/>\n<meta name=\"robots\" content=\"index, follow, max-snippet:-1, max-image-preview:large, max-video-preview:-1\" \/>\n<link rel=\"canonical\" href=\"https:\/\/www.tandemparagliding.eu\/de\/come-funziona\/\" \/>\n<meta property=\"og:locale\" content=\"de_DE\" \/>\n<meta property=\"og:type\" content=\"article\" \/>\n<meta property=\"og:title\" content=\"Come funziona il parapendio biposto sul lago di Garda a Malcesine - Tandem Paragliding Fly2fun - Malcesine - Lake Garda - Gardasee\" \/>\n<meta property=\"og:description\" content=\"Tandem Paragliding Fly2fun - Malcesine - Lake Garda - Gardasee offre voli turistici in Parapendio Biposto a Malcesine, Lago di Garda.\" \/>\n<meta property=\"og:url\" content=\"https:\/\/www.tandemparagliding.eu\/de\/come-funziona\/\" \/>\n<meta property=\"og:site_name\" content=\"Tandem Paragliding Fly2fun - Malcesine - Lake Garda - Gardasee\" \/>\n<meta property=\"article:publisher\" content=\"https:\/\/www.facebook.com\/fly2funtandemparagliding\" \/>\n<meta property=\"article:modified_time\" content=\"2024-07-10T13:02:48+00:00\" \/>\n<meta property=\"og:image\" content=\"https:\/\/www.tandemparagliding.eu\/wp-content\/uploads\/2024\/07\/Tandem-Paragliding-Fly2fun-Aziende-Parapendio-Biposto-Malcesine-Lago-di-Garda-Lake-Garda-Gardasee.jpg\" \/>\n\t<meta property=\"og:image:width\" content=\"1024\" \/>\n\t<meta property=\"og:image:height\" content=\"1024\" \/>\n\t<meta property=\"og:image:type\" content=\"image\/jpeg\" \/>\n<meta name=\"twitter:card\" content=\"summary_large_image\" \/>\n<meta name=\"twitter:label1\" content=\"Gesch\u00e4tzte Lesezeit\" \/>\n\t<meta name=\"twitter:data1\" content=\"5\u00a0Minuten\" \/>\n<script type=\"application\/ld+json\" class=\"yoast-schema-graph\">{\"@context\":\"https:\\\/\\\/schema.org\",\"@graph\":[{\"@type\":\"WebPage\",\"@id\":\"https:\\\/\\\/www.tandemparagliding.eu\\\/come-funziona\\\/\",\"url\":\"https:\\\/\\\/www.tandemparagliding.eu\\\/come-funziona\\\/\",\"name\":\"Come funziona il parapendio biposto sul lago di Garda a Malcesine - Tandem Paragliding Fly2fun - Malcesine - Lake Garda - Gardasee\",\"isPartOf\":{\"@id\":\"https:\\\/\\\/www.tandemparagliding.eu\\\/#website\"},\"primaryImageOfPage\":{\"@id\":\"https:\\\/\\\/www.tandemparagliding.eu\\\/come-funziona\\\/#primaryimage\"},\"image\":{\"@id\":\"https:\\\/\\\/www.tandemparagliding.eu\\\/come-funziona\\\/#primaryimage\"},\"thumbnailUrl\":\"https:\\\/\\\/www.tandemparagliding.eu\\\/wp-content\\\/uploads\\\/2024\\\/07\\\/Tandem-Paragliding-Fly2fun-Aziende-Parapendio-Biposto-Malcesine-Lago-di-Garda-Lake-Garda-Gardasee.jpg\",\"datePublished\":\"2024-03-04T09:36:25+00:00\",\"dateModified\":\"2024-07-10T13:02:48+00:00\",\"description\":\"Tandem Paragliding Fly2fun - Malcesine - Lake Garda - Gardasee offre voli turistici in Parapendio Biposto a Malcesine, Lago di Garda.\",\"breadcrumb\":{\"@id\":\"https:\\\/\\\/www.tandemparagliding.eu\\\/come-funziona\\\/#breadcrumb\"},\"inLanguage\":\"de\",\"potentialAction\":[{\"@type\":\"ReadAction\",\"target\":[\"https:\\\/\\\/www.tandemparagliding.eu\\\/come-funziona\\\/\"]}]},{\"@type\":\"ImageObject\",\"inLanguage\":\"de\",\"@id\":\"https:\\\/\\\/www.tandemparagliding.eu\\\/come-funziona\\\/#primaryimage\",\"url\":\"https:\\\/\\\/www.tandemparagliding.eu\\\/wp-content\\\/uploads\\\/2024\\\/07\\\/Tandem-Paragliding-Fly2fun-Aziende-Parapendio-Biposto-Malcesine-Lago-di-Garda-Lake-Garda-Gardasee.jpg\",\"contentUrl\":\"https:\\\/\\\/www.tandemparagliding.eu\\\/wp-content\\\/uploads\\\/2024\\\/07\\\/Tandem-Paragliding-Fly2fun-Aziende-Parapendio-Biposto-Malcesine-Lago-di-Garda-Lake-Garda-Gardasee.jpg\",\"width\":1024,\"height\":1024,\"caption\":\"Tandem Paragliding Fly2fun Aziende - Parapendio Biposto Malcesine Lago di Garda Lake Garda Gardasee\"},{\"@type\":\"BreadcrumbList\",\"@id\":\"https:\\\/\\\/www.tandemparagliding.eu\\\/come-funziona\\\/#breadcrumb\",\"itemListElement\":[{\"@type\":\"ListItem\",\"position\":1,\"name\":\"Home\",\"item\":\"https:\\\/\\\/www.tandemparagliding.eu\\\/\"},{\"@type\":\"ListItem\",\"position\":2,\"name\":\"Come funziona il parapendio biposto sul lago di Garda a Malcesine\"}]},{\"@type\":\"WebSite\",\"@id\":\"https:\\\/\\\/www.tandemparagliding.eu\\\/#website\",\"url\":\"https:\\\/\\\/www.tandemparagliding.eu\\\/\",\"name\":\"FLY2FUN Tandem Paragliding\",\"description\":\"Parapendio biposto a Malcesine sul Lago di Garda\",\"publisher\":{\"@id\":\"https:\\\/\\\/www.tandemparagliding.eu\\\/#organization\"},\"potentialAction\":[{\"@type\":\"SearchAction\",\"target\":{\"@type\":\"EntryPoint\",\"urlTemplate\":\"https:\\\/\\\/www.tandemparagliding.eu\\\/?s={search_term_string}\"},\"query-input\":{\"@type\":\"PropertyValueSpecification\",\"valueRequired\":true,\"valueName\":\"search_term_string\"}}],\"inLanguage\":\"de\"},{\"@type\":\"Organization\",\"@id\":\"https:\\\/\\\/www.tandemparagliding.eu\\\/#organization\",\"name\":\"FLY2FUN SSD A.R.L\",\"url\":\"https:\\\/\\\/www.tandemparagliding.eu\\\/\",\"logo\":{\"@type\":\"ImageObject\",\"inLanguage\":\"de\",\"@id\":\"https:\\\/\\\/www.tandemparagliding.eu\\\/#\\\/schema\\\/logo\\\/image\\\/\",\"url\":\"https:\\\/\\\/www.tandemparagliding.eu\\\/wp-content\\\/uploads\\\/2024\\\/03\\\/Fly2fun-logo.svg\",\"contentUrl\":\"https:\\\/\\\/www.tandemparagliding.eu\\\/wp-content\\\/uploads\\\/2024\\\/03\\\/Fly2fun-logo.svg\",\"caption\":\"FLY2FUN SSD A.R.L\"},\"image\":{\"@id\":\"https:\\\/\\\/www.tandemparagliding.eu\\\/#\\\/schema\\\/logo\\\/image\\\/\"},\"sameAs\":[\"https:\\\/\\\/www.facebook.com\\\/fly2funtandemparagliding\",\"https:\\\/\\\/www.instagram.com\\\/fly2fun_tandemparagliding.eu\",\"https:\\\/\\\/www.tripadvisor.it\\\/Attraction_Review-g194807-d4442924-Reviews-Fly_2_Fun-Malcesine_Province_of_Verona_Veneto.html\"]}]}<\/script>\n<!-- \/ Yoast SEO plugin. -->","yoast_head_json":{"title":"Come funziona il parapendio biposto sul lago di Garda a Malcesine - Tandem Paragliding Fly2fun - Malcesine - Lake Garda - Gardasee","description":"Tandem Paragliding Fly2fun - Malcesine - Lake Garda - Gardasee offre voli turistici in Parapendio Biposto a Malcesine, Lago di Garda.","robots":{"index":"index","follow":"follow","max-snippet":"max-snippet:-1","max-image-preview":"max-image-preview:large","max-video-preview":"max-video-preview:-1"},"canonical":"https:\/\/www.tandemparagliding.eu\/de\/come-funziona\/","og_locale":"de_DE","og_type":"article","og_title":"Come funziona il parapendio biposto sul lago di Garda a Malcesine - Tandem Paragliding Fly2fun - Malcesine - Lake Garda - Gardasee","og_description":"Tandem Paragliding Fly2fun - Malcesine - Lake Garda - Gardasee offre voli turistici in Parapendio Biposto a Malcesine, Lago di Garda.","og_url":"https:\/\/www.tandemparagliding.eu\/de\/come-funziona\/","og_site_name":"Tandem Paragliding Fly2fun - Malcesine - Lake Garda - Gardasee","article_publisher":"https:\/\/www.facebook.com\/fly2funtandemparagliding","article_modified_time":"2024-07-10T13:02:48+00:00","og_image":[{"width":1024,"height":1024,"url":"https:\/\/www.tandemparagliding.eu\/wp-content\/uploads\/2024\/07\/Tandem-Paragliding-Fly2fun-Aziende-Parapendio-Biposto-Malcesine-Lago-di-Garda-Lake-Garda-Gardasee.jpg","type":"image\/jpeg"}],"twitter_card":"summary_large_image","twitter_misc":{"Gesch\u00e4tzte Lesezeit":"5\u00a0Minuten"},"schema":{"@context":"https:\/\/schema.org","@graph":[{"@type":"WebPage","@id":"https:\/\/www.tandemparagliding.eu\/come-funziona\/","url":"https:\/\/www.tandemparagliding.eu\/come-funziona\/","name":"Come funziona il parapendio biposto sul lago di Garda a Malcesine - Tandem Paragliding Fly2fun - Malcesine - Lake Garda - Gardasee","isPartOf":{"@id":"https:\/\/www.tandemparagliding.eu\/#website"},"primaryImageOfPage":{"@id":"https:\/\/www.tandemparagliding.eu\/come-funziona\/#primaryimage"},"image":{"@id":"https:\/\/www.tandemparagliding.eu\/come-funziona\/#primaryimage"},"thumbnailUrl":"https:\/\/www.tandemparagliding.eu\/wp-content\/uploads\/2024\/07\/Tandem-Paragliding-Fly2fun-Aziende-Parapendio-Biposto-Malcesine-Lago-di-Garda-Lake-Garda-Gardasee.jpg","datePublished":"2024-03-04T09:36:25+00:00","dateModified":"2024-07-10T13:02:48+00:00","description":"Tandem Paragliding Fly2fun - Malcesine - Lake Garda - Gardasee offre voli turistici in Parapendio Biposto a Malcesine, Lago di Garda.","breadcrumb":{"@id":"https:\/\/www.tandemparagliding.eu\/come-funziona\/#breadcrumb"},"inLanguage":"de","potentialAction":[{"@type":"ReadAction","target":["https:\/\/www.tandemparagliding.eu\/come-funziona\/"]}]},{"@type":"ImageObject","inLanguage":"de","@id":"https:\/\/www.tandemparagliding.eu\/come-funziona\/#primaryimage","url":"https:\/\/www.tandemparagliding.eu\/wp-content\/uploads\/2024\/07\/Tandem-Paragliding-Fly2fun-Aziende-Parapendio-Biposto-Malcesine-Lago-di-Garda-Lake-Garda-Gardasee.jpg","contentUrl":"https:\/\/www.tandemparagliding.eu\/wp-content\/uploads\/2024\/07\/Tandem-Paragliding-Fly2fun-Aziende-Parapendio-Biposto-Malcesine-Lago-di-Garda-Lake-Garda-Gardasee.jpg","width":1024,"height":1024,"caption":"Tandem Paragliding Fly2fun Aziende - Parapendio Biposto Malcesine Lago di Garda Lake Garda Gardasee"},{"@type":"BreadcrumbList","@id":"https:\/\/www.tandemparagliding.eu\/come-funziona\/#breadcrumb","itemListElement":[{"@type":"ListItem","position":1,"name":"Home","item":"https:\/\/www.tandemparagliding.eu\/"},{"@type":"ListItem","position":2,"name":"Come funziona il parapendio biposto sul lago di Garda a Malcesine"}]},{"@type":"WebSite","@id":"https:\/\/www.tandemparagliding.eu\/#website","url":"https:\/\/www.tandemparagliding.eu\/","name":"FLY2FUN Tandem Paragliding","description":"Parapendio biposto a Malcesine sul Lago di Garda","publisher":{"@id":"https:\/\/www.tandemparagliding.eu\/#organization"},"potentialAction":[{"@type":"SearchAction","target":{"@type":"EntryPoint","urlTemplate":"https:\/\/www.tandemparagliding.eu\/?s={search_term_string}"},"query-input":{"@type":"PropertyValueSpecification","valueRequired":true,"valueName":"search_term_string"}}],"inLanguage":"de"},{"@type":"Organization","@id":"https:\/\/www.tandemparagliding.eu\/#organization","name":"FLY2FUN SSD A.R.L","url":"https:\/\/www.tandemparagliding.eu\/","logo":{"@type":"ImageObject","inLanguage":"de","@id":"https:\/\/www.tandemparagliding.eu\/#\/schema\/logo\/image\/","url":"https:\/\/www.tandemparagliding.eu\/wp-content\/uploads\/2024\/03\/Fly2fun-logo.svg","contentUrl":"https:\/\/www.tandemparagliding.eu\/wp-content\/uploads\/2024\/03\/Fly2fun-logo.svg","caption":"FLY2FUN SSD A.R.L"},"image":{"@id":"https:\/\/www.tandemparagliding.eu\/#\/schema\/logo\/image\/"},"sameAs":["https:\/\/www.facebook.com\/fly2funtandemparagliding","https:\/\/www.instagram.com\/fly2fun_tandemparagliding.eu","https:\/\/www.tripadvisor.it\/Attraction_Review-g194807-d4442924-Reviews-Fly_2_Fun-Malcesine_Province_of_Verona_Veneto.html"]}]}},"_links":{"self":[{"href":"https:\/\/www.tandemparagliding.eu\/de\/wp-json\/wp\/v2\/pages\/1645","targetHints":{"allow":["GET"]}}],"collection":[{"href":"https:\/\/www.tandemparagliding.eu\/de\/wp-json\/wp\/v2\/pages"}],"about":[{"href":"https:\/\/www.tandemparagliding.eu\/de\/wp-json\/wp\/v2\/types\/page"}],"author":[{"embeddable":true,"href":"https:\/\/www.tandemparagliding.eu\/de\/wp-json\/wp\/v2\/users\/1"}],"replies":[{"embeddable":true,"href":"https:\/\/www.tandemparagliding.eu\/de\/wp-json\/wp\/v2\/comments?post=1645"}],"version-history":[{"count":320,"href":"https:\/\/www.tandemparagliding.eu\/de\/wp-json\/wp\/v2\/pages\/1645\/revisions"}],"predecessor-version":[{"id":4127,"href":"https:\/\/www.tandemparagliding.eu\/de\/wp-json\/wp\/v2\/pages\/1645\/revisions\/4127"}],"wp:featuredmedia":[{"embeddable":true,"href":"https:\/\/www.tandemparagliding.eu\/de\/wp-json\/wp\/v2\/media\/4073"}],"wp:attachment":[{"href":"https:\/\/www.tandemparagliding.eu\/de\/wp-json\/wp\/v2\/media?parent=1645"}],"curies":[{"name":"wp","href":"https:\/\/api.w.org\/{rel}","templated":true}]}}