{"id":2575,"date":"2024-03-06T16:07:27","date_gmt":"2024-03-06T15:07:27","guid":{"rendered":"https:\/\/www.tandemparagliding.eu\/?page_id=2575"},"modified":"2024-07-10T15:48:58","modified_gmt":"2024-07-10T13:48:58","slug":"team","status":"publish","type":"page","link":"https:\/\/www.tandemparagliding.eu\/de\/team\/","title":{"rendered":"Fly2fun-Team aus professionellen Piloten"},"content":{"rendered":"<div data-elementor-type=\"wp-page\" data-elementor-id=\"2575\" class=\"elementor elementor-2575\" data-elementor-post-type=\"page\">\n\t\t\t\t<div class=\"elementor-element elementor-element-f80529e e-con-full e-flex e-con e-parent\" data-id=\"f80529e\" data-element_type=\"container\" data-e-type=\"container\" data-settings=\"{&quot;background_background&quot;:&quot;classic&quot;,&quot;shape_divider_bottom&quot;:&quot;curve-asymmetrical&quot;}\">\n\t\t\t\t<div class=\"elementor-shape elementor-shape-bottom\" aria-hidden=\"true\" data-negative=\"false\">\n\t\t\t<svg xmlns=\"http:\/\/www.w3.org\/2000\/svg\" viewbox=\"0 0 1000 100\" preserveaspectratio=\"none\">\n\t<path class=\"elementor-shape-fill\" d=\"M0,0c0,0,0,6,0,6.7c0,18,240.2,93.6,615.2,92.6C989.8,98.5,1000,25,1000,6.7c0-0.7,0-6.7,0-6.7H0z\"\/>\n<\/svg>\t\t<\/div>\n\t\t\t\t<\/div>\n\t\t<div class=\"elementor-element elementor-element-6b2d0ce e-flex e-con-boxed e-con e-parent\" data-id=\"6b2d0ce\" data-element_type=\"container\" data-e-type=\"container\">\n\t\t\t\t\t<div class=\"e-con-inner\">\n\t\t<div class=\"elementor-element elementor-element-275bdfd e-flex e-con-boxed e-con e-child\" data-id=\"275bdfd\" data-element_type=\"container\" data-e-type=\"container\">\n\t\t\t\t\t<div class=\"e-con-inner\">\n\t\t\t\t<div class=\"elementor-element elementor-element-e731eb8 elementor-widget elementor-widget-heading\" data-id=\"e731eb8\" data-element_type=\"widget\" data-e-type=\"widget\" data-widget_type=\"heading.default\">\n\t\t\t\t<div class=\"elementor-widget-container\">\n\t\t\t\t\t<h2 class=\"elementor-heading-title elementor-size-default\">Fly2fun-Team aus professionellen Piloten<\/h2>\t\t\t\t<\/div>\n\t\t\t\t<\/div>\n\t\t\t\t<div class=\"elementor-element elementor-element-32104b0 elementor-widget elementor-widget-text-editor\" data-id=\"32104b0\" data-element_type=\"widget\" data-e-type=\"widget\" data-widget_type=\"text-editor.default\">\n\t\t\t\t<div class=\"elementor-widget-container\">\n\t\t\t\t\t\t\t\t\t<p>Wir lieben das Fliegen. Das Gef\u00fchl von Leichtigkeit und Freiheit. Das Adrenalin und das Wohlbefinden, das wir jedes Mal sp\u00fcren, wenn unsere F\u00fc\u00dfe den Boden verlassen. Wir m\u00f6chten, dass auch Sie das alles erleben. Wir sind ein Team vorbereiteter, qualifizierter und geschulter Berufskraftfahrer. Und wir k\u00f6nnen es kaum erwarten, Sie kennenzulernen.<\/p>\t\t\t\t\t\t\t\t<\/div>\n\t\t\t\t<\/div>\n\t\t\t\t\t<\/div>\n\t\t\t\t<\/div>\n\t\t<div class=\"elementor-element elementor-element-0113e1b e-flex e-con-boxed e-con e-child\" data-id=\"0113e1b\" data-element_type=\"container\" data-e-type=\"container\">\n\t\t\t\t\t<div class=\"e-con-inner\">\n\t\t\t\t<div class=\"elementor-element elementor-element-2cf5612 elementor-widget__width-initial eael-team-align-eael-team-align-default elementor-widget elementor-widget-eael-team-member\" data-id=\"2cf5612\" data-element_type=\"widget\" data-e-type=\"widget\" data-widget_type=\"eael-team-member.default\">\n\t\t\t\t<div class=\"elementor-widget-container\">\n\t\t\t\t\t\n\n\t<div id=\"eael-team-member-2cf5612\" class=\"eael-team-item eael-team-members-simple team-avatar-rounded\">\n\t\t<div class=\"eael-team-item-inner\">\n\t\t\t<div class=\"eael-team-image\">\n\t\t\t\t<figure>\n\t\t\t\t\t\t\t\t\t\t<img decoding=\"async\" src=\"https:\/\/www.tandemparagliding.eu\/wp-content\/uploads\/2024\/03\/Fly2Fun-Carf-Parapendio-Biposto-Lago-di-Garda-Monte-Baldo-Malcesine.jpg\" alt=\"Fly2Fun - Carf - Parapendio Biposto Lago di Garda Monte Baldo Malcesine\">\n\t\t\t\t\t\t\t\t\t<\/figure>\n\t\t\t\t\n\t\t\t\t\n\t\t\t<\/div>\n\n\t\t\t<div class=\"eael-team-content\">\n\t\t\t\t<h2 class=\"eael-team-member-name\">Carf<\/h2><h3 class=\"eael-team-member-position\"><\/h3>\n\t\t\t\t\t\t\t\t\t\t\t\t\t\t<p class=\"eael-team-text\">Geburtsdatum: <span>13\/09\/1968 (I)<\/span>\n<br>\nGleitschirm-F\u00fchrerschein: <span>1991<\/span>\n<br>\nTandemf\u00fchrerschein: <span>1994<\/span>\n<br>\nTest pilot: <span>1995\/2003<\/span><\/p>\n\t\t\t\t\t\t\t<\/div>\n\t\t<\/div>\n\t<\/div>\n\t\t\t\t\t<\/div>\n\t\t\t\t<\/div>\n\t\t\t\t<div class=\"elementor-element elementor-element-2ac812f eael-team-align-eael-team-align-default elementor-widget elementor-widget-eael-team-member\" data-id=\"2ac812f\" data-element_type=\"widget\" data-e-type=\"widget\" data-widget_type=\"eael-team-member.default\">\n\t\t\t\t<div class=\"elementor-widget-container\">\n\t\t\t\t\t\n\n\t<div id=\"eael-team-member-2ac812f\" class=\"eael-team-item eael-team-members-simple team-avatar-rounded\">\n\t\t<div class=\"eael-team-item-inner\">\n\t\t\t<div class=\"eael-team-image\">\n\t\t\t\t<figure>\n\t\t\t\t\t\t\t\t\t\t<img decoding=\"async\" src=\"https:\/\/www.tandemparagliding.eu\/wp-content\/uploads\/2024\/03\/Fly2Fun-Simone-Parapendio-Biposto-Lago-di-Garda-Monte-Baldo-Malcesine.jpg\" alt=\"Fly2Fun - Simone - Parapendio Biposto Lago di Garda Monte Baldo Malcesine\">\n\t\t\t\t\t\t\t\t\t<\/figure>\n\t\t\t\t\n\t\t\t\t\n\t\t\t<\/div>\n\n\t\t\t<div class=\"eael-team-content\">\n\t\t\t\t<h2 class=\"eael-team-member-name\">Simone<\/h2><h3 class=\"eael-team-member-position\"><\/h3>\n\t\t\t\t\t\t\t\t\t\t\t\t\t\t<p class=\"eael-team-text\">Geburtsdatum: <span>17\/05\/1985 (I)<\/span>\n<br>\nGleitschirm-F\u00fchrerschein: <span>2004<\/span>\n<br>\nTandemf\u00fchrerschein: <span>2008<\/span>\n<br>\nStuntpilot: <span>2006<\/span><\/p>\n\t\t\t\t\t\t\t<\/div>\n\t\t<\/div>\n\t<\/div>\n\t\t\t\t\t<\/div>\n\t\t\t\t<\/div>\n\t\t\t\t<div class=\"elementor-element elementor-element-3f57f2e eael-team-align-eael-team-align-default elementor-widget elementor-widget-eael-team-member\" data-id=\"3f57f2e\" data-element_type=\"widget\" data-e-type=\"widget\" data-widget_type=\"eael-team-member.default\">\n\t\t\t\t<div class=\"elementor-widget-container\">\n\t\t\t\t\t\n\n\t<div id=\"eael-team-member-3f57f2e\" class=\"eael-team-item eael-team-members-simple team-avatar-rounded\">\n\t\t<div class=\"eael-team-item-inner\">\n\t\t\t<div class=\"eael-team-image\">\n\t\t\t\t<figure>\n\t\t\t\t\t\t\t\t\t\t<img decoding=\"async\" src=\"https:\/\/www.tandemparagliding.eu\/wp-content\/uploads\/2024\/03\/Fly2Fun-Stefano-Parapendio-Biposto-Lago-di-Garda-Monte-Baldo-Malcesine.jpg\" alt=\"Fly2Fun - Stefano - Parapendio Biposto Lago di Garda Monte Baldo Malcesine\">\n\t\t\t\t\t\t\t\t\t<\/figure>\n\t\t\t\t\n\t\t\t\t\n\t\t\t<\/div>\n\n\t\t\t<div class=\"eael-team-content\">\n\t\t\t\t<h2 class=\"eael-team-member-name\">Stefano<\/h2><h3 class=\"eael-team-member-position\"><\/h3>\n\t\t\t\t\t\t\t\t\t\t\t\t\t\t<p class=\"eael-team-text\">Geburtsdatum: <span>28\/11\/1989 (I)<\/span>\n<br>\nGleitschirm-F\u00fchrerschein: <span>2012<\/span>\n<br>\nTandemf\u00fchrerschein: <span>2014<\/span>\n<br>\nStuntpilot: <span>2013<\/span><\/p>\n\t\t\t\t\t\t\t<\/div>\n\t\t<\/div>\n\t<\/div>\n\t\t\t\t\t<\/div>\n\t\t\t\t<\/div>\n\t\t\t\t\t<\/div>\n\t\t\t\t<\/div>\n\t\t<div class=\"elementor-element elementor-element-d96010a e-flex e-con-boxed e-con e-child\" data-id=\"d96010a\" data-element_type=\"container\" data-e-type=\"container\">\n\t\t\t\t\t<div class=\"e-con-inner\">\n\t\t\t\t<div class=\"elementor-element elementor-element-0a5f0f3 eael-team-align-eael-team-align-default elementor-widget elementor-widget-eael-team-member\" data-id=\"0a5f0f3\" data-element_type=\"widget\" data-e-type=\"widget\" data-widget_type=\"eael-team-member.default\">\n\t\t\t\t<div class=\"elementor-widget-container\">\n\t\t\t\t\t\n\n\t<div id=\"eael-team-member-0a5f0f3\" class=\"eael-team-item eael-team-members-simple team-avatar-rounded\">\n\t\t<div class=\"eael-team-item-inner\">\n\t\t\t<div class=\"eael-team-image\">\n\t\t\t\t<figure>\n\t\t\t\t\t\t\t\t\t\t<img decoding=\"async\" src=\"https:\/\/www.tandemparagliding.eu\/wp-content\/uploads\/2024\/06\/Fly2Fun-Martino-Persico-Parapendio-Biposto-Lago-di-Garda-Monte-Baldo-Malcesine.jpg\" alt=\"Fly2Fun - Martino Persico - Parapendio Biposto Lago di Garda Monte Baldo Malcesine\">\n\t\t\t\t\t\t\t\t\t<\/figure>\n\t\t\t\t\n\t\t\t\t\n\t\t\t<\/div>\n\n\t\t\t<div class=\"eael-team-content\">\n\t\t\t\t<h2 class=\"eael-team-member-name\">Martino Persico<\/h2><h3 class=\"eael-team-member-position\"><\/h3>\n\t\t\t\t\t\t\t\t\t\t\t\t\t\t<p class=\"eael-team-text\">Geburtsdatum: <span>19\/05\/1992<\/span>\n<br>\nEinzelpatent: <span>24\/06\/2015<\/span>\n<br>\nZweisitzer-Patent: <span>01\/06\/2023<\/span><\/p>\n\t\t\t\t\t\t\t<\/div>\n\t\t<\/div>\n\t<\/div>\n\t\t\t\t\t<\/div>\n\t\t\t\t<\/div>\n\t\t\t\t<div class=\"elementor-element elementor-element-15c68c4 eael-team-align-eael-team-align-default elementor-widget elementor-widget-eael-team-member\" data-id=\"15c68c4\" data-element_type=\"widget\" data-e-type=\"widget\" data-widget_type=\"eael-team-member.default\">\n\t\t\t\t<div class=\"elementor-widget-container\">\n\t\t\t\t\t\n\n\t<div id=\"eael-team-member-15c68c4\" class=\"eael-team-item eael-team-members-simple team-avatar-rounded\">\n\t\t<div class=\"eael-team-item-inner\">\n\t\t\t<div class=\"eael-team-image\">\n\t\t\t\t<figure>\n\t\t\t\t\t\t\t\t\t\t<img decoding=\"async\" src=\"https:\/\/www.tandemparagliding.eu\/wp-content\/uploads\/2024\/06\/Fly2Fun-Simone-Tanfoglio-Parapendio-Biposto-Lago-di-Garda-Monte-Baldo-Malcesine.jpg\" alt=\"Fly2Fun - Simone Tanfoglio - Parapendio Biposto Lago di Garda Monte Baldo Malcesine\">\n\t\t\t\t\t\t\t\t\t<\/figure>\n\t\t\t\t\n\t\t\t\t\n\t\t\t<\/div>\n\n\t\t\t<div class=\"eael-team-content\">\n\t\t\t\t<h2 class=\"eael-team-member-name\">Simone Tanfoglio<\/h2><h3 class=\"eael-team-member-position\"><\/h3>\n\t\t\t\t\t\t\t\t\t\t\t\t\t\t<p class=\"eael-team-text\">Geburtsdatum: <span>22\/12\/1999<\/span>\n<br>\nEinzelpatent: <span>30\/11\/2021<\/span>\n<br>\nZweisitzer-Patent: <span>08\/07\/2023<\/span><\/p>\n\t\t\t\t\t\t\t<\/div>\n\t\t<\/div>\n\t<\/div>\n\t\t\t\t\t<\/div>\n\t\t\t\t<\/div>\n\t\t\t\t<div class=\"elementor-element elementor-element-a8ee2f6 eael-team-align-eael-team-align-default elementor-widget elementor-widget-eael-team-member\" data-id=\"a8ee2f6\" data-element_type=\"widget\" data-e-type=\"widget\" data-widget_type=\"eael-team-member.default\">\n\t\t\t\t<div class=\"elementor-widget-container\">\n\t\t\t\t\t\n\n\t<div id=\"eael-team-member-a8ee2f6\" class=\"eael-team-item eael-team-members-simple team-avatar-rounded\">\n\t\t<div class=\"eael-team-item-inner\">\n\t\t\t<div class=\"eael-team-image\">\n\t\t\t\t<figure>\n\t\t\t\t\t\t\t\t\t\t<img decoding=\"async\" src=\"https:\/\/www.tandemparagliding.eu\/wp-content\/uploads\/2024\/06\/Fly2Fun-Giorgia-Ostinato-Parapendio-Biposto-Lago-di-Garda-Monte-Baldo-Malcesine.jpg\" alt=\"Fly2Fun - Giorgia Ostinato - Parapendio Biposto Lago di Garda Monte Baldo Malcesine\">\n\t\t\t\t\t\t\t\t\t<\/figure>\n\t\t\t\t\n\t\t\t\t\n\t\t\t<\/div>\n\n\t\t\t<div class=\"eael-team-content\">\n\t\t\t\t<h2 class=\"eael-team-member-name\">Giorgia Ostinato<\/h2><h3 class=\"eael-team-member-position\"><\/h3>\n\t\t\t\t\t\t\t\t\t\t\t\t\t\t<p class=\"eael-team-text\">Booking Manager &amp; Customer Service<\/p>\n\t\t\t\t\t\t\t<\/div>\n\t\t<\/div>\n\t<\/div>\n\t\t\t\t\t<\/div>\n\t\t\t\t<\/div>\n\t\t\t\t\t<\/div>\n\t\t\t\t<\/div>\n\t\t\t\t\t<\/div>\n\t\t\t\t<\/div>\n\t\t<div class=\"elementor-element elementor-element-0d09a16 e-flex e-con-boxed e-con e-parent\" data-id=\"0d09a16\" data-element_type=\"container\" data-e-type=\"container\">\n\t\t\t\t\t<div class=\"e-con-inner\">\n\t\t\t\t<div class=\"elementor-element elementor-element-418d8ad elementor-widget elementor-widget-template\" data-id=\"418d8ad\" data-element_type=\"widget\" data-e-type=\"widget\" data-widget_type=\"template.default\">\n\t\t\t\t<div class=\"elementor-widget-container\">\n\t\t\t\t\t\t\t<div class=\"elementor-template\">\n\t\t\t\t\t<div data-elementor-type=\"container\" data-elementor-id=\"2229\" class=\"elementor elementor-2229\" data-elementor-post-type=\"elementor_library\">\n\t\t\t\t<div class=\"elementor-element elementor-element-5325b931 e-con-full e-flex e-con e-child\" data-id=\"5325b931\" data-element_type=\"container\" data-e-type=\"container\">\n\t\t\t\t<div class=\"elementor-element elementor-element-3e0cfea7 elementor-align-center elementor-widget elementor-widget-button\" data-id=\"3e0cfea7\" data-element_type=\"widget\" data-e-type=\"widget\" data-widget_type=\"button.default\">\n\t\t\t\t<div class=\"elementor-widget-container\">\n\t\t\t\t\t\t\t\t\t<div class=\"elementor-button-wrapper\">\n\t\t\t\t\t<a class=\"elementor-button elementor-button-link elementor-size-lg\" href=\"https:\/\/wa.me\/+393349469757\">\n\t\t\t\t\t\t<span class=\"elementor-button-content-wrapper\">\n\t\t\t\t\t\t\t\t\t<span class=\"elementor-button-text\">Buchen<\/span>\n\t\t\t\t\t<\/span>\n\t\t\t\t\t<\/a>\n\t\t\t\t<\/div>\n\t\t\t\t\t\t\t\t<\/div>\n\t\t\t\t<\/div>\n\t\t\t\t<div class=\"elementor-element elementor-element-580c44a4 elementor-align-center elementor-widget elementor-widget-button\" data-id=\"580c44a4\" data-element_type=\"widget\" data-e-type=\"widget\" data-widget_type=\"button.default\">\n\t\t\t\t<div class=\"elementor-widget-container\">\n\t\t\t\t\t\t\t\t\t<div class=\"elementor-button-wrapper\">\n\t\t\t\t\t<a class=\"elementor-button elementor-button-link elementor-size-xl elementor-animation-grow\" href=\"tel:+393349469757\" target=\"_blank\">\n\t\t\t\t\t\t<span class=\"elementor-button-content-wrapper\">\n\t\t\t\t\t\t<span class=\"elementor-button-icon\">\n\t\t\t\t<svg aria-hidden=\"true\" class=\"e-font-icon-svg e-fas-phone-volume\" viewbox=\"0 0 384 512\" xmlns=\"http:\/\/www.w3.org\/2000\/svg\"><path d=\"M97.333 506.966c-129.874-129.874-129.681-340.252 0-469.933 5.698-5.698 14.527-6.632 21.263-2.422l64.817 40.513a17.187 17.187 0 0 1 6.849 20.958l-32.408 81.021a17.188 17.188 0 0 1-17.669 10.719l-55.81-5.58c-21.051 58.261-20.612 122.471 0 179.515l55.811-5.581a17.188 17.188 0 0 1 17.669 10.719l32.408 81.022a17.188 17.188 0 0 1-6.849 20.958l-64.817 40.513a17.19 17.19 0 0 1-21.264-2.422zM247.126 95.473c11.832 20.047 11.832 45.008 0 65.055-3.95 6.693-13.108 7.959-18.718 2.581l-5.975-5.726c-3.911-3.748-4.793-9.622-2.261-14.41a32.063 32.063 0 0 0 0-29.945c-2.533-4.788-1.65-10.662 2.261-14.41l5.975-5.726c5.61-5.378 14.768-4.112 18.718 2.581zm91.787-91.187c60.14 71.604 60.092 175.882 0 247.428-4.474 5.327-12.53 5.746-17.552.933l-5.798-5.557c-4.56-4.371-4.977-11.529-.93-16.379 49.687-59.538 49.646-145.933 0-205.422-4.047-4.85-3.631-12.008.93-16.379l5.798-5.557c5.022-4.813 13.078-4.394 17.552.933zm-45.972 44.941c36.05 46.322 36.108 111.149 0 157.546-4.39 5.641-12.697 6.251-17.856 1.304l-5.818-5.579c-4.4-4.219-4.998-11.095-1.285-15.931 26.536-34.564 26.534-82.572 0-117.134-3.713-4.836-3.115-11.711 1.285-15.931l5.818-5.579c5.159-4.947 13.466-4.337 17.856 1.304z\"><\/path><\/svg>\t\t\t<\/span>\n\t\t\t\t\t\t\t\t\t<span class=\"elementor-button-text\">...oder KONTAKTIEREN SIE UNS PER TELEFON<\/span>\n\t\t\t\t\t<\/span>\n\t\t\t\t\t<\/a>\n\t\t\t\t<\/div>\n\t\t\t\t\t\t\t\t<\/div>\n\t\t\t\t<\/div>\n\t\t\t\t<\/div>\n\t\t\t\t<\/div>\n\t\t\t\t<\/div>\n\t\t\t\t\t\t<\/div>\n\t\t\t\t<\/div>\n\t\t\t\t\t<\/div>\n\t\t\t\t<\/div>\n\t\t\t\t<\/div>","protected":false},"excerpt":{"rendered":"<p>Team di piloti professionisti Fly2fun Amiamo il volo. La sensazione di leggerezza e libert\u00e0. L\u2019adrenalina e il benessere che proviamo ogni volta che i nostri piedi si staccano da terra. Vogliamo far vivere anche a te tutto questo. Siamo un team di piloti professionisti preparato, qualificato e allenato. E non vediamo l\u2019ora di conoscerti. Carf [&hellip;]<\/p>\n","protected":false},"author":1,"featured_media":4138,"parent":0,"menu_order":0,"comment_status":"closed","ping_status":"closed","template":"elementor_header_footer","meta":{"footnotes":""},"class_list":["post-2575","page","type-page","status-publish","has-post-thumbnail","hentry"],"pp_statuses_selecting_workflow":false,"pp_workflow_action":"current","pp_status_selection":"publish","yoast_head":"<!-- This site is optimized with the Yoast SEO plugin v27.3 - https:\/\/yoast.com\/product\/yoast-seo-wordpress\/ -->\n<title>Team di piloti professionisti Fly2fun - Tandem Paragliding Fly2fun - Malcesine - Lake Garda - Gardasee<\/title>\n<meta name=\"description\" content=\"Tandem Paragliding Fly2fun - Malcesine - Lake Garda - Gardasee offre voli turistici in Parapendio Biposto a Malcesine, Lago di Garda.\" \/>\n<meta name=\"robots\" content=\"index, follow, max-snippet:-1, max-image-preview:large, max-video-preview:-1\" \/>\n<link rel=\"canonical\" href=\"https:\/\/www.tandemparagliding.eu\/de\/team\/\" \/>\n<meta property=\"og:locale\" content=\"de_DE\" \/>\n<meta property=\"og:type\" content=\"article\" \/>\n<meta property=\"og:title\" content=\"Team di piloti professionisti Fly2fun - Tandem Paragliding Fly2fun - Malcesine - Lake Garda - Gardasee\" \/>\n<meta property=\"og:description\" content=\"Tandem Paragliding Fly2fun - Malcesine - Lake Garda - Gardasee offre voli turistici in Parapendio Biposto a Malcesine, Lago di Garda.\" \/>\n<meta property=\"og:url\" content=\"https:\/\/www.tandemparagliding.eu\/de\/team\/\" \/>\n<meta property=\"og:site_name\" content=\"Tandem Paragliding Fly2fun - Malcesine - Lake Garda - Gardasee\" \/>\n<meta property=\"article:publisher\" content=\"https:\/\/www.facebook.com\/fly2funtandemparagliding\" \/>\n<meta property=\"article:modified_time\" content=\"2024-07-10T13:48:58+00:00\" \/>\n<meta property=\"og:image\" content=\"https:\/\/www.tandemparagliding.eu\/wp-content\/uploads\/2024\/07\/Tandem-Paragliding-Fly2fun-logo-Parapendio-Biposto-Malcesine-Lago-di-Garda-Lake-Garda-Gardasee.jpg\" \/>\n\t<meta property=\"og:image:width\" content=\"800\" \/>\n\t<meta property=\"og:image:height\" content=\"800\" \/>\n\t<meta property=\"og:image:type\" content=\"image\/jpeg\" \/>\n<meta name=\"twitter:card\" content=\"summary_large_image\" \/>\n<meta name=\"twitter:label1\" content=\"Gesch\u00e4tzte Lesezeit\" \/>\n\t<meta name=\"twitter:data1\" content=\"2\u00a0Minuten\" \/>\n<script type=\"application\/ld+json\" class=\"yoast-schema-graph\">{\"@context\":\"https:\\\/\\\/schema.org\",\"@graph\":[{\"@type\":\"WebPage\",\"@id\":\"https:\\\/\\\/www.tandemparagliding.eu\\\/team\\\/\",\"url\":\"https:\\\/\\\/www.tandemparagliding.eu\\\/team\\\/\",\"name\":\"Team di piloti professionisti Fly2fun - Tandem Paragliding Fly2fun - Malcesine - Lake Garda - Gardasee\",\"isPartOf\":{\"@id\":\"https:\\\/\\\/www.tandemparagliding.eu\\\/#website\"},\"primaryImageOfPage\":{\"@id\":\"https:\\\/\\\/www.tandemparagliding.eu\\\/team\\\/#primaryimage\"},\"image\":{\"@id\":\"https:\\\/\\\/www.tandemparagliding.eu\\\/team\\\/#primaryimage\"},\"thumbnailUrl\":\"https:\\\/\\\/www.tandemparagliding.eu\\\/wp-content\\\/uploads\\\/2024\\\/07\\\/Tandem-Paragliding-Fly2fun-logo-Parapendio-Biposto-Malcesine-Lago-di-Garda-Lake-Garda-Gardasee.jpg\",\"datePublished\":\"2024-03-06T15:07:27+00:00\",\"dateModified\":\"2024-07-10T13:48:58+00:00\",\"description\":\"Tandem Paragliding Fly2fun - Malcesine - Lake Garda - Gardasee offre voli turistici in Parapendio Biposto a Malcesine, Lago di Garda.\",\"breadcrumb\":{\"@id\":\"https:\\\/\\\/www.tandemparagliding.eu\\\/team\\\/#breadcrumb\"},\"inLanguage\":\"de\",\"potentialAction\":[{\"@type\":\"ReadAction\",\"target\":[\"https:\\\/\\\/www.tandemparagliding.eu\\\/team\\\/\"]}]},{\"@type\":\"ImageObject\",\"inLanguage\":\"de\",\"@id\":\"https:\\\/\\\/www.tandemparagliding.eu\\\/team\\\/#primaryimage\",\"url\":\"https:\\\/\\\/www.tandemparagliding.eu\\\/wp-content\\\/uploads\\\/2024\\\/07\\\/Tandem-Paragliding-Fly2fun-logo-Parapendio-Biposto-Malcesine-Lago-di-Garda-Lake-Garda-Gardasee.jpg\",\"contentUrl\":\"https:\\\/\\\/www.tandemparagliding.eu\\\/wp-content\\\/uploads\\\/2024\\\/07\\\/Tandem-Paragliding-Fly2fun-logo-Parapendio-Biposto-Malcesine-Lago-di-Garda-Lake-Garda-Gardasee.jpg\",\"width\":800,\"height\":800},{\"@type\":\"BreadcrumbList\",\"@id\":\"https:\\\/\\\/www.tandemparagliding.eu\\\/team\\\/#breadcrumb\",\"itemListElement\":[{\"@type\":\"ListItem\",\"position\":1,\"name\":\"Home\",\"item\":\"https:\\\/\\\/www.tandemparagliding.eu\\\/\"},{\"@type\":\"ListItem\",\"position\":2,\"name\":\"Team di piloti professionisti Fly2fun\"}]},{\"@type\":\"WebSite\",\"@id\":\"https:\\\/\\\/www.tandemparagliding.eu\\\/#website\",\"url\":\"https:\\\/\\\/www.tandemparagliding.eu\\\/\",\"name\":\"FLY2FUN Tandem Paragliding\",\"description\":\"Parapendio biposto a Malcesine sul Lago di Garda\",\"publisher\":{\"@id\":\"https:\\\/\\\/www.tandemparagliding.eu\\\/#organization\"},\"potentialAction\":[{\"@type\":\"SearchAction\",\"target\":{\"@type\":\"EntryPoint\",\"urlTemplate\":\"https:\\\/\\\/www.tandemparagliding.eu\\\/?s={search_term_string}\"},\"query-input\":{\"@type\":\"PropertyValueSpecification\",\"valueRequired\":true,\"valueName\":\"search_term_string\"}}],\"inLanguage\":\"de\"},{\"@type\":\"Organization\",\"@id\":\"https:\\\/\\\/www.tandemparagliding.eu\\\/#organization\",\"name\":\"FLY2FUN SSD A.R.L\",\"url\":\"https:\\\/\\\/www.tandemparagliding.eu\\\/\",\"logo\":{\"@type\":\"ImageObject\",\"inLanguage\":\"de\",\"@id\":\"https:\\\/\\\/www.tandemparagliding.eu\\\/#\\\/schema\\\/logo\\\/image\\\/\",\"url\":\"https:\\\/\\\/www.tandemparagliding.eu\\\/wp-content\\\/uploads\\\/2024\\\/03\\\/Fly2fun-logo.svg\",\"contentUrl\":\"https:\\\/\\\/www.tandemparagliding.eu\\\/wp-content\\\/uploads\\\/2024\\\/03\\\/Fly2fun-logo.svg\",\"caption\":\"FLY2FUN SSD A.R.L\"},\"image\":{\"@id\":\"https:\\\/\\\/www.tandemparagliding.eu\\\/#\\\/schema\\\/logo\\\/image\\\/\"},\"sameAs\":[\"https:\\\/\\\/www.facebook.com\\\/fly2funtandemparagliding\",\"https:\\\/\\\/www.instagram.com\\\/fly2fun_tandemparagliding.eu\",\"https:\\\/\\\/www.tripadvisor.it\\\/Attraction_Review-g194807-d4442924-Reviews-Fly_2_Fun-Malcesine_Province_of_Verona_Veneto.html\"]}]}<\/script>\n<!-- \/ Yoast SEO plugin. -->","yoast_head_json":{"title":"Team di piloti professionisti Fly2fun - Tandem Paragliding Fly2fun - Malcesine - Lake Garda - Gardasee","description":"Tandem Paragliding Fly2fun - Malcesine - Lake Garda - Gardasee offre voli turistici in Parapendio Biposto a Malcesine, Lago di Garda.","robots":{"index":"index","follow":"follow","max-snippet":"max-snippet:-1","max-image-preview":"max-image-preview:large","max-video-preview":"max-video-preview:-1"},"canonical":"https:\/\/www.tandemparagliding.eu\/de\/team\/","og_locale":"de_DE","og_type":"article","og_title":"Team di piloti professionisti Fly2fun - Tandem Paragliding Fly2fun - Malcesine - Lake Garda - Gardasee","og_description":"Tandem Paragliding Fly2fun - Malcesine - Lake Garda - Gardasee offre voli turistici in Parapendio Biposto a Malcesine, Lago di Garda.","og_url":"https:\/\/www.tandemparagliding.eu\/de\/team\/","og_site_name":"Tandem Paragliding Fly2fun - Malcesine - Lake Garda - Gardasee","article_publisher":"https:\/\/www.facebook.com\/fly2funtandemparagliding","article_modified_time":"2024-07-10T13:48:58+00:00","og_image":[{"width":800,"height":800,"url":"https:\/\/www.tandemparagliding.eu\/wp-content\/uploads\/2024\/07\/Tandem-Paragliding-Fly2fun-logo-Parapendio-Biposto-Malcesine-Lago-di-Garda-Lake-Garda-Gardasee.jpg","type":"image\/jpeg"}],"twitter_card":"summary_large_image","twitter_misc":{"Gesch\u00e4tzte Lesezeit":"2\u00a0Minuten"},"schema":{"@context":"https:\/\/schema.org","@graph":[{"@type":"WebPage","@id":"https:\/\/www.tandemparagliding.eu\/team\/","url":"https:\/\/www.tandemparagliding.eu\/team\/","name":"Team di piloti professionisti Fly2fun - Tandem Paragliding Fly2fun - Malcesine - Lake Garda - Gardasee","isPartOf":{"@id":"https:\/\/www.tandemparagliding.eu\/#website"},"primaryImageOfPage":{"@id":"https:\/\/www.tandemparagliding.eu\/team\/#primaryimage"},"image":{"@id":"https:\/\/www.tandemparagliding.eu\/team\/#primaryimage"},"thumbnailUrl":"https:\/\/www.tandemparagliding.eu\/wp-content\/uploads\/2024\/07\/Tandem-Paragliding-Fly2fun-logo-Parapendio-Biposto-Malcesine-Lago-di-Garda-Lake-Garda-Gardasee.jpg","datePublished":"2024-03-06T15:07:27+00:00","dateModified":"2024-07-10T13:48:58+00:00","description":"Tandem Paragliding Fly2fun - Malcesine - Lake Garda - Gardasee offre voli turistici in Parapendio Biposto a Malcesine, Lago di Garda.","breadcrumb":{"@id":"https:\/\/www.tandemparagliding.eu\/team\/#breadcrumb"},"inLanguage":"de","potentialAction":[{"@type":"ReadAction","target":["https:\/\/www.tandemparagliding.eu\/team\/"]}]},{"@type":"ImageObject","inLanguage":"de","@id":"https:\/\/www.tandemparagliding.eu\/team\/#primaryimage","url":"https:\/\/www.tandemparagliding.eu\/wp-content\/uploads\/2024\/07\/Tandem-Paragliding-Fly2fun-logo-Parapendio-Biposto-Malcesine-Lago-di-Garda-Lake-Garda-Gardasee.jpg","contentUrl":"https:\/\/www.tandemparagliding.eu\/wp-content\/uploads\/2024\/07\/Tandem-Paragliding-Fly2fun-logo-Parapendio-Biposto-Malcesine-Lago-di-Garda-Lake-Garda-Gardasee.jpg","width":800,"height":800},{"@type":"BreadcrumbList","@id":"https:\/\/www.tandemparagliding.eu\/team\/#breadcrumb","itemListElement":[{"@type":"ListItem","position":1,"name":"Home","item":"https:\/\/www.tandemparagliding.eu\/"},{"@type":"ListItem","position":2,"name":"Team di piloti professionisti Fly2fun"}]},{"@type":"WebSite","@id":"https:\/\/www.tandemparagliding.eu\/#website","url":"https:\/\/www.tandemparagliding.eu\/","name":"FLY2FUN Tandem Paragliding","description":"Parapendio biposto a Malcesine sul Lago di Garda","publisher":{"@id":"https:\/\/www.tandemparagliding.eu\/#organization"},"potentialAction":[{"@type":"SearchAction","target":{"@type":"EntryPoint","urlTemplate":"https:\/\/www.tandemparagliding.eu\/?s={search_term_string}"},"query-input":{"@type":"PropertyValueSpecification","valueRequired":true,"valueName":"search_term_string"}}],"inLanguage":"de"},{"@type":"Organization","@id":"https:\/\/www.tandemparagliding.eu\/#organization","name":"FLY2FUN SSD A.R.L","url":"https:\/\/www.tandemparagliding.eu\/","logo":{"@type":"ImageObject","inLanguage":"de","@id":"https:\/\/www.tandemparagliding.eu\/#\/schema\/logo\/image\/","url":"https:\/\/www.tandemparagliding.eu\/wp-content\/uploads\/2024\/03\/Fly2fun-logo.svg","contentUrl":"https:\/\/www.tandemparagliding.eu\/wp-content\/uploads\/2024\/03\/Fly2fun-logo.svg","caption":"FLY2FUN SSD A.R.L"},"image":{"@id":"https:\/\/www.tandemparagliding.eu\/#\/schema\/logo\/image\/"},"sameAs":["https:\/\/www.facebook.com\/fly2funtandemparagliding","https:\/\/www.instagram.com\/fly2fun_tandemparagliding.eu","https:\/\/www.tripadvisor.it\/Attraction_Review-g194807-d4442924-Reviews-Fly_2_Fun-Malcesine_Province_of_Verona_Veneto.html"]}]}},"_links":{"self":[{"href":"https:\/\/www.tandemparagliding.eu\/de\/wp-json\/wp\/v2\/pages\/2575","targetHints":{"allow":["GET"]}}],"collection":[{"href":"https:\/\/www.tandemparagliding.eu\/de\/wp-json\/wp\/v2\/pages"}],"about":[{"href":"https:\/\/www.tandemparagliding.eu\/de\/wp-json\/wp\/v2\/types\/page"}],"author":[{"embeddable":true,"href":"https:\/\/www.tandemparagliding.eu\/de\/wp-json\/wp\/v2\/users\/1"}],"replies":[{"embeddable":true,"href":"https:\/\/www.tandemparagliding.eu\/de\/wp-json\/wp\/v2\/comments?post=2575"}],"version-history":[{"count":109,"href":"https:\/\/www.tandemparagliding.eu\/de\/wp-json\/wp\/v2\/pages\/2575\/revisions"}],"predecessor-version":[{"id":4167,"href":"https:\/\/www.tandemparagliding.eu\/de\/wp-json\/wp\/v2\/pages\/2575\/revisions\/4167"}],"wp:featuredmedia":[{"embeddable":true,"href":"https:\/\/www.tandemparagliding.eu\/de\/wp-json\/wp\/v2\/media\/4138"}],"wp:attachment":[{"href":"https:\/\/www.tandemparagliding.eu\/de\/wp-json\/wp\/v2\/media?parent=2575"}],"curies":[{"name":"wp","href":"https:\/\/api.w.org\/{rel}","templated":true}]}}