{"id":2226,"date":"2024-03-05T15:03:45","date_gmt":"2024-03-05T14:03:45","guid":{"rendered":"https:\/\/www.tandemparagliding.eu\/?page_id=2226"},"modified":"2025-04-29T16:04:16","modified_gmt":"2025-04-29T14:04:16","slug":"f-a-q","status":"publish","type":"page","link":"https:\/\/www.tandemparagliding.eu\/en\/f-a-q\/","title":{"rendered":"F.A.Q. &#8211; tutte le info per volare in parapendio biposto a Malcesine"},"content":{"rendered":"\t\t<div data-elementor-type=\"wp-page\" data-elementor-id=\"2226\" class=\"elementor elementor-2226\" data-elementor-post-type=\"page\">\n\t\t\t\t<div class=\"elementor-element elementor-element-3fdb4f6 e-con-full e-flex e-con e-parent\" data-id=\"3fdb4f6\" data-element_type=\"container\" data-e-type=\"container\" data-settings=\"{&quot;background_background&quot;:&quot;slideshow&quot;,&quot;background_slideshow_gallery&quot;:[{&quot;id&quot;:2253,&quot;url&quot;:&quot;https:\\\/\\\/www.tandemparagliding.eu\\\/wp-content\\\/uploads\\\/2024\\\/03\\\/Fly2Fun-FAQ-cover-1-Parapendio-Biposto-Lago-di-Garda-Monte-Baldo-Malcesine.jpg&quot;},{&quot;id&quot;:2254,&quot;url&quot;:&quot;https:\\\/\\\/www.tandemparagliding.eu\\\/wp-content\\\/uploads\\\/2024\\\/03\\\/Fly2Fun-FAQ-cover-2-Parapendio-Biposto-Lago-di-Garda-Monte-Baldo-Malcesine.jpg&quot;}],&quot;background_slideshow_lazyload&quot;:&quot;yes&quot;,&quot;background_slideshow_ken_burns&quot;:&quot;yes&quot;,&quot;background_slideshow_ken_burns_zoom_direction&quot;:&quot;out&quot;,&quot;shape_divider_bottom&quot;:&quot;curve-asymmetrical&quot;,&quot;background_slideshow_loop&quot;:&quot;yes&quot;,&quot;background_slideshow_slide_duration&quot;:5000,&quot;background_slideshow_slide_transition&quot;:&quot;fade&quot;,&quot;background_slideshow_transition_duration&quot;:500}\">\n\t\t\t\t<div class=\"elementor-shape elementor-shape-bottom\" aria-hidden=\"true\" data-negative=\"false\">\n\t\t\t<svg xmlns=\"http:\/\/www.w3.org\/2000\/svg\" viewBox=\"0 0 1000 100\" preserveAspectRatio=\"none\">\n\t<path class=\"elementor-shape-fill\" d=\"M0,0c0,0,0,6,0,6.7c0,18,240.2,93.6,615.2,92.6C989.8,98.5,1000,25,1000,6.7c0-0.7,0-6.7,0-6.7H0z\"\/>\n<\/svg>\t\t<\/div>\n\t\t\t\t<\/div>\n\t\t<div class=\"elementor-element elementor-element-3829482 e-con-full e-flex e-con e-parent\" data-id=\"3829482\" data-element_type=\"container\" data-e-type=\"container\">\n\t\t<div class=\"elementor-element elementor-element-dc5da84 e-flex e-con-boxed e-con e-child\" data-id=\"dc5da84\" data-element_type=\"container\" data-e-type=\"container\">\n\t\t\t\t\t<div class=\"e-con-inner\">\n\t\t\t\t<div class=\"elementor-element elementor-element-e4a7e12 elementor-widget elementor-widget-heading\" data-id=\"e4a7e12\" data-element_type=\"widget\" data-e-type=\"widget\" data-widget_type=\"heading.default\">\n\t\t\t\t<div class=\"elementor-widget-container\">\n\t\t\t\t\t<h1 class=\"elementor-heading-title elementor-size-default\">F.A.Q.<\/h1>\t\t\t\t<\/div>\n\t\t\t\t<\/div>\n\t\t\t\t<div class=\"elementor-element elementor-element-f76b863 elementor-widget elementor-widget-heading\" data-id=\"f76b863\" data-element_type=\"widget\" data-e-type=\"widget\" data-widget_type=\"heading.default\">\n\t\t\t\t<div class=\"elementor-widget-container\">\n\t\t\t\t\t<h2 class=\"elementor-heading-title elementor-size-default\">Qui trovi tutte le info per volare in parapendio biposto sul lago di Garda dal Monte Baldo a Macesine<\/h2>\t\t\t\t<\/div>\n\t\t\t\t<\/div>\n\t\t\t\t\t<\/div>\n\t\t\t\t<\/div>\n\t\t<div class=\"elementor-element elementor-element-e1b8901 e-flex e-con-boxed e-con e-child\" data-id=\"e1b8901\" data-element_type=\"container\" data-e-type=\"container\">\n\t\t\t\t\t<div class=\"e-con-inner\">\n\t\t<div class=\"elementor-element elementor-element-ce74ffe e-flex e-con-boxed e-con e-child\" data-id=\"ce74ffe\" data-element_type=\"container\" data-e-type=\"container\">\n\t\t\t\t\t<div class=\"e-con-inner\">\n\t\t\t\t<div class=\"elementor-element elementor-element-5e4128e elementor-widget elementor-widget-eael-adv-accordion\" data-id=\"5e4128e\" data-element_type=\"widget\" data-e-type=\"widget\" data-widget_type=\"eael-adv-accordion.default\">\n\t\t\t\t<div class=\"elementor-widget-container\">\n\t\t\t\t\t            <div class=\"eael-adv-accordion\" id=\"eael-adv-accordion-5e4128e\" data-scroll-on-click=\"no\" data-scroll-speed=\"300\" data-accordion-id=\"5e4128e\" data-accordion-type=\"toggle\" data-toogle-speed=\"300\">\n            <div class=\"eael-accordion-list\">\n\t\t\t\t\t<div id=\"quanto-costa-un-volo-e-quali-servizi-sono-compresi\" class=\"elementor-tab-title eael-accordion-header active-default\" tabindex=\"0\" data-tab=\"1\" aria-controls=\"elementor-tab-content-9881\"><span class=\"eael-advanced-accordion-icon-closed\"><svg aria-hidden=\"true\" class=\"fa-accordion-icon e-font-icon-svg e-fas-plus\" viewBox=\"0 0 448 512\" xmlns=\"http:\/\/www.w3.org\/2000\/svg\"><path d=\"M416 208H272V64c0-17.67-14.33-32-32-32h-32c-17.67 0-32 14.33-32 32v144H32c-17.67 0-32 14.33-32 32v32c0 17.67 14.33 32 32 32h144v144c0 17.67 14.33 32 32 32h32c17.67 0 32-14.33 32-32V304h144c17.67 0 32-14.33 32-32v-32c0-17.67-14.33-32-32-32z\"><\/path><\/svg><\/span><span class=\"eael-advanced-accordion-icon-opened\"><svg aria-hidden=\"true\" class=\"fa-accordion-icon e-font-icon-svg e-fas-minus\" viewBox=\"0 0 448 512\" xmlns=\"http:\/\/www.w3.org\/2000\/svg\"><path d=\"M416 208H32c-17.67 0-32 14.33-32 32v32c0 17.67 14.33 32 32 32h384c17.67 0 32-14.33 32-32v-32c0-17.67-14.33-32-32-32z\"><\/path><\/svg><\/span><span class=\"eael-accordion-tab-title\">Quanto costa un volo e quali servizi sono compresi?<\/span><\/div><div id=\"elementor-tab-content-9881\" class=\"eael-accordion-content clearfix active-default\" data-tab=\"1\" aria-labelledby=\"quanto-costa-un-volo-e-quali-servizi-sono-compresi\"><p>Il costo di un volo in parapendio biposto \u00e8 di <strong>210\u20ac<\/strong> (+8\u20ac di commissioni PayPal) e la nostra politica \u00e8 zero soprese. Il prezzo include tutto il necessario per lo svolgimento dell\u2019attivit\u00e0 e cio\u00e8 il biglietto di risalita in funivia, l\u2019assicurazione e l\u2019utilizzo dell\u2019attrezzatura tecnica quale casco, imbragatura, guanti e giacca se necessari, il video del volo.<\/p><\/div>\n\t\t\t\t\t<\/div><div class=\"eael-accordion-list\">\n\t\t\t\t\t<div id=\"sono-previsti-sconti-per-gruppi-numerosi\" class=\"elementor-tab-title eael-accordion-header\" tabindex=\"0\" data-tab=\"2\" aria-controls=\"elementor-tab-content-9882\"><span class=\"eael-advanced-accordion-icon-closed\"><svg aria-hidden=\"true\" class=\"fa-accordion-icon e-font-icon-svg e-fas-plus\" viewBox=\"0 0 448 512\" xmlns=\"http:\/\/www.w3.org\/2000\/svg\"><path d=\"M416 208H272V64c0-17.67-14.33-32-32-32h-32c-17.67 0-32 14.33-32 32v144H32c-17.67 0-32 14.33-32 32v32c0 17.67 14.33 32 32 32h144v144c0 17.67 14.33 32 32 32h32c17.67 0 32-14.33 32-32V304h144c17.67 0 32-14.33 32-32v-32c0-17.67-14.33-32-32-32z\"><\/path><\/svg><\/span><span class=\"eael-advanced-accordion-icon-opened\"><svg aria-hidden=\"true\" class=\"fa-accordion-icon e-font-icon-svg e-fas-minus\" viewBox=\"0 0 448 512\" xmlns=\"http:\/\/www.w3.org\/2000\/svg\"><path d=\"M416 208H32c-17.67 0-32 14.33-32 32v32c0 17.67 14.33 32 32 32h384c17.67 0 32-14.33 32-32v-32c0-17.67-14.33-32-32-32z\"><\/path><\/svg><\/span><span class=\"eael-accordion-tab-title\">Sono previsti sconti per gruppi numerosi?<\/span><\/div><div id=\"elementor-tab-content-9882\" class=\"eael-accordion-content clearfix\" data-tab=\"2\" aria-labelledby=\"sono-previsti-sconti-per-gruppi-numerosi\"><p>Purtroppo, non offriamo sconti per gruppi. A differenza di altre attivit\u00e0 sportive, infatti, nel parapendio biposto sul lago di Garda \u00e8 sempre necessario un pilota per ciascun passeggero e non ci sono quindi \u201ceconomie di scala\u201d.<\/p><\/div>\n\t\t\t\t\t<\/div><div class=\"eael-accordion-list\">\n\t\t\t\t\t<div id=\"come-posso-raggiungervi\" class=\"elementor-tab-title eael-accordion-header\" tabindex=\"0\" data-tab=\"3\" aria-controls=\"elementor-tab-content-9883\"><span class=\"eael-advanced-accordion-icon-closed\"><svg aria-hidden=\"true\" class=\"fa-accordion-icon e-font-icon-svg e-fas-plus\" viewBox=\"0 0 448 512\" xmlns=\"http:\/\/www.w3.org\/2000\/svg\"><path d=\"M416 208H272V64c0-17.67-14.33-32-32-32h-32c-17.67 0-32 14.33-32 32v144H32c-17.67 0-32 14.33-32 32v32c0 17.67 14.33 32 32 32h144v144c0 17.67 14.33 32 32 32h32c17.67 0 32-14.33 32-32V304h144c17.67 0 32-14.33 32-32v-32c0-17.67-14.33-32-32-32z\"><\/path><\/svg><\/span><span class=\"eael-advanced-accordion-icon-opened\"><svg aria-hidden=\"true\" class=\"fa-accordion-icon e-font-icon-svg e-fas-minus\" viewBox=\"0 0 448 512\" xmlns=\"http:\/\/www.w3.org\/2000\/svg\"><path d=\"M416 208H32c-17.67 0-32 14.33-32 32v32c0 17.67 14.33 32 32 32h384c17.67 0 32-14.33 32-32v-32c0-17.67-14.33-32-32-32z\"><\/path><\/svg><\/span><span class=\"eael-accordion-tab-title\">Come posso raggiungervi?<\/span><\/div><div id=\"elementor-tab-content-9883\" class=\"eael-accordion-content clearfix\" data-tab=\"3\" aria-labelledby=\"come-posso-raggiungervi\"><p>La maggior parte dei nostri Passeggeri ci raggiunge via auto lungo la via Gardesana, che collega tutti i paesi del Lago di Garda. Raccomandiamo sempre di <strong>partire con largo anticipo<\/strong>\u00a0(anche pi\u00f9 di un&#8217;ora), soprattutto nei mesi estivi, da giugno a settembre, e nelle ore centrali della giornata, dalle 10:00 alle 14:00 per via del traffico molto intenso che tende a formarsi. Anche i parcheggi a Malcesine potrebbero riempirsi in tarda mattinata, a volte sono necessari fino a 20-30 minuti per trovare un posto. Se arrivate molto in anticipo potrete godervi una breve passeggiata tra i vicoli del centro di Malcesine, bere un caff\u00e8 o mangiare un gelato nei numerosi caf\u00e9 e gelaterie presenti.<\/p><p><strong>BUS:<\/strong> Ci sono due linee di bus che raggiungono Malcesine, la 483 e la 484, <a href=\"http:\/\/tech.atv.verona.it\/atv_www\/orari_extraurb\/orari\/atv_localita_M.html\" target=\"_blank\" rel=\"noopener\">potete consultare il sito ATV per i dettagli sugli orari<\/a>.<\/p><p><strong>TRAGHETTO:<\/strong> \u00c8 possibile raggiungerci anche via acqua, con le numerose linee di traghetti: <a href=\"https:\/\/www.navigazionelaghi.it\/biglietti-garda.asp\" target=\"_blank\" rel=\"noopener\">potete consultare il sito Navigarda per i dettagli su linee e orari<\/a>.<\/p><\/div>\n\t\t\t\t\t<\/div><div class=\"eael-accordion-list\">\n\t\t\t\t\t<div id=\"quali-sono-le-stagioni-e-gli-orari-migliori-per-volare\" class=\"elementor-tab-title eael-accordion-header\" tabindex=\"0\" data-tab=\"4\" aria-controls=\"elementor-tab-content-9884\"><span class=\"eael-advanced-accordion-icon-closed\"><svg aria-hidden=\"true\" class=\"fa-accordion-icon e-font-icon-svg e-fas-plus\" viewBox=\"0 0 448 512\" xmlns=\"http:\/\/www.w3.org\/2000\/svg\"><path d=\"M416 208H272V64c0-17.67-14.33-32-32-32h-32c-17.67 0-32 14.33-32 32v144H32c-17.67 0-32 14.33-32 32v32c0 17.67 14.33 32 32 32h144v144c0 17.67 14.33 32 32 32h32c17.67 0 32-14.33 32-32V304h144c17.67 0 32-14.33 32-32v-32c0-17.67-14.33-32-32-32z\"><\/path><\/svg><\/span><span class=\"eael-advanced-accordion-icon-opened\"><svg aria-hidden=\"true\" class=\"fa-accordion-icon e-font-icon-svg e-fas-minus\" viewBox=\"0 0 448 512\" xmlns=\"http:\/\/www.w3.org\/2000\/svg\"><path d=\"M416 208H32c-17.67 0-32 14.33-32 32v32c0 17.67 14.33 32 32 32h384c17.67 0 32-14.33 32-32v-32c0-17.67-14.33-32-32-32z\"><\/path><\/svg><\/span><span class=\"eael-accordion-tab-title\">Quali sono le stagioni e gli orari migliori per volare?<\/span><\/div><div id=\"elementor-tab-content-9884\" class=\"eael-accordion-content clearfix\" data-tab=\"4\" aria-labelledby=\"quali-sono-le-stagioni-e-gli-orari-migliori-per-volare\"><p>Sul Monte Baldo \u00e8 possibile volare in parapendio biposto da aprile a ottobre. La particolare conformazione della montagna permette di volare, in pratica, tutto il giorno, dalla mattina fino al tardo pomeriggio. Di solito, nel primo turno della mattina si pu\u00f2 godere di una vista un po\u2019 pi\u00f9 limpida, mentre nel centro della giornata e nel primo pomeriggio \u00e8 pi\u00f9 alta la probabilit\u00e0 di stare in volo qualche minuto di pi\u00f9. L\u2019ultimo volo della giornata offre una vista unica su uno splendido tramonto.<\/p><\/div>\n\t\t\t\t\t<\/div><div class=\"eael-accordion-list\">\n\t\t\t\t\t<div id=\"quale-abbigliamento-necessario\" class=\"elementor-tab-title eael-accordion-header\" tabindex=\"0\" data-tab=\"5\" aria-controls=\"elementor-tab-content-9885\"><span class=\"eael-advanced-accordion-icon-closed\"><svg aria-hidden=\"true\" class=\"fa-accordion-icon e-font-icon-svg e-fas-plus\" viewBox=\"0 0 448 512\" xmlns=\"http:\/\/www.w3.org\/2000\/svg\"><path d=\"M416 208H272V64c0-17.67-14.33-32-32-32h-32c-17.67 0-32 14.33-32 32v144H32c-17.67 0-32 14.33-32 32v32c0 17.67 14.33 32 32 32h144v144c0 17.67 14.33 32 32 32h32c17.67 0 32-14.33 32-32V304h144c17.67 0 32-14.33 32-32v-32c0-17.67-14.33-32-32-32z\"><\/path><\/svg><\/span><span class=\"eael-advanced-accordion-icon-opened\"><svg aria-hidden=\"true\" class=\"fa-accordion-icon e-font-icon-svg e-fas-minus\" viewBox=\"0 0 448 512\" xmlns=\"http:\/\/www.w3.org\/2000\/svg\"><path d=\"M416 208H32c-17.67 0-32 14.33-32 32v32c0 17.67 14.33 32 32 32h384c17.67 0 32-14.33 32-32v-32c0-17.67-14.33-32-32-32z\"><\/path><\/svg><\/span><span class=\"eael-accordion-tab-title\">Quale abbigliamento \u00e8 necessario?<\/span><\/div><div id=\"elementor-tab-content-9885\" class=\"eael-accordion-content clearfix\" data-tab=\"5\" aria-labelledby=\"quale-abbigliamento-necessario\"><p>Per effettuare un volo biposto in parapendio \u00e8 richiesto un abbigliamento comodo e sportivo, con scarpe da ginnastica o scarponcini da montagna. Non \u00e8 consentito l\u2019uso di sandali o infradito. Tieni presente che il decollo avviene a circa 1750 metri di quota, dove pu\u00f2 essere significativamente pi\u00f9 freddo rispetto a Malcesine, anche nei mesi estivi. Consigliamo, quindi, di utilizzare un abbigliamento un po\u2019 pi\u00f9 caldo del normale. <br \/>Non \u00e8 possibile portare in volo oggetti ingombranti quali zaini da trekking o grosse borse, ma \u00e8 consentito stivare in apposite tasche una piccola borsa, marsupio o zainetto morbido. Purtroppo, non disponiamo di un deposito bagagli.<\/p><\/div>\n\t\t\t\t\t<\/div><div class=\"eael-accordion-list\">\n\t\t\t\t\t<div id=\"vogliamo-fare-trekking-in-autonomia-ed-incontrarci-in-decollo-per-poi-volare-possibile\" class=\"elementor-tab-title eael-accordion-header\" tabindex=\"0\" data-tab=\"6\" aria-controls=\"elementor-tab-content-9886\"><span class=\"eael-advanced-accordion-icon-closed\"><svg aria-hidden=\"true\" class=\"fa-accordion-icon e-font-icon-svg e-fas-plus\" viewBox=\"0 0 448 512\" xmlns=\"http:\/\/www.w3.org\/2000\/svg\"><path d=\"M416 208H272V64c0-17.67-14.33-32-32-32h-32c-17.67 0-32 14.33-32 32v144H32c-17.67 0-32 14.33-32 32v32c0 17.67 14.33 32 32 32h144v144c0 17.67 14.33 32 32 32h32c17.67 0 32-14.33 32-32V304h144c17.67 0 32-14.33 32-32v-32c0-17.67-14.33-32-32-32z\"><\/path><\/svg><\/span><span class=\"eael-advanced-accordion-icon-opened\"><svg aria-hidden=\"true\" class=\"fa-accordion-icon e-font-icon-svg e-fas-minus\" viewBox=\"0 0 448 512\" xmlns=\"http:\/\/www.w3.org\/2000\/svg\"><path d=\"M416 208H32c-17.67 0-32 14.33-32 32v32c0 17.67 14.33 32 32 32h384c17.67 0 32-14.33 32-32v-32c0-17.67-14.33-32-32-32z\"><\/path><\/svg><\/span><span class=\"eael-accordion-tab-title\">Vogliamo fare trekking in autonomia ed incontrarci in decollo per poi volare. \u00c8 possibile?<\/span><\/div><div id=\"elementor-tab-content-9886\" class=\"eael-accordion-content clearfix\" data-tab=\"6\" aria-labelledby=\"vogliamo-fare-trekking-in-autonomia-ed-incontrarci-in-decollo-per-poi-volare-possibile\"><p>Purtroppo no. Le frequenti code in funivia e la scarsa connessione telefonica sulla montagna rendono difficoltose la logistica e la gestione di eventuali comunicazioni con chi volesse incontrarsi direttamente in decollo. Inoltre, non si possono portare in volo zaini da trekking e non c\u2019\u00e8 un deposito dove poterli lasciare durante il volo. Di conseguenza il meeting point dei voli in parapendio biposto \u00e8 rigorosamente alla stazione di valle della funivia Malcesine-Monte Baldo.<\/p><\/div>\n\t\t\t\t\t<\/div><div class=\"eael-accordion-list\">\n\t\t\t\t\t<div id=\"cosa-succede-in-caso-di-maltempo\" class=\"elementor-tab-title eael-accordion-header\" tabindex=\"0\" data-tab=\"7\" aria-controls=\"elementor-tab-content-9887\"><span class=\"eael-advanced-accordion-icon-closed\"><svg aria-hidden=\"true\" class=\"fa-accordion-icon e-font-icon-svg e-fas-plus\" viewBox=\"0 0 448 512\" xmlns=\"http:\/\/www.w3.org\/2000\/svg\"><path d=\"M416 208H272V64c0-17.67-14.33-32-32-32h-32c-17.67 0-32 14.33-32 32v144H32c-17.67 0-32 14.33-32 32v32c0 17.67 14.33 32 32 32h144v144c0 17.67 14.33 32 32 32h32c17.67 0 32-14.33 32-32V304h144c17.67 0 32-14.33 32-32v-32c0-17.67-14.33-32-32-32z\"><\/path><\/svg><\/span><span class=\"eael-advanced-accordion-icon-opened\"><svg aria-hidden=\"true\" class=\"fa-accordion-icon e-font-icon-svg e-fas-minus\" viewBox=\"0 0 448 512\" xmlns=\"http:\/\/www.w3.org\/2000\/svg\"><path d=\"M416 208H32c-17.67 0-32 14.33-32 32v32c0 17.67 14.33 32 32 32h384c17.67 0 32-14.33 32-32v-32c0-17.67-14.33-32-32-32z\"><\/path><\/svg><\/span><span class=\"eael-accordion-tab-title\">Cosa succede in caso di maltempo?<\/span><\/div><div id=\"elementor-tab-content-9887\" class=\"eael-accordion-content clearfix\" data-tab=\"7\" aria-labelledby=\"cosa-succede-in-caso-di-maltempo\"><p>Nel caso in cui i piloti giudichino le condizioni meteorologiche non adeguate allo svolgimento dell\u2019attivit\u00e0, il volo verr\u00e0 cancellato. In tal caso potrai riprogrammare il tuo volo nel primo slot disponibile. Di solito cerchiamo di informarti sulle condizioni meteo il prima possibile (alcune ore prima dell\u2019appuntamento), ma, in alcuni rari casi, pu\u00f2 capitare che il volo venga cancellato anche al meeting point, o addirittura una volta gi\u00e0 arrivati alla zona di decollo.<\/p><\/div>\n\t\t\t\t\t<\/div><div class=\"eael-accordion-list\">\n\t\t\t\t\t<div id=\"quali-sono-i-limiti-di-peso\" class=\"elementor-tab-title eael-accordion-header\" tabindex=\"0\" data-tab=\"8\" aria-controls=\"elementor-tab-content-9888\"><span class=\"eael-advanced-accordion-icon-closed\"><svg aria-hidden=\"true\" class=\"fa-accordion-icon e-font-icon-svg e-fas-plus\" viewBox=\"0 0 448 512\" xmlns=\"http:\/\/www.w3.org\/2000\/svg\"><path d=\"M416 208H272V64c0-17.67-14.33-32-32-32h-32c-17.67 0-32 14.33-32 32v144H32c-17.67 0-32 14.33-32 32v32c0 17.67 14.33 32 32 32h144v144c0 17.67 14.33 32 32 32h32c17.67 0 32-14.33 32-32V304h144c17.67 0 32-14.33 32-32v-32c0-17.67-14.33-32-32-32z\"><\/path><\/svg><\/span><span class=\"eael-advanced-accordion-icon-opened\"><svg aria-hidden=\"true\" class=\"fa-accordion-icon e-font-icon-svg e-fas-minus\" viewBox=\"0 0 448 512\" xmlns=\"http:\/\/www.w3.org\/2000\/svg\"><path d=\"M416 208H32c-17.67 0-32 14.33-32 32v32c0 17.67 14.33 32 32 32h384c17.67 0 32-14.33 32-32v-32c0-17.67-14.33-32-32-32z\"><\/path><\/svg><\/span><span class=\"eael-accordion-tab-title\">Quali sono i limiti di peso?<\/span><\/div><div id=\"elementor-tab-content-9888\" class=\"eael-accordion-content clearfix\" data-tab=\"8\" aria-labelledby=\"quali-sono-i-limiti-di-peso\"><p>Le vele da parapendio sono certificate all\u2019interno di un determinato intervallo di peso complessivo (pilota, passeggero, attrezzatura).<\/p><p>Il peso del passeggero influisce sulla velocit\u00e0 della corsa necessaria per decollare, con pi\u00f9 peso \u00e8 necessario correre pi\u00f9 veloce, soprattutto in condizioni di vento debole o nullo. Inoltre, passeggeri con una corporatura particolarmente \u201cabbondante\u201d potrebbero non riuscire a indossare l\u2019imbragatura. Per tutti questi motivi, il peso minimo per i passeggeri deve essere di 35kg, mentre il peso massimo consentito \u00e8 di <strong>85Kg<\/strong> per le donne e <strong>95Kg<\/strong> per gli uomini.<\/p><\/div>\n\t\t\t\t\t<\/div><div class=\"eael-accordion-list\">\n\t\t\t\t\t<div id=\"soffro-di-vertigini-un-problema\" class=\"elementor-tab-title eael-accordion-header\" tabindex=\"0\" data-tab=\"9\" aria-controls=\"elementor-tab-content-9889\"><span class=\"eael-advanced-accordion-icon-closed\"><svg aria-hidden=\"true\" class=\"fa-accordion-icon e-font-icon-svg e-fas-plus\" viewBox=\"0 0 448 512\" xmlns=\"http:\/\/www.w3.org\/2000\/svg\"><path d=\"M416 208H272V64c0-17.67-14.33-32-32-32h-32c-17.67 0-32 14.33-32 32v144H32c-17.67 0-32 14.33-32 32v32c0 17.67 14.33 32 32 32h144v144c0 17.67 14.33 32 32 32h32c17.67 0 32-14.33 32-32V304h144c17.67 0 32-14.33 32-32v-32c0-17.67-14.33-32-32-32z\"><\/path><\/svg><\/span><span class=\"eael-advanced-accordion-icon-opened\"><svg aria-hidden=\"true\" class=\"fa-accordion-icon e-font-icon-svg e-fas-minus\" viewBox=\"0 0 448 512\" xmlns=\"http:\/\/www.w3.org\/2000\/svg\"><path d=\"M416 208H32c-17.67 0-32 14.33-32 32v32c0 17.67 14.33 32 32 32h384c17.67 0 32-14.33 32-32v-32c0-17.67-14.33-32-32-32z\"><\/path><\/svg><\/span><span class=\"eael-accordion-tab-title\">Soffro di vertigini, \u00e8 un problema?<\/span><\/div><div id=\"elementor-tab-content-9889\" class=\"eael-accordion-content clearfix\" data-tab=\"9\" aria-labelledby=\"soffro-di-vertigini-un-problema\"><p>In volo non \u00e8 possibile soffrire di vertigini. La posizione durante un volo in parapendio biposto, infatti, \u00e8 seduta e leggermente reclinata all\u2019indietro. Ci\u00f2 la rende molto comoda e stabile.<\/p><p>La vertigine origina da una combinazione di messaggi contrastanti tra il senso della vista e quello dell\u2019equilibrio, situato nell\u2019orecchio. Tale errore di segnali non pu\u00f2 avvenire durante il volo biposto, poich\u00e9 la posizione seduta \u00e8 molto stabile e, inoltre, si tende a guardare in avanti piuttosto che verso il basso.<\/p><\/div>\n\t\t\t\t\t<\/div><div class=\"eael-accordion-list\">\n\t\t\t\t\t<div id=\"che-lingue-parlano-i-piloti\" class=\"elementor-tab-title eael-accordion-header\" tabindex=\"0\" data-tab=\"10\" aria-controls=\"elementor-tab-content-98810\"><span class=\"eael-advanced-accordion-icon-closed\"><svg aria-hidden=\"true\" class=\"fa-accordion-icon e-font-icon-svg e-fas-plus\" viewBox=\"0 0 448 512\" xmlns=\"http:\/\/www.w3.org\/2000\/svg\"><path d=\"M416 208H272V64c0-17.67-14.33-32-32-32h-32c-17.67 0-32 14.33-32 32v144H32c-17.67 0-32 14.33-32 32v32c0 17.67 14.33 32 32 32h144v144c0 17.67 14.33 32 32 32h32c17.67 0 32-14.33 32-32V304h144c17.67 0 32-14.33 32-32v-32c0-17.67-14.33-32-32-32z\"><\/path><\/svg><\/span><span class=\"eael-advanced-accordion-icon-opened\"><svg aria-hidden=\"true\" class=\"fa-accordion-icon e-font-icon-svg e-fas-minus\" viewBox=\"0 0 448 512\" xmlns=\"http:\/\/www.w3.org\/2000\/svg\"><path d=\"M416 208H32c-17.67 0-32 14.33-32 32v32c0 17.67 14.33 32 32 32h384c17.67 0 32-14.33 32-32v-32c0-17.67-14.33-32-32-32z\"><\/path><\/svg><\/span><span class=\"eael-accordion-tab-title\">Che lingue parlano i piloti?<\/span><\/div><div id=\"elementor-tab-content-98810\" class=\"eael-accordion-content clearfix\" data-tab=\"10\" aria-labelledby=\"che-lingue-parlano-i-piloti\"><p>Nel nostro Team abbiamo piloti che parlano Italiano, Inglese, Tedesco, Francese e Spagnolo.<\/p><\/div>\n\t\t\t\t\t<\/div><\/div>\t\t\t\t<\/div>\n\t\t\t\t<\/div>\n\t\t\t\t\t<\/div>\n\t\t\t\t<\/div>\n\t\t<div class=\"elementor-element elementor-element-8310982 e-flex e-con-boxed e-con e-child\" data-id=\"8310982\" data-element_type=\"container\" data-e-type=\"container\">\n\t\t\t\t\t<div class=\"e-con-inner\">\n\t\t\t\t<div class=\"elementor-element elementor-element-2321c9f elementor-widget elementor-widget-eael-adv-accordion\" data-id=\"2321c9f\" data-element_type=\"widget\" data-e-type=\"widget\" data-widget_type=\"eael-adv-accordion.default\">\n\t\t\t\t<div class=\"elementor-widget-container\">\n\t\t\t\t\t            <div class=\"eael-adv-accordion\" id=\"eael-adv-accordion-2321c9f\" data-scroll-on-click=\"no\" data-scroll-speed=\"300\" data-accordion-id=\"2321c9f\" data-accordion-type=\"toggle\" data-toogle-speed=\"300\">\n            <div class=\"eael-accordion-list\">\n\t\t\t\t\t<div id=\"cos-il-parapendio\" class=\"elementor-tab-title eael-accordion-header\" tabindex=\"0\" data-tab=\"1\" aria-controls=\"elementor-tab-content-3681\"><span class=\"eael-advanced-accordion-icon-closed\"><svg aria-hidden=\"true\" class=\"fa-accordion-icon e-font-icon-svg e-fas-plus\" viewBox=\"0 0 448 512\" xmlns=\"http:\/\/www.w3.org\/2000\/svg\"><path d=\"M416 208H272V64c0-17.67-14.33-32-32-32h-32c-17.67 0-32 14.33-32 32v144H32c-17.67 0-32 14.33-32 32v32c0 17.67 14.33 32 32 32h144v144c0 17.67 14.33 32 32 32h32c17.67 0 32-14.33 32-32V304h144c17.67 0 32-14.33 32-32v-32c0-17.67-14.33-32-32-32z\"><\/path><\/svg><\/span><span class=\"eael-advanced-accordion-icon-opened\"><svg aria-hidden=\"true\" class=\"fa-accordion-icon e-font-icon-svg e-fas-minus\" viewBox=\"0 0 448 512\" xmlns=\"http:\/\/www.w3.org\/2000\/svg\"><path d=\"M416 208H32c-17.67 0-32 14.33-32 32v32c0 17.67 14.33 32 32 32h384c17.67 0 32-14.33 32-32v-32c0-17.67-14.33-32-32-32z\"><\/path><\/svg><\/span><span class=\"eael-accordion-tab-title\">Cos\u2019\u00e8 il parapendio?<\/span><\/div><div id=\"elementor-tab-content-3681\" class=\"eael-accordion-content clearfix\" data-tab=\"1\" aria-labelledby=\"cos-il-parapendio\"><p>Il parapendio \u00e8 un\u2019ala fatta di un tessuto speciale e consente di volare lentamente e con il massimo controllo. Il volo in parapendio \u00e8 davvero stabile e silenzioso, si pu\u00f2 volare in tutte le direzioni (anche controvento) con estrema precisione sulla posizione e rispetto alla direzione del volo.<br \/>\u00c8 il modo pi\u00f9 semplice ed emozionante per realizzare il sogno che tutte le persone hanno fatto almeno una volta nella vita: volare!<\/p><\/div>\n\t\t\t\t\t<\/div><div class=\"eael-accordion-list\">\n\t\t\t\t\t<div id=\"come-funziona-lattivit\" class=\"elementor-tab-title eael-accordion-header\" tabindex=\"0\" data-tab=\"2\" aria-controls=\"elementor-tab-content-3682\"><span class=\"eael-advanced-accordion-icon-closed\"><svg aria-hidden=\"true\" class=\"fa-accordion-icon e-font-icon-svg e-fas-plus\" viewBox=\"0 0 448 512\" xmlns=\"http:\/\/www.w3.org\/2000\/svg\"><path d=\"M416 208H272V64c0-17.67-14.33-32-32-32h-32c-17.67 0-32 14.33-32 32v144H32c-17.67 0-32 14.33-32 32v32c0 17.67 14.33 32 32 32h144v144c0 17.67 14.33 32 32 32h32c17.67 0 32-14.33 32-32V304h144c17.67 0 32-14.33 32-32v-32c0-17.67-14.33-32-32-32z\"><\/path><\/svg><\/span><span class=\"eael-advanced-accordion-icon-opened\"><svg aria-hidden=\"true\" class=\"fa-accordion-icon e-font-icon-svg e-fas-minus\" viewBox=\"0 0 448 512\" xmlns=\"http:\/\/www.w3.org\/2000\/svg\"><path d=\"M416 208H32c-17.67 0-32 14.33-32 32v32c0 17.67 14.33 32 32 32h384c17.67 0 32-14.33 32-32v-32c0-17.67-14.33-32-32-32z\"><\/path><\/svg><\/span><span class=\"eael-accordion-tab-title\">Come funziona l\u2019attivit\u00e0?<\/span><\/div><div id=\"elementor-tab-content-3682\" class=\"eael-accordion-content clearfix\" data-tab=\"2\" aria-labelledby=\"come-funziona-lattivit\"><p>Il punto di incontro \u00e8 alla stazione di valle della <a href=\"https:\/\/www.google.com\/maps\/@45.7664297,10.8129171,3a,75y,129.71h,93.26t\/data=!3m6!1e1!3m4!1ssYW1RTh5e2xTYfUL5znXUg!2e0!7i16384!8i8192\" target=\"_blank\" rel=\"noopener\">Funivia Malcesine-Monte Baldo<\/a>. Il punto di incontro \u00e8 alla stazione di valle della Funivia Malcesine-Monte Baldo. Verrai accolto e accompagnato dai nostri piloti nella salita in funivia, che dura circa 20 minuti. Raggiunta la cima, il punto di decollo si trova a pochi minuti di cammino. Una volta preparata e verificata tutta l\u2019attrezzatura, effettuato un breve e semplice briefing sulle azioni da compiere per il decollo, il volo e l\u2019atterraggio, sar\u00e0 sufficiente qualche passo di camminata\/corsa in discesa lungo il pendio per ritrovarti in un attimo in volo. Dopo 20-30 minuti di volo, ti poserai dolcemente in piedi sul campo di atterraggio.<\/p><\/div>\n\t\t\t\t\t<\/div><div class=\"eael-accordion-list\">\n\t\t\t\t\t<div id=\"-simile-al-paracadute\" class=\"elementor-tab-title eael-accordion-header\" tabindex=\"0\" data-tab=\"3\" aria-controls=\"elementor-tab-content-3683\"><span class=\"eael-advanced-accordion-icon-closed\"><svg aria-hidden=\"true\" class=\"fa-accordion-icon e-font-icon-svg e-fas-plus\" viewBox=\"0 0 448 512\" xmlns=\"http:\/\/www.w3.org\/2000\/svg\"><path d=\"M416 208H272V64c0-17.67-14.33-32-32-32h-32c-17.67 0-32 14.33-32 32v144H32c-17.67 0-32 14.33-32 32v32c0 17.67 14.33 32 32 32h144v144c0 17.67 14.33 32 32 32h32c17.67 0 32-14.33 32-32V304h144c17.67 0 32-14.33 32-32v-32c0-17.67-14.33-32-32-32z\"><\/path><\/svg><\/span><span class=\"eael-advanced-accordion-icon-opened\"><svg aria-hidden=\"true\" class=\"fa-accordion-icon e-font-icon-svg e-fas-minus\" viewBox=\"0 0 448 512\" xmlns=\"http:\/\/www.w3.org\/2000\/svg\"><path d=\"M416 208H32c-17.67 0-32 14.33-32 32v32c0 17.67 14.33 32 32 32h384c17.67 0 32-14.33 32-32v-32c0-17.67-14.33-32-32-32z\"><\/path><\/svg><\/span><span class=\"eael-accordion-tab-title\">\u00c8 simile al paracadute?<\/span><\/div><div id=\"elementor-tab-content-3683\" class=\"eael-accordion-content clearfix\" data-tab=\"3\" aria-labelledby=\"-simile-al-paracadute\"><p>No, il parapendio \u00e8 un mezzo volante, come un aereo, un aliante o un deltaplano. Il paracadute, invece, \u00e8 una calotta di tessuto che una volta aperta serve per frenare la caduta libera verso il basso. Durante un volo biposto in parapendio non si percepisce in nessun momento una sensazione di caduta verso il basso, non si salta da un dirupo, ma semplicemente si cammina a passo sostenuto lungo un pendio in discesa per spiccare il volo.<\/p><\/div>\n\t\t\t\t\t<\/div><div class=\"eael-accordion-list\">\n\t\t\t\t\t<div id=\"-estremo\" class=\"elementor-tab-title eael-accordion-header\" tabindex=\"0\" data-tab=\"4\" aria-controls=\"elementor-tab-content-3684\"><span class=\"eael-advanced-accordion-icon-closed\"><svg aria-hidden=\"true\" class=\"fa-accordion-icon e-font-icon-svg e-fas-plus\" viewBox=\"0 0 448 512\" xmlns=\"http:\/\/www.w3.org\/2000\/svg\"><path d=\"M416 208H272V64c0-17.67-14.33-32-32-32h-32c-17.67 0-32 14.33-32 32v144H32c-17.67 0-32 14.33-32 32v32c0 17.67 14.33 32 32 32h144v144c0 17.67 14.33 32 32 32h32c17.67 0 32-14.33 32-32V304h144c17.67 0 32-14.33 32-32v-32c0-17.67-14.33-32-32-32z\"><\/path><\/svg><\/span><span class=\"eael-advanced-accordion-icon-opened\"><svg aria-hidden=\"true\" class=\"fa-accordion-icon e-font-icon-svg e-fas-minus\" viewBox=\"0 0 448 512\" xmlns=\"http:\/\/www.w3.org\/2000\/svg\"><path d=\"M416 208H32c-17.67 0-32 14.33-32 32v32c0 17.67 14.33 32 32 32h384c17.67 0 32-14.33 32-32v-32c0-17.67-14.33-32-32-32z\"><\/path><\/svg><\/span><span class=\"eael-accordion-tab-title\">\u00c8 estremo?<\/span><\/div><div id=\"elementor-tab-content-3684\" class=\"eael-accordion-content clearfix\" data-tab=\"4\" aria-labelledby=\"-estremo\"><p>Il parapendio, se affrontato nella giusta maniera, non \u00e8 n\u00e9 pericoloso n\u00e9 estremo. I nostri piloti valutano con la massima attenzione le condizioni meteo a ogni volo e sono dotati dell\u2019esperienza e dell\u2019attrezzatura idonea per farti DIVERTIRE in totale SICUREZZA!<\/p><\/div>\n\t\t\t\t\t<\/div><div class=\"eael-accordion-list\">\n\t\t\t\t\t<div id=\"a-che-et-si-pu-volare\" class=\"elementor-tab-title eael-accordion-header\" tabindex=\"0\" data-tab=\"5\" aria-controls=\"elementor-tab-content-3685\"><span class=\"eael-advanced-accordion-icon-closed\"><svg aria-hidden=\"true\" class=\"fa-accordion-icon e-font-icon-svg e-fas-plus\" viewBox=\"0 0 448 512\" xmlns=\"http:\/\/www.w3.org\/2000\/svg\"><path d=\"M416 208H272V64c0-17.67-14.33-32-32-32h-32c-17.67 0-32 14.33-32 32v144H32c-17.67 0-32 14.33-32 32v32c0 17.67 14.33 32 32 32h144v144c0 17.67 14.33 32 32 32h32c17.67 0 32-14.33 32-32V304h144c17.67 0 32-14.33 32-32v-32c0-17.67-14.33-32-32-32z\"><\/path><\/svg><\/span><span class=\"eael-advanced-accordion-icon-opened\"><svg aria-hidden=\"true\" class=\"fa-accordion-icon e-font-icon-svg e-fas-minus\" viewBox=\"0 0 448 512\" xmlns=\"http:\/\/www.w3.org\/2000\/svg\"><path d=\"M416 208H32c-17.67 0-32 14.33-32 32v32c0 17.67 14.33 32 32 32h384c17.67 0 32-14.33 32-32v-32c0-17.67-14.33-32-32-32z\"><\/path><\/svg><\/span><span class=\"eael-accordion-tab-title\">A che et\u00e0 si pu\u00f2 volare?<\/span><\/div><div id=\"elementor-tab-content-3685\" class=\"eael-accordion-content clearfix\" data-tab=\"5\" aria-labelledby=\"a-che-et-si-pu-volare\"><p>Non vi sono limiti di et\u00e0, il parapendio biposto \u00e8 adatto a tutti, non essendo affatto impegnativo fisicamente. Vi sono invece dei limiti di peso per motivi di sicurezza, minimo 35kg e massimo 90kg per le donne e 100kg per gli uomini. <br \/>In ogni caso, per i minorenni \u00e8 richiesto il consenso dei genitori.<\/p><\/div>\n\t\t\t\t\t<\/div><div class=\"eael-accordion-list\">\n\t\t\t\t\t<div id=\"si-possono-fare-video-o-foto-in-volo\" class=\"elementor-tab-title eael-accordion-header\" tabindex=\"0\" data-tab=\"6\" aria-controls=\"elementor-tab-content-3686\"><span class=\"eael-advanced-accordion-icon-closed\"><svg aria-hidden=\"true\" class=\"fa-accordion-icon e-font-icon-svg e-fas-plus\" viewBox=\"0 0 448 512\" xmlns=\"http:\/\/www.w3.org\/2000\/svg\"><path d=\"M416 208H272V64c0-17.67-14.33-32-32-32h-32c-17.67 0-32 14.33-32 32v144H32c-17.67 0-32 14.33-32 32v32c0 17.67 14.33 32 32 32h144v144c0 17.67 14.33 32 32 32h32c17.67 0 32-14.33 32-32V304h144c17.67 0 32-14.33 32-32v-32c0-17.67-14.33-32-32-32z\"><\/path><\/svg><\/span><span class=\"eael-advanced-accordion-icon-opened\"><svg aria-hidden=\"true\" class=\"fa-accordion-icon e-font-icon-svg e-fas-minus\" viewBox=\"0 0 448 512\" xmlns=\"http:\/\/www.w3.org\/2000\/svg\"><path d=\"M416 208H32c-17.67 0-32 14.33-32 32v32c0 17.67 14.33 32 32 32h384c17.67 0 32-14.33 32-32v-32c0-17.67-14.33-32-32-32z\"><\/path><\/svg><\/span><span class=\"eael-accordion-tab-title\">Si possono fare video o foto in volo?<\/span><\/div><div id=\"elementor-tab-content-3686\" class=\"eael-accordion-content clearfix\" data-tab=\"6\" aria-labelledby=\"si-possono-fare-video-o-foto-in-volo\"><p>Per ovvi motivi, durante il volo \u00e8 vietato utilizzare qualsiasi oggetto che non sia assicurato a s\u00e9 o all\u2019attrezzatura. Pertanto, video e foto sono permessi solo con attrezzatura fotografica adeguatamente assicurata (cordini, laccetti, tracolle). <br \/>I nostri piloti scattano sempre delle magnifiche foto e dei video meravigliosi che riceverai subito dopo il volo.<br \/>Quindi godervi l\u2019attivit\u00e0 e lasciar fare a noi.<\/p><\/div>\n\t\t\t\t\t<\/div><div class=\"eael-accordion-list\">\n\t\t\t\t\t<div id=\"cosa-posso-portare-con-me-durante-il-volo\" class=\"elementor-tab-title eael-accordion-header\" tabindex=\"0\" data-tab=\"7\" aria-controls=\"elementor-tab-content-3687\"><span class=\"eael-advanced-accordion-icon-closed\"><svg aria-hidden=\"true\" class=\"fa-accordion-icon e-font-icon-svg e-fas-plus\" viewBox=\"0 0 448 512\" xmlns=\"http:\/\/www.w3.org\/2000\/svg\"><path d=\"M416 208H272V64c0-17.67-14.33-32-32-32h-32c-17.67 0-32 14.33-32 32v144H32c-17.67 0-32 14.33-32 32v32c0 17.67 14.33 32 32 32h144v144c0 17.67 14.33 32 32 32h32c17.67 0 32-14.33 32-32V304h144c17.67 0 32-14.33 32-32v-32c0-17.67-14.33-32-32-32z\"><\/path><\/svg><\/span><span class=\"eael-advanced-accordion-icon-opened\"><svg aria-hidden=\"true\" class=\"fa-accordion-icon e-font-icon-svg e-fas-minus\" viewBox=\"0 0 448 512\" xmlns=\"http:\/\/www.w3.org\/2000\/svg\"><path d=\"M416 208H32c-17.67 0-32 14.33-32 32v32c0 17.67 14.33 32 32 32h384c17.67 0 32-14.33 32-32v-32c0-17.67-14.33-32-32-32z\"><\/path><\/svg><\/span><span class=\"eael-accordion-tab-title\">Cosa posso portare con me durante il volo?<\/span><\/div><div id=\"elementor-tab-content-3687\" class=\"eael-accordion-content clearfix\" data-tab=\"7\" aria-labelledby=\"cosa-posso-portare-con-me-durante-il-volo\"><p><strong>Non \u00e8 possibile portare in volo oggetti ingombranti quali zaini da trekking o grosse borse<\/strong>, ma \u00e8 consentito stivare in apposite tasche <strong>una piccola borsa, marsupio o zainetto morbido<\/strong> con i vostri effetti personali. Purtroppo, non disponiamo di un deposito bagagli.<\/p><\/div>\n\t\t\t\t\t<\/div><div class=\"eael-accordion-list\">\n\t\t\t\t\t<div id=\"il-passeggero-pu-pilotare\" class=\"elementor-tab-title eael-accordion-header\" tabindex=\"0\" data-tab=\"8\" aria-controls=\"elementor-tab-content-3688\"><span class=\"eael-advanced-accordion-icon-closed\"><svg aria-hidden=\"true\" class=\"fa-accordion-icon e-font-icon-svg e-fas-plus\" viewBox=\"0 0 448 512\" xmlns=\"http:\/\/www.w3.org\/2000\/svg\"><path d=\"M416 208H272V64c0-17.67-14.33-32-32-32h-32c-17.67 0-32 14.33-32 32v144H32c-17.67 0-32 14.33-32 32v32c0 17.67 14.33 32 32 32h144v144c0 17.67 14.33 32 32 32h32c17.67 0 32-14.33 32-32V304h144c17.67 0 32-14.33 32-32v-32c0-17.67-14.33-32-32-32z\"><\/path><\/svg><\/span><span class=\"eael-advanced-accordion-icon-opened\"><svg aria-hidden=\"true\" class=\"fa-accordion-icon e-font-icon-svg e-fas-minus\" viewBox=\"0 0 448 512\" xmlns=\"http:\/\/www.w3.org\/2000\/svg\"><path d=\"M416 208H32c-17.67 0-32 14.33-32 32v32c0 17.67 14.33 32 32 32h384c17.67 0 32-14.33 32-32v-32c0-17.67-14.33-32-32-32z\"><\/path><\/svg><\/span><span class=\"eael-accordion-tab-title\">Il passeggero pu\u00f2 pilotare?<\/span><\/div><div id=\"elementor-tab-content-3688\" class=\"eael-accordion-content clearfix\" data-tab=\"8\" aria-labelledby=\"il-passeggero-pu-pilotare\"><p>Quando le condizioni lo consentono, i nostri istruttori sono felici di fornire le indicazioni adeguate per il pilotaggio di base del parapendio e di farti provare l\u2019emozione di guidare. \u00c8 cos\u00ec semplice che tutti possono farlo!<\/p><\/div>\n\t\t\t\t\t<\/div><div class=\"eael-accordion-list\">\n\t\t\t\t\t<div id=\"che-posizione-hanno-pilota-e-passeggero-durante-il-volo\" class=\"elementor-tab-title eael-accordion-header\" tabindex=\"0\" data-tab=\"9\" aria-controls=\"elementor-tab-content-3689\"><span class=\"eael-advanced-accordion-icon-closed\"><svg aria-hidden=\"true\" class=\"fa-accordion-icon e-font-icon-svg e-fas-plus\" viewBox=\"0 0 448 512\" xmlns=\"http:\/\/www.w3.org\/2000\/svg\"><path d=\"M416 208H272V64c0-17.67-14.33-32-32-32h-32c-17.67 0-32 14.33-32 32v144H32c-17.67 0-32 14.33-32 32v32c0 17.67 14.33 32 32 32h144v144c0 17.67 14.33 32 32 32h32c17.67 0 32-14.33 32-32V304h144c17.67 0 32-14.33 32-32v-32c0-17.67-14.33-32-32-32z\"><\/path><\/svg><\/span><span class=\"eael-advanced-accordion-icon-opened\"><svg aria-hidden=\"true\" class=\"fa-accordion-icon e-font-icon-svg e-fas-minus\" viewBox=\"0 0 448 512\" xmlns=\"http:\/\/www.w3.org\/2000\/svg\"><path d=\"M416 208H32c-17.67 0-32 14.33-32 32v32c0 17.67 14.33 32 32 32h384c17.67 0 32-14.33 32-32v-32c0-17.67-14.33-32-32-32z\"><\/path><\/svg><\/span><span class=\"eael-accordion-tab-title\">Che posizione hanno pilota e passeggero durante il volo?<\/span><\/div><div id=\"elementor-tab-content-3689\" class=\"eael-accordion-content clearfix\" data-tab=\"9\" aria-labelledby=\"che-posizione-hanno-pilota-e-passeggero-durante-il-volo\"><p>Sono entrambi seduti comodamente, dentro i loro imbraghi, pilota dietro e passeggero davanti. In questo modo il passeggero potr\u00e0 godere della vista quasi a 360\u00b0 sul panorama mozzafiato del Lago di Garda. Inoltre, pilota e passeggero sono abbastanza vicini da poter comunicare con facilit\u00e0 per tutta la durata del volo.<\/p><\/div>\n\t\t\t\t\t<\/div><div class=\"eael-accordion-list\">\n\t\t\t\t\t<div id=\"posso-regalare-un-volo\" class=\"elementor-tab-title eael-accordion-header\" tabindex=\"0\" data-tab=\"10\" aria-controls=\"elementor-tab-content-36810\"><span class=\"eael-advanced-accordion-icon-closed\"><svg aria-hidden=\"true\" class=\"fa-accordion-icon e-font-icon-svg e-fas-plus\" viewBox=\"0 0 448 512\" xmlns=\"http:\/\/www.w3.org\/2000\/svg\"><path d=\"M416 208H272V64c0-17.67-14.33-32-32-32h-32c-17.67 0-32 14.33-32 32v144H32c-17.67 0-32 14.33-32 32v32c0 17.67 14.33 32 32 32h144v144c0 17.67 14.33 32 32 32h32c17.67 0 32-14.33 32-32V304h144c17.67 0 32-14.33 32-32v-32c0-17.67-14.33-32-32-32z\"><\/path><\/svg><\/span><span class=\"eael-advanced-accordion-icon-opened\"><svg aria-hidden=\"true\" class=\"fa-accordion-icon e-font-icon-svg e-fas-minus\" viewBox=\"0 0 448 512\" xmlns=\"http:\/\/www.w3.org\/2000\/svg\"><path d=\"M416 208H32c-17.67 0-32 14.33-32 32v32c0 17.67 14.33 32 32 32h384c17.67 0 32-14.33 32-32v-32c0-17.67-14.33-32-32-32z\"><\/path><\/svg><\/span><span class=\"eael-accordion-tab-title\">Posso regalare un volo?<\/span><\/div><div id=\"elementor-tab-content-36810\" class=\"eael-accordion-content clearfix\" data-tab=\"10\" aria-labelledby=\"posso-regalare-un-volo\"><p><strong>Certamente!<\/strong> Un volo biposto in parapendio sar\u00e0 senza dubbio un <strong>regalo apprezzatissimo<\/strong> ed \u00e8 <strong>adatto a chiunque<\/strong>. <a href=\"https:\/\/www.tandemparagliding.eu\/regala-un-volo\/\">Puoi acquistare un voucher cliccando qui<\/a>.<\/p><p>Potrai <strong>personalizzare il voucher<\/strong> con il nome della persona a cui lo vuoi regalare ed un breve messaggio di auguri (facoltativo).<\/p><p>Il fortunato potr\u00e0 poi <strong>prenotare<\/strong>\u00a0la sua esperienza di volo biposto in parapendio quando lo vorr\u00e0 (Compatibilmente con le disponibilit\u00e0 e le condizioni meteo.<\/p><p>Il buono ha validit\u00e0 un anno, \u00e8 nominale e non rimborsabile).<\/p><\/div>\n\t\t\t\t\t<\/div><div class=\"eael-accordion-list\">\n\t\t\t\t\t<div id=\"si-pu-fare-un-volo-acrobatico\" class=\"elementor-tab-title eael-accordion-header\" tabindex=\"0\" data-tab=\"11\" aria-controls=\"elementor-tab-content-36811\"><span class=\"eael-advanced-accordion-icon-closed\"><svg aria-hidden=\"true\" class=\"fa-accordion-icon e-font-icon-svg e-fas-plus\" viewBox=\"0 0 448 512\" xmlns=\"http:\/\/www.w3.org\/2000\/svg\"><path d=\"M416 208H272V64c0-17.67-14.33-32-32-32h-32c-17.67 0-32 14.33-32 32v144H32c-17.67 0-32 14.33-32 32v32c0 17.67 14.33 32 32 32h144v144c0 17.67 14.33 32 32 32h32c17.67 0 32-14.33 32-32V304h144c17.67 0 32-14.33 32-32v-32c0-17.67-14.33-32-32-32z\"><\/path><\/svg><\/span><span class=\"eael-advanced-accordion-icon-opened\"><svg aria-hidden=\"true\" class=\"fa-accordion-icon e-font-icon-svg e-fas-minus\" viewBox=\"0 0 448 512\" xmlns=\"http:\/\/www.w3.org\/2000\/svg\"><path d=\"M416 208H32c-17.67 0-32 14.33-32 32v32c0 17.67 14.33 32 32 32h384c17.67 0 32-14.33 32-32v-32c0-17.67-14.33-32-32-32z\"><\/path><\/svg><\/span><span class=\"eael-accordion-tab-title\">Si pu\u00f2 fare un volo acrobatico?<\/span><\/div><div id=\"elementor-tab-content-36811\" class=\"eael-accordion-content clearfix\" data-tab=\"11\" aria-labelledby=\"si-pu-fare-un-volo-acrobatico\"><p>A richiesta \u00e8 possibile. Il pilota valuter\u00e0 quali manovre eseguire in base alle condizioni aerologiche, di traffico aereo e, non ultime, del passeggero.<\/p><\/div>\n\t\t\t\t\t<\/div><div class=\"eael-accordion-list\">\n\t\t\t\t\t<div id=\"ho-una-disabilit-motoria-posso-volare\" class=\"elementor-tab-title eael-accordion-header\" tabindex=\"0\" data-tab=\"12\" aria-controls=\"elementor-tab-content-36812\"><span class=\"eael-advanced-accordion-icon-closed\"><svg aria-hidden=\"true\" class=\"fa-accordion-icon e-font-icon-svg e-fas-plus\" viewBox=\"0 0 448 512\" xmlns=\"http:\/\/www.w3.org\/2000\/svg\"><path d=\"M416 208H272V64c0-17.67-14.33-32-32-32h-32c-17.67 0-32 14.33-32 32v144H32c-17.67 0-32 14.33-32 32v32c0 17.67 14.33 32 32 32h144v144c0 17.67 14.33 32 32 32h32c17.67 0 32-14.33 32-32V304h144c17.67 0 32-14.33 32-32v-32c0-17.67-14.33-32-32-32z\"><\/path><\/svg><\/span><span class=\"eael-advanced-accordion-icon-opened\"><svg aria-hidden=\"true\" class=\"fa-accordion-icon e-font-icon-svg e-fas-minus\" viewBox=\"0 0 448 512\" xmlns=\"http:\/\/www.w3.org\/2000\/svg\"><path d=\"M416 208H32c-17.67 0-32 14.33-32 32v32c0 17.67 14.33 32 32 32h384c17.67 0 32-14.33 32-32v-32c0-17.67-14.33-32-32-32z\"><\/path><\/svg><\/span><span class=\"eael-accordion-tab-title\">Ho una disabilit\u00e0 motoria, posso volare?<\/span><\/div><div id=\"elementor-tab-content-36812\" class=\"eael-accordion-content clearfix\" data-tab=\"12\" aria-labelledby=\"ho-una-disabilit-motoria-posso-volare\"><p>I casi di disabilit\u00e0 verranno valutati singolarmente per valutarne la fattibilit\u00e0. Due assistenti del nostro team ci aiuteranno nelle le fasi di decollo ed atterraggio. Nel caso tu utilizzi di una sedia o altri ausili per la tua mobilit\u00e0, saranno necessari almeno due accompagnatori, uno che ci accompagni in decollo e riporti la sedia a valle ed uno in atterraggio, idealmente con una seconda sedia o, se non disponibile, che ti possa comunque assistere in attesa del primo accompagnatore.<\/p><\/div>\n\t\t\t\t\t<\/div><div class=\"eael-accordion-list\">\n\t\t\t\t\t<div id=\"i-miei-amici-possono-venire-a-vedermi-volare\" class=\"elementor-tab-title eael-accordion-header\" tabindex=\"0\" data-tab=\"13\" aria-controls=\"elementor-tab-content-36813\"><span class=\"eael-advanced-accordion-icon-closed\"><svg aria-hidden=\"true\" class=\"fa-accordion-icon e-font-icon-svg e-fas-plus\" viewBox=\"0 0 448 512\" xmlns=\"http:\/\/www.w3.org\/2000\/svg\"><path d=\"M416 208H272V64c0-17.67-14.33-32-32-32h-32c-17.67 0-32 14.33-32 32v144H32c-17.67 0-32 14.33-32 32v32c0 17.67 14.33 32 32 32h144v144c0 17.67 14.33 32 32 32h32c17.67 0 32-14.33 32-32V304h144c17.67 0 32-14.33 32-32v-32c0-17.67-14.33-32-32-32z\"><\/path><\/svg><\/span><span class=\"eael-advanced-accordion-icon-opened\"><svg aria-hidden=\"true\" class=\"fa-accordion-icon e-font-icon-svg e-fas-minus\" viewBox=\"0 0 448 512\" xmlns=\"http:\/\/www.w3.org\/2000\/svg\"><path d=\"M416 208H32c-17.67 0-32 14.33-32 32v32c0 17.67 14.33 32 32 32h384c17.67 0 32-14.33 32-32v-32c0-17.67-14.33-32-32-32z\"><\/path><\/svg><\/span><span class=\"eael-accordion-tab-title\">I miei amici possono venire a vedermi volare?<\/span><\/div><div id=\"elementor-tab-content-36813\" class=\"eael-accordion-content clearfix\" data-tab=\"13\" aria-labelledby=\"i-miei-amici-possono-venire-a-vedermi-volare\"><p>Per gli eventuali accompagnatori, <strong>il posto ideale \u00e8 l&#8217;atterraggio<\/strong>.<\/p><p>Infatti, per raggiungere il punto di decollo utilizziamo la Funivia Malcesine-Monte Baldo, che spesso presenta lunghe code, sia per l&#8217;acquisto del biglietto, sia per l&#8217;imbarco in cabina. Solamente i piloti tandem ed i loro passeggeri possono evitare tale attesa, grazie ad uno speciale contratto.<\/p><p>Gli accompagnatori, invece, sarebbero costretti ad attendere in coda non riuscendo a vedere il decollo.<\/p><p>Inoltre, dopo il decollo, sono visibili solo pochi secondi di volo, mentre dall&#8217;atterraggio <strong>si vede buona parte dell&#8217;attivit\u00e0<\/strong>.<\/p><p>Infine, restando in atterraggio, dopo il volo sarete subito di nuovo tutti insieme, rendendo pi\u00f9 semplice la logistica dell&#8217;intero gruppo.<\/p><\/div>\n\t\t\t\t\t<\/div><\/div>\t\t\t\t<\/div>\n\t\t\t\t<\/div>\n\t\t\t\t\t<\/div>\n\t\t\t\t<\/div>\n\t\t\t\t\t<\/div>\n\t\t\t\t<\/div>\n\t\t\t\t<\/div>\n\t\t<div class=\"elementor-element elementor-element-28985da e-flex e-con-boxed e-con e-parent\" data-id=\"28985da\" data-element_type=\"container\" data-e-type=\"container\">\n\t\t\t\t\t<div class=\"e-con-inner\">\n\t\t<div class=\"elementor-element elementor-element-11fe1e5 e-flex e-con-boxed e-con e-child\" data-id=\"11fe1e5\" data-element_type=\"container\" data-e-type=\"container\">\n\t\t\t\t\t<div class=\"e-con-inner\">\n\t\t\t\t<div class=\"elementor-element elementor-element-9e456ab elementor-widget elementor-widget-template\" data-id=\"9e456ab\" data-element_type=\"widget\" data-e-type=\"widget\" data-widget_type=\"template.default\">\n\t\t\t\t<div class=\"elementor-widget-container\">\n\t\t\t\t\t\t\t<div class=\"elementor-template\">\n\t\t\t\t\t<div data-elementor-type=\"container\" data-elementor-id=\"2229\" class=\"elementor elementor-2229\" data-elementor-post-type=\"elementor_library\">\n\t\t\t\t<div class=\"elementor-element elementor-element-5325b931 e-con-full e-flex e-con e-child\" data-id=\"5325b931\" data-element_type=\"container\" data-e-type=\"container\">\n\t\t\t\t<div class=\"elementor-element elementor-element-3e0cfea7 elementor-align-center elementor-widget elementor-widget-button\" data-id=\"3e0cfea7\" data-element_type=\"widget\" data-e-type=\"widget\" data-widget_type=\"button.default\">\n\t\t\t\t<div class=\"elementor-widget-container\">\n\t\t\t\t\t\t\t\t\t<div class=\"elementor-button-wrapper\">\n\t\t\t\t\t<a class=\"elementor-button elementor-button-link elementor-size-lg\" href=\"https:\/\/wa.me\/+393349469757\">\n\t\t\t\t\t\t<span class=\"elementor-button-content-wrapper\">\n\t\t\t\t\t\t\t\t\t<span class=\"elementor-button-text\">Prenota qui<\/span>\n\t\t\t\t\t<\/span>\n\t\t\t\t\t<\/a>\n\t\t\t\t<\/div>\n\t\t\t\t\t\t\t\t<\/div>\n\t\t\t\t<\/div>\n\t\t\t\t<div class=\"elementor-element elementor-element-580c44a4 elementor-align-center elementor-widget elementor-widget-button\" data-id=\"580c44a4\" data-element_type=\"widget\" data-e-type=\"widget\" data-widget_type=\"button.default\">\n\t\t\t\t<div class=\"elementor-widget-container\">\n\t\t\t\t\t\t\t\t\t<div class=\"elementor-button-wrapper\">\n\t\t\t\t\t<a class=\"elementor-button elementor-button-link elementor-size-xl elementor-animation-grow\" href=\"tel:+393349469757\" target=\"_blank\">\n\t\t\t\t\t\t<span class=\"elementor-button-content-wrapper\">\n\t\t\t\t\t\t<span class=\"elementor-button-icon\">\n\t\t\t\t<svg aria-hidden=\"true\" class=\"e-font-icon-svg e-fas-phone-volume\" viewBox=\"0 0 384 512\" xmlns=\"http:\/\/www.w3.org\/2000\/svg\"><path d=\"M97.333 506.966c-129.874-129.874-129.681-340.252 0-469.933 5.698-5.698 14.527-6.632 21.263-2.422l64.817 40.513a17.187 17.187 0 0 1 6.849 20.958l-32.408 81.021a17.188 17.188 0 0 1-17.669 10.719l-55.81-5.58c-21.051 58.261-20.612 122.471 0 179.515l55.811-5.581a17.188 17.188 0 0 1 17.669 10.719l32.408 81.022a17.188 17.188 0 0 1-6.849 20.958l-64.817 40.513a17.19 17.19 0 0 1-21.264-2.422zM247.126 95.473c11.832 20.047 11.832 45.008 0 65.055-3.95 6.693-13.108 7.959-18.718 2.581l-5.975-5.726c-3.911-3.748-4.793-9.622-2.261-14.41a32.063 32.063 0 0 0 0-29.945c-2.533-4.788-1.65-10.662 2.261-14.41l5.975-5.726c5.61-5.378 14.768-4.112 18.718 2.581zm91.787-91.187c60.14 71.604 60.092 175.882 0 247.428-4.474 5.327-12.53 5.746-17.552.933l-5.798-5.557c-4.56-4.371-4.977-11.529-.93-16.379 49.687-59.538 49.646-145.933 0-205.422-4.047-4.85-3.631-12.008.93-16.379l5.798-5.557c5.022-4.813 13.078-4.394 17.552.933zm-45.972 44.941c36.05 46.322 36.108 111.149 0 157.546-4.39 5.641-12.697 6.251-17.856 1.304l-5.818-5.579c-4.4-4.219-4.998-11.095-1.285-15.931 26.536-34.564 26.534-82.572 0-117.134-3.713-4.836-3.115-11.711 1.285-15.931l5.818-5.579c5.159-4.947 13.466-4.337 17.856 1.304z\"><\/path><\/svg>\t\t\t<\/span>\n\t\t\t\t\t\t\t\t\t<span class=\"elementor-button-text\">...o CONTATTACI TELEFONICAMENTE<\/span>\n\t\t\t\t\t<\/span>\n\t\t\t\t\t<\/a>\n\t\t\t\t<\/div>\n\t\t\t\t\t\t\t\t<\/div>\n\t\t\t\t<\/div>\n\t\t\t\t<\/div>\n\t\t\t\t<\/div>\n\t\t\t\t<\/div>\n\t\t\t\t\t\t<\/div>\n\t\t\t\t<\/div>\n\t\t\t\t\t<\/div>\n\t\t\t\t<\/div>\n\t\t\t\t\t<\/div>\n\t\t\t\t<\/div>\n\t\t\t\t<\/div>\n\t\t","protected":false},"excerpt":{"rendered":"<p>F.A.Q. Qui trovi tutte le info per volare in parapendio biposto sul lago di Garda dal Monte Baldo a Macesine Quanto costa un volo e quali servizi sono compresi? Il costo di un volo in parapendio biposto \u00e8 di 210\u20ac (+8\u20ac di commissioni PayPal) e la nostra politica \u00e8 zero soprese. Il prezzo include tutto [&hellip;]<\/p>\n","protected":false},"author":1,"featured_media":4073,"parent":0,"menu_order":0,"comment_status":"closed","ping_status":"closed","template":"elementor_header_footer","meta":{"footnotes":""},"class_list":["post-2226","page","type-page","status-publish","has-post-thumbnail","hentry"],"pp_statuses_selecting_workflow":false,"pp_workflow_action":"current","pp_status_selection":"publish","yoast_head":"<!-- This site is optimized with the Yoast SEO plugin v27.3 - https:\/\/yoast.com\/product\/yoast-seo-wordpress\/ -->\n<title>F.A.Q. - tutte le info per volare in parapendio biposto a Malcesine - Tandem Paragliding Fly2fun - Malcesine - Lake Garda - Gardasee<\/title>\n<meta name=\"description\" content=\"Tandem Paragliding Fly2fun - Malcesine - Lake Garda - Gardasee offre voli turistici in Parapendio Biposto a Malcesine, Lago di Garda.\" \/>\n<meta name=\"robots\" content=\"index, follow, max-snippet:-1, max-image-preview:large, max-video-preview:-1\" \/>\n<link rel=\"canonical\" href=\"https:\/\/www.tandemparagliding.eu\/en\/f-a-q\/\" \/>\n<meta property=\"og:locale\" content=\"en_GB\" \/>\n<meta property=\"og:type\" content=\"article\" \/>\n<meta property=\"og:title\" content=\"F.A.Q. - tutte le info per volare in parapendio biposto a Malcesine - Tandem Paragliding Fly2fun - Malcesine - Lake Garda - Gardasee\" \/>\n<meta property=\"og:description\" content=\"Tandem Paragliding Fly2fun - Malcesine - Lake Garda - Gardasee offre voli turistici in Parapendio Biposto a Malcesine, Lago di Garda.\" \/>\n<meta property=\"og:url\" content=\"https:\/\/www.tandemparagliding.eu\/en\/f-a-q\/\" \/>\n<meta property=\"og:site_name\" content=\"Tandem Paragliding Fly2fun - Malcesine - Lake Garda - Gardasee\" \/>\n<meta property=\"article:publisher\" content=\"https:\/\/www.facebook.com\/fly2funtandemparagliding\" \/>\n<meta property=\"article:modified_time\" content=\"2025-04-29T14:04:16+00:00\" \/>\n<meta property=\"og:image\" content=\"https:\/\/www.tandemparagliding.eu\/wp-content\/uploads\/2024\/07\/Tandem-Paragliding-Fly2fun-Aziende-Parapendio-Biposto-Malcesine-Lago-di-Garda-Lake-Garda-Gardasee.jpg\" \/>\n\t<meta property=\"og:image:width\" content=\"1024\" \/>\n\t<meta property=\"og:image:height\" content=\"1024\" \/>\n\t<meta property=\"og:image:type\" content=\"image\/jpeg\" \/>\n<meta name=\"twitter:card\" content=\"summary_large_image\" \/>\n<meta name=\"twitter:label1\" content=\"Estimated reading time\" \/>\n\t<meta name=\"twitter:data1\" content=\"10 minutes\" \/>\n<script type=\"application\/ld+json\" class=\"yoast-schema-graph\">{\"@context\":\"https:\\\/\\\/schema.org\",\"@graph\":[{\"@type\":\"WebPage\",\"@id\":\"https:\\\/\\\/www.tandemparagliding.eu\\\/f-a-q\\\/\",\"url\":\"https:\\\/\\\/www.tandemparagliding.eu\\\/f-a-q\\\/\",\"name\":\"F.A.Q. - tutte le info per volare in parapendio biposto a Malcesine - Tandem Paragliding Fly2fun - Malcesine - Lake Garda - Gardasee\",\"isPartOf\":{\"@id\":\"https:\\\/\\\/www.tandemparagliding.eu\\\/#website\"},\"primaryImageOfPage\":{\"@id\":\"https:\\\/\\\/www.tandemparagliding.eu\\\/f-a-q\\\/#primaryimage\"},\"image\":{\"@id\":\"https:\\\/\\\/www.tandemparagliding.eu\\\/f-a-q\\\/#primaryimage\"},\"thumbnailUrl\":\"https:\\\/\\\/www.tandemparagliding.eu\\\/wp-content\\\/uploads\\\/2024\\\/07\\\/Tandem-Paragliding-Fly2fun-Aziende-Parapendio-Biposto-Malcesine-Lago-di-Garda-Lake-Garda-Gardasee.jpg\",\"datePublished\":\"2024-03-05T14:03:45+00:00\",\"dateModified\":\"2025-04-29T14:04:16+00:00\",\"description\":\"Tandem Paragliding Fly2fun - Malcesine - Lake Garda - Gardasee offre voli turistici in Parapendio Biposto a Malcesine, Lago di Garda.\",\"breadcrumb\":{\"@id\":\"https:\\\/\\\/www.tandemparagliding.eu\\\/f-a-q\\\/#breadcrumb\"},\"inLanguage\":\"en-GB\",\"potentialAction\":[{\"@type\":\"ReadAction\",\"target\":[\"https:\\\/\\\/www.tandemparagliding.eu\\\/f-a-q\\\/\"]}]},{\"@type\":\"ImageObject\",\"inLanguage\":\"en-GB\",\"@id\":\"https:\\\/\\\/www.tandemparagliding.eu\\\/f-a-q\\\/#primaryimage\",\"url\":\"https:\\\/\\\/www.tandemparagliding.eu\\\/wp-content\\\/uploads\\\/2024\\\/07\\\/Tandem-Paragliding-Fly2fun-Aziende-Parapendio-Biposto-Malcesine-Lago-di-Garda-Lake-Garda-Gardasee.jpg\",\"contentUrl\":\"https:\\\/\\\/www.tandemparagliding.eu\\\/wp-content\\\/uploads\\\/2024\\\/07\\\/Tandem-Paragliding-Fly2fun-Aziende-Parapendio-Biposto-Malcesine-Lago-di-Garda-Lake-Garda-Gardasee.jpg\",\"width\":1024,\"height\":1024,\"caption\":\"Tandem Paragliding Fly2fun Aziende - Parapendio Biposto Malcesine Lago di Garda Lake Garda Gardasee\"},{\"@type\":\"BreadcrumbList\",\"@id\":\"https:\\\/\\\/www.tandemparagliding.eu\\\/f-a-q\\\/#breadcrumb\",\"itemListElement\":[{\"@type\":\"ListItem\",\"position\":1,\"name\":\"Home\",\"item\":\"https:\\\/\\\/www.tandemparagliding.eu\\\/\"},{\"@type\":\"ListItem\",\"position\":2,\"name\":\"F.A.Q. &#8211; tutte le info per volare in parapendio biposto a Malcesine\"}]},{\"@type\":\"WebSite\",\"@id\":\"https:\\\/\\\/www.tandemparagliding.eu\\\/#website\",\"url\":\"https:\\\/\\\/www.tandemparagliding.eu\\\/\",\"name\":\"FLY2FUN Tandem Paragliding\",\"description\":\"Parapendio biposto a Malcesine sul Lago di Garda\",\"publisher\":{\"@id\":\"https:\\\/\\\/www.tandemparagliding.eu\\\/#organization\"},\"potentialAction\":[{\"@type\":\"SearchAction\",\"target\":{\"@type\":\"EntryPoint\",\"urlTemplate\":\"https:\\\/\\\/www.tandemparagliding.eu\\\/?s={search_term_string}\"},\"query-input\":{\"@type\":\"PropertyValueSpecification\",\"valueRequired\":true,\"valueName\":\"search_term_string\"}}],\"inLanguage\":\"en-GB\"},{\"@type\":\"Organization\",\"@id\":\"https:\\\/\\\/www.tandemparagliding.eu\\\/#organization\",\"name\":\"FLY2FUN SSD A.R.L\",\"url\":\"https:\\\/\\\/www.tandemparagliding.eu\\\/\",\"logo\":{\"@type\":\"ImageObject\",\"inLanguage\":\"en-GB\",\"@id\":\"https:\\\/\\\/www.tandemparagliding.eu\\\/#\\\/schema\\\/logo\\\/image\\\/\",\"url\":\"https:\\\/\\\/www.tandemparagliding.eu\\\/wp-content\\\/uploads\\\/2024\\\/03\\\/Fly2fun-logo.svg\",\"contentUrl\":\"https:\\\/\\\/www.tandemparagliding.eu\\\/wp-content\\\/uploads\\\/2024\\\/03\\\/Fly2fun-logo.svg\",\"caption\":\"FLY2FUN SSD A.R.L\"},\"image\":{\"@id\":\"https:\\\/\\\/www.tandemparagliding.eu\\\/#\\\/schema\\\/logo\\\/image\\\/\"},\"sameAs\":[\"https:\\\/\\\/www.facebook.com\\\/fly2funtandemparagliding\",\"https:\\\/\\\/www.instagram.com\\\/fly2fun_tandemparagliding.eu\",\"https:\\\/\\\/www.tripadvisor.it\\\/Attraction_Review-g194807-d4442924-Reviews-Fly_2_Fun-Malcesine_Province_of_Verona_Veneto.html\"]}]}<\/script>\n<!-- \/ Yoast SEO plugin. -->","yoast_head_json":{"title":"F.A.Q. - tutte le info per volare in parapendio biposto a Malcesine - Tandem Paragliding Fly2fun - Malcesine - Lake Garda - Gardasee","description":"Tandem Paragliding Fly2fun - Malcesine - Lake Garda - Gardasee offre voli turistici in Parapendio Biposto a Malcesine, Lago di Garda.","robots":{"index":"index","follow":"follow","max-snippet":"max-snippet:-1","max-image-preview":"max-image-preview:large","max-video-preview":"max-video-preview:-1"},"canonical":"https:\/\/www.tandemparagliding.eu\/en\/f-a-q\/","og_locale":"en_GB","og_type":"article","og_title":"F.A.Q. - tutte le info per volare in parapendio biposto a Malcesine - Tandem Paragliding Fly2fun - Malcesine - Lake Garda - Gardasee","og_description":"Tandem Paragliding Fly2fun - Malcesine - Lake Garda - Gardasee offre voli turistici in Parapendio Biposto a Malcesine, Lago di Garda.","og_url":"https:\/\/www.tandemparagliding.eu\/en\/f-a-q\/","og_site_name":"Tandem Paragliding Fly2fun - Malcesine - Lake Garda - Gardasee","article_publisher":"https:\/\/www.facebook.com\/fly2funtandemparagliding","article_modified_time":"2025-04-29T14:04:16+00:00","og_image":[{"width":1024,"height":1024,"url":"https:\/\/www.tandemparagliding.eu\/wp-content\/uploads\/2024\/07\/Tandem-Paragliding-Fly2fun-Aziende-Parapendio-Biposto-Malcesine-Lago-di-Garda-Lake-Garda-Gardasee.jpg","type":"image\/jpeg"}],"twitter_card":"summary_large_image","twitter_misc":{"Estimated reading time":"10 minutes"},"schema":{"@context":"https:\/\/schema.org","@graph":[{"@type":"WebPage","@id":"https:\/\/www.tandemparagliding.eu\/f-a-q\/","url":"https:\/\/www.tandemparagliding.eu\/f-a-q\/","name":"F.A.Q. - tutte le info per volare in parapendio biposto a Malcesine - Tandem Paragliding Fly2fun - Malcesine - Lake Garda - Gardasee","isPartOf":{"@id":"https:\/\/www.tandemparagliding.eu\/#website"},"primaryImageOfPage":{"@id":"https:\/\/www.tandemparagliding.eu\/f-a-q\/#primaryimage"},"image":{"@id":"https:\/\/www.tandemparagliding.eu\/f-a-q\/#primaryimage"},"thumbnailUrl":"https:\/\/www.tandemparagliding.eu\/wp-content\/uploads\/2024\/07\/Tandem-Paragliding-Fly2fun-Aziende-Parapendio-Biposto-Malcesine-Lago-di-Garda-Lake-Garda-Gardasee.jpg","datePublished":"2024-03-05T14:03:45+00:00","dateModified":"2025-04-29T14:04:16+00:00","description":"Tandem Paragliding Fly2fun - Malcesine - Lake Garda - Gardasee offre voli turistici in Parapendio Biposto a Malcesine, Lago di Garda.","breadcrumb":{"@id":"https:\/\/www.tandemparagliding.eu\/f-a-q\/#breadcrumb"},"inLanguage":"en-GB","potentialAction":[{"@type":"ReadAction","target":["https:\/\/www.tandemparagliding.eu\/f-a-q\/"]}]},{"@type":"ImageObject","inLanguage":"en-GB","@id":"https:\/\/www.tandemparagliding.eu\/f-a-q\/#primaryimage","url":"https:\/\/www.tandemparagliding.eu\/wp-content\/uploads\/2024\/07\/Tandem-Paragliding-Fly2fun-Aziende-Parapendio-Biposto-Malcesine-Lago-di-Garda-Lake-Garda-Gardasee.jpg","contentUrl":"https:\/\/www.tandemparagliding.eu\/wp-content\/uploads\/2024\/07\/Tandem-Paragliding-Fly2fun-Aziende-Parapendio-Biposto-Malcesine-Lago-di-Garda-Lake-Garda-Gardasee.jpg","width":1024,"height":1024,"caption":"Tandem Paragliding Fly2fun Aziende - Parapendio Biposto Malcesine Lago di Garda Lake Garda Gardasee"},{"@type":"BreadcrumbList","@id":"https:\/\/www.tandemparagliding.eu\/f-a-q\/#breadcrumb","itemListElement":[{"@type":"ListItem","position":1,"name":"Home","item":"https:\/\/www.tandemparagliding.eu\/"},{"@type":"ListItem","position":2,"name":"F.A.Q. &#8211; tutte le info per volare in parapendio biposto a Malcesine"}]},{"@type":"WebSite","@id":"https:\/\/www.tandemparagliding.eu\/#website","url":"https:\/\/www.tandemparagliding.eu\/","name":"FLY2FUN Tandem Paragliding","description":"Parapendio biposto a Malcesine sul Lago di Garda","publisher":{"@id":"https:\/\/www.tandemparagliding.eu\/#organization"},"potentialAction":[{"@type":"SearchAction","target":{"@type":"EntryPoint","urlTemplate":"https:\/\/www.tandemparagliding.eu\/?s={search_term_string}"},"query-input":{"@type":"PropertyValueSpecification","valueRequired":true,"valueName":"search_term_string"}}],"inLanguage":"en-GB"},{"@type":"Organization","@id":"https:\/\/www.tandemparagliding.eu\/#organization","name":"FLY2FUN SSD A.R.L","url":"https:\/\/www.tandemparagliding.eu\/","logo":{"@type":"ImageObject","inLanguage":"en-GB","@id":"https:\/\/www.tandemparagliding.eu\/#\/schema\/logo\/image\/","url":"https:\/\/www.tandemparagliding.eu\/wp-content\/uploads\/2024\/03\/Fly2fun-logo.svg","contentUrl":"https:\/\/www.tandemparagliding.eu\/wp-content\/uploads\/2024\/03\/Fly2fun-logo.svg","caption":"FLY2FUN SSD A.R.L"},"image":{"@id":"https:\/\/www.tandemparagliding.eu\/#\/schema\/logo\/image\/"},"sameAs":["https:\/\/www.facebook.com\/fly2funtandemparagliding","https:\/\/www.instagram.com\/fly2fun_tandemparagliding.eu","https:\/\/www.tripadvisor.it\/Attraction_Review-g194807-d4442924-Reviews-Fly_2_Fun-Malcesine_Province_of_Verona_Veneto.html"]}]}},"_links":{"self":[{"href":"https:\/\/www.tandemparagliding.eu\/en\/wp-json\/wp\/v2\/pages\/2226","targetHints":{"allow":["GET"]}}],"collection":[{"href":"https:\/\/www.tandemparagliding.eu\/en\/wp-json\/wp\/v2\/pages"}],"about":[{"href":"https:\/\/www.tandemparagliding.eu\/en\/wp-json\/wp\/v2\/types\/page"}],"author":[{"embeddable":true,"href":"https:\/\/www.tandemparagliding.eu\/en\/wp-json\/wp\/v2\/users\/1"}],"replies":[{"embeddable":true,"href":"https:\/\/www.tandemparagliding.eu\/en\/wp-json\/wp\/v2\/comments?post=2226"}],"version-history":[{"count":68,"href":"https:\/\/www.tandemparagliding.eu\/en\/wp-json\/wp\/v2\/pages\/2226\/revisions"}],"predecessor-version":[{"id":4453,"href":"https:\/\/www.tandemparagliding.eu\/en\/wp-json\/wp\/v2\/pages\/2226\/revisions\/4453"}],"wp:featuredmedia":[{"embeddable":true,"href":"https:\/\/www.tandemparagliding.eu\/en\/wp-json\/wp\/v2\/media\/4073"}],"wp:attachment":[{"href":"https:\/\/www.tandemparagliding.eu\/en\/wp-json\/wp\/v2\/media?parent=2226"}],"curies":[{"name":"wp","href":"https:\/\/api.w.org\/{rel}","templated":true}]}}